{"id":2737,"date":"2021-04-29T16:34:37","date_gmt":"2021-04-29T14:34:37","guid":{"rendered":"https:\/\/digitalgovernance.unipv.it\/?page_id=2737"},"modified":"2021-11-22T17:00:30","modified_gmt":"2021-11-22T16:00:30","slug":"facolta-e-docenti","status":"publish","type":"page","link":"https:\/\/digitalgovernance.unipv.it\/edizione-1\/facolta-e-docenti\/","title":{"rendered":"Facolt\u00e0 e docenti"},"content":{"rendered":"<p>[et_pb_section fb_built=&#8221;1&#8243; admin_label=&#8221;Parte scritta&#8221; _builder_version=&#8221;4.6.0&#8243; _module_preset=&#8221;default&#8221; global_colors_info=&#8221;{}&#8221; theme_builder_area=&#8221;post_content&#8221;][et_pb_row _builder_version=&#8221;4.8.2&#8243; _module_preset=&#8221;default&#8221; width=&#8221;100%&#8221; max_width=&#8221;100%&#8221; custom_padding=&#8221;||30px||false|false&#8221; global_colors_info=&#8221;{}&#8221; theme_builder_area=&#8221;post_content&#8221;][et_pb_column type=&#8221;4_4&#8243; _builder_version=&#8221;4.6.0&#8243; _module_preset=&#8221;default&#8221; global_colors_info=&#8221;{}&#8221; theme_builder_area=&#8221;post_content&#8221;][et_pb_text ul_type=&#8221;none&#8221; ul_item_indent=&#8221;45px&#8221; module_id=&#8221;facolta-docenti&#8221; _builder_version=&#8221;4.12.1&#8243; _module_preset=&#8221;default&#8221; hover_enabled=&#8221;0&#8243; global_colors_info=&#8221;{}&#8221; theme_builder_area=&#8221;post_content&#8221; sticky_enabled=&#8221;0&#8243;]<\/p>\n<p>L\u2019International School in Digital Governance \u00e8 promossa dal Centro Dipartimentale di Studi Giuridici, Storici e Sociali in tema di Ambiente e Gestione del Territorio del Dipartimento di Scienze Politiche e Sociali dell\u2019Universit\u00e0 degli Studi di Pavia, in collaborazione con il Centro Interdipartimentale di Ricerca \u201cOrganizzazione e Governance della Pubblica Amministrazione\u201d dell\u2019Universit\u00e0 di Pavia, il Dipartimento di Medicina Interna e Terapia Medica dell\u2019Ateneo pavese, Fondazione Romagnosi Scuola di Governo Locale e Appleby.<\/p>\n<ul>\n<li class=\"primo\">Direttore del Corso:\n<ul>\n<li><em>Alessandro Venturi<\/em><\/li>\n<\/ul>\n<\/li>\n<li class=\"primo\">Vice-Direttore:\n<ul>\n<li><em>Silvia Figini<\/em><\/li>\n<\/ul>\n<\/li>\n<li class=\"primo\">Coordinatori:\n<ul>\n<li><em>Stefano Regondi<\/em><\/li>\n<li><em>Giuseppe Carlo Ricciardi<\/em><\/li>\n<\/ul>\n<\/li>\n<li class=\"primo\">Comitato Scientifico:\n<ul>\n<li><em>Enrico Bagli, Chiara Bardelli, Giovanni Cordini, Alberto Culatina, Stefano Denicolai, Silvia Figini, Pietro Previtali, Stefano Regondi, Giuseppe Carlo Ricciardi, Alessandro Venturi<\/em><\/li>\n<\/ul>\n<\/li>\n<li class=\"primo\">Guest Experts:\n<ul>\n<li><i>Alberto Culatina, Alessandro Rella, Enrico Bagli, Fabrizio Renzi, Giovanni Ziccardi, Giuliano Tavaroli, Giulio Natale, Manfo Zangmo, Mauro Alovisio, Selene Giupponi<\/i><\/li>\n<\/ul>\n<\/li>\n<li class=\"primo\">Segreteria didattica, organizzativa e scientifica\n<ul>\n<li><em>Sabrina Spaghi<\/em><\/li>\n<li><em>Letizia Reale<\/em><\/li>\n<li><em>Luca Testoni<\/em><\/li>\n<\/ul>\n<\/li>\n<\/ul>\n<p>[\/et_pb_text][et_pb_code _builder_version=&#8221;4.6.1&#8243; _module_preset=&#8221;default&#8221; global_colors_info=&#8221;{}&#8221; theme_builder_area=&#8221;post_content&#8221;]<\/p>\n<style>#facolta-docenti ul li.primo:before{<!-- [et_pb_line_break_holder] -->   content: '\u00bb';<!-- [et_pb_line_break_holder] -->  font-weight: 700;<!-- [et_pb_line_break_holder] -->  padding-right: 10px;<!-- [et_pb_line_break_holder] -->  margin-left: -18px;<!-- [et_pb_line_break_holder] -->}<!-- [et_pb_line_break_holder] --><\/style>\n<p>[\/et_pb_code][\/et_pb_column][\/et_pb_row][\/et_pb_section][et_pb_section fb_built=&#8221;1&#8243; admin_label=&#8221;Immagini&#8221; _builder_version=&#8221;4.6.0&#8243; _module_preset=&#8221;default&#8221; global_colors_info=&#8221;{}&#8221; theme_builder_area=&#8221;post_content&#8221;][et_pb_row admin_label=&#8221;Collegio Docenti&#8221; _builder_version=&#8221;4.8.2&#8243; _module_preset=&#8221;default&#8221; width=&#8221;100%&#8221; max_width=&#8221;100%&#8221; custom_padding=&#8221;||5px||false|false&#8221; collapsed=&#8221;on&#8221; global_colors_info=&#8221;{}&#8221; theme_builder_area=&#8221;post_content&#8221;][et_pb_column type=&#8221;4_4&#8243; _builder_version=&#8221;4.6.1&#8243; _module_preset=&#8221;default&#8221; global_colors_info=&#8221;{}&#8221; theme_builder_area=&#8221;post_content&#8221;][et_pb_text _builder_version=&#8221;4.6.1&#8243; _module_preset=&#8221;default&#8221; global_colors_info=&#8221;{}&#8221; theme_builder_area=&#8221;post_content&#8221;]<\/p>\n<h1>Collegio docenti<\/h1>\n<p>[\/et_pb_text][\/et_pb_column][\/et_pb_row][et_pb_row column_structure=&#8221;1_4,3_4&#8243; admin_label=&#8221;Alessandro Venturi&#8221; _builder_version=&#8221;4.8.2&#8243; _module_preset=&#8221;ffc454fc-4619-41c0-8270-cd6704dad9d7&#8243; collapsed=&#8221;off&#8221; global_colors_info=&#8221;{}&#8221; theme_builder_area=&#8221;post_content&#8221;][et_pb_column type=&#8221;1_4&#8243; _builder_version=&#8221;4.6.0&#8243; _module_preset=&#8221;default&#8221; global_colors_info=&#8221;{}&#8221; theme_builder_area=&#8221;post_content&#8221;][et_pb_image src=&#8221;https:\/\/digitalgovernance.unipv.it\/wp-content\/uploads\/2020\/09\/Alessandro-Venturi.jpg&#8221; title_text=&#8221;Alessandro Venturi&#8221; _builder_version=&#8221;4.6.0&#8243; _module_preset=&#8221;default&#8221; filter_saturate=&#8221;0%&#8221; filter_brightness=&#8221;123%&#8221; filter_sepia=&#8221;20%&#8221; filter_opacity=&#8221;80%&#8221; border_radii=&#8221;on|100%|100%|100%|100%&#8221; global_colors_info=&#8221;{}&#8221; theme_builder_area=&#8221;post_content&#8221;][\/et_pb_image][et_pb_image src=&#8221;https:\/\/digitalgovernance.unipv.it\/wp-content\/uploads\/2020\/08\/LinkedIn.png&#8221; title_text=&#8221;LinkedIn&#8221; url=&#8221;https:\/\/www.linkedin.com\/in\/alessandro-venturi-27062150\/&#8221; url_new_window=&#8221;on&#8221; _builder_version=&#8221;4.8.2&#8243; _module_preset=&#8221;default&#8221; positioning=&#8221;absolute&#8221; width=&#8221;24%&#8221; width_tablet=&#8221;10%&#8221; width_phone=&#8221;17%&#8221; width_last_edited=&#8221;on|phone&#8221; max_width=&#8221;24%&#8221; max_width_tablet=&#8221;10%&#8221; max_width_phone=&#8221;17%&#8221; max_width_last_edited=&#8221;on|tablet&#8221; global_colors_info=&#8221;{}&#8221; theme_builder_area=&#8221;post_content&#8221;][\/et_pb_image][et_pb_image src=&#8221;https:\/\/digitalgovernance.unipv.it\/wp-content\/uploads\/2020\/09\/Unipv-DSPS.png&#8221; title_text=&#8221;Unipv-DSPS&#8221; url=&#8221;https:\/\/scienzepolitiche.unipv.it\/persone\/prof-alessandro-venturi\/&#8221; url_new_window=&#8221;on&#8221; _builder_version=&#8221;4.8.2&#8243; _module_preset=&#8221;a7534102-dc4f-4728-a5d1-e990bb23b9e8&#8243; global_colors_info=&#8221;{}&#8221; theme_builder_area=&#8221;post_content&#8221;][\/et_pb_image][\/et_pb_column][et_pb_column type=&#8221;3_4&#8243; _builder_version=&#8221;4.6.0&#8243; _module_preset=&#8221;default&#8221; global_colors_info=&#8221;{}&#8221; theme_builder_area=&#8221;post_content&#8221;][et_pb_text _builder_version=&#8221;4.6.1&#8243; _module_preset=&#8221;default&#8221; text_font_size=&#8221;18px&#8221; text_orientation=&#8221;justified&#8221; global_colors_info=&#8221;{}&#8221; theme_builder_area=&#8221;post_content&#8221;]<\/p>\n<h1 style=\"display: flex;\">Alessandro Venturi<\/h1>\n<p style=\"text-align: justify;\"><span>Professore di Diritto pubblico comparato &#8211; Universit\u00e0 degli Studi di Pavia<\/span><\/p>\n<p>[\/et_pb_text][et_pb_toggle title=&#8221;Informazioni&#8221; open_toggle_text_color=&#8221;#000000&#8243; closed_toggle_text_color=&#8221;#000000&#8243; _builder_version=&#8221;4.6.1&#8243; _module_preset=&#8221;default&#8221; title_level=&#8221;h1&#8243; title_font_size=&#8221;18px&#8221; body_text_align=&#8221;justify&#8221; background_color=&#8221;rgba(0,0,0,0)&#8221; text_orientation=&#8221;justified&#8221; custom_margin=&#8221;-16px||||false|false&#8221; custom_padding=&#8221;0px|||0px|false|false&#8221; border_width_all=&#8221;0px&#8221; global_colors_info=&#8221;{}&#8221; theme_builder_area=&#8221;post_content&#8221;]<\/p>\n<p>Alessandro Venturi, laureato con lode in Giurisprudenza presso l\u2019Universit\u00e0 di Ferrara, avvocato dal 2005, DPhil in diritto pubblico, \u00e8 professore ordinario di Diritto Amministrativo presso l\u2019Universit\u00e0 di Pavia.<\/p>\n<p>\u00c8 autore di numerose pubblicazioni scientifiche su diritto pubblico generale, diritto amministrativo e diritto pubblico comparato, le ultime riguardanti, in particolare, la questione della regolazione algoritmica, dell\u2019intelligenza artificiale e della relazione tra conoscenza scientifica, diritto e responsabilit\u00e0 pubblica.<\/p>\n<p>[\/et_pb_toggle][\/et_pb_column][\/et_pb_row][et_pb_row column_structure=&#8221;1_4,3_4&#8243; admin_label=&#8221;Silvia Figini&#8221; _builder_version=&#8221;4.8.2&#8243; _module_preset=&#8221;ffc454fc-4619-41c0-8270-cd6704dad9d7&#8243; collapsed=&#8221;off&#8221; global_colors_info=&#8221;{}&#8221; theme_builder_area=&#8221;post_content&#8221;][et_pb_column type=&#8221;1_4&#8243; _builder_version=&#8221;4.6.0&#8243; _module_preset=&#8221;default&#8221; global_colors_info=&#8221;{}&#8221; theme_builder_area=&#8221;post_content&#8221;][et_pb_image src=&#8221;https:\/\/digitalgovernance.unipv.it\/wp-content\/uploads\/2020\/09\/Silvia-Figini.jpg&#8221; title_text=&#8221;Silvia Figini&#8221; _builder_version=&#8221;4.6.0&#8243; _module_preset=&#8221;default&#8221; filter_saturate=&#8221;0%&#8221; filter_brightness=&#8221;123%&#8221; filter_sepia=&#8221;20%&#8221; filter_opacity=&#8221;80%&#8221; border_radii=&#8221;on|100%|100%|100%|100%&#8221; global_colors_info=&#8221;{}&#8221; theme_builder_area=&#8221;post_content&#8221;][\/et_pb_image][et_pb_image src=&#8221;https:\/\/digitalgovernance.unipv.it\/wp-content\/uploads\/2020\/09\/Unipv-DSPS.png&#8221; title_text=&#8221;Unipv-DSPS&#8221; url=&#8221;https:\/\/scienzepolitiche.unipv.it\/persone\/prof-ssa-silvia-figini\/&#8221; url_new_window=&#8221;on&#8221; _builder_version=&#8221;4.8.2&#8243; _module_preset=&#8221;a7534102-dc4f-4728-a5d1-e990bb23b9e8&#8243; global_colors_info=&#8221;{}&#8221; theme_builder_area=&#8221;post_content&#8221;][\/et_pb_image][et_pb_image src=&#8221;https:\/\/digitalgovernance.unipv.it\/wp-content\/uploads\/2020\/08\/LinkedIn.png&#8221; title_text=&#8221;LinkedIn&#8221; url=&#8221;https:\/\/www.linkedin.com\/in\/silvia-figini-1454b34\/&#8221; url_new_window=&#8221;on&#8221; _builder_version=&#8221;4.8.2&#8243; _module_preset=&#8221;default&#8221; positioning=&#8221;absolute&#8221; width=&#8221;24%&#8221; width_tablet=&#8221;10%&#8221; width_phone=&#8221;17%&#8221; width_last_edited=&#8221;on|phone&#8221; max_width=&#8221;24%&#8221; max_width_tablet=&#8221;10%&#8221; max_width_phone=&#8221;17%&#8221; max_width_last_edited=&#8221;on|tablet&#8221; global_colors_info=&#8221;{}&#8221; theme_builder_area=&#8221;post_content&#8221;][\/et_pb_image][\/et_pb_column][et_pb_column type=&#8221;3_4&#8243; _builder_version=&#8221;4.6.0&#8243; _module_preset=&#8221;default&#8221; global_colors_info=&#8221;{}&#8221; theme_builder_area=&#8221;post_content&#8221;][et_pb_text _builder_version=&#8221;4.6.5&#8243; _module_preset=&#8221;default&#8221; text_font_size=&#8221;18px&#8221; text_orientation=&#8221;justified&#8221; global_colors_info=&#8221;{}&#8221; theme_builder_area=&#8221;post_content&#8221;]<\/p>\n<h1 style=\"display: flex;\">Silvia Figini<\/h1>\n<p><span>Professoressa di Statistica &#8211; Universit\u00e0 degli Studi di Pavia<\/span><\/p>\n<p>[\/et_pb_text][et_pb_toggle title=&#8221;Informazioni&#8221; open_toggle_text_color=&#8221;#000000&#8243; closed_toggle_text_color=&#8221;#000000&#8243; _builder_version=&#8221;4.6.1&#8243; _module_preset=&#8221;default&#8221; title_level=&#8221;h1&#8243; title_font_size=&#8221;18px&#8221; body_text_align=&#8221;justify&#8221; background_color=&#8221;rgba(0,0,0,0)&#8221; text_orientation=&#8221;justified&#8221; custom_margin=&#8221;-16px||||false|false&#8221; custom_padding=&#8221;0px|||0px|false|false&#8221; border_width_all=&#8221;0px&#8221; global_colors_info=&#8221;{}&#8221; theme_builder_area=&#8221;post_content&#8221;]<\/p>\n<p>2018 \u2013 Professoressa presso l&#8217;Universit\u00e0 degli Studi di Pavia<br \/> Vice coordinator PhD in Computational Mathematics and Decision Sciences (http:\/\/compmat.unipv.it\/)<br \/> Coordinator of the BioData Science research center IRCCS Mondino.<br \/> Scientific Coordinator of RIDS (RES Institute for data science)<\/p>\n<p>[\/et_pb_toggle][\/et_pb_column][\/et_pb_row][et_pb_row column_structure=&#8221;1_4,3_4&#8243; admin_label=&#8221;Stefano Regondi&#8221; _builder_version=&#8221;4.8.2&#8243; _module_preset=&#8221;ffc454fc-4619-41c0-8270-cd6704dad9d7&#8243; locked=&#8221;off&#8221; collapsed=&#8221;off&#8221; global_colors_info=&#8221;{}&#8221; theme_builder_area=&#8221;post_content&#8221;][et_pb_column type=&#8221;1_4&#8243; _builder_version=&#8221;4.6.0&#8243; _module_preset=&#8221;default&#8221; global_colors_info=&#8221;{}&#8221; theme_builder_area=&#8221;post_content&#8221;][et_pb_image src=&#8221;https:\/\/digitalgovernance.unipv.it\/wp-content\/uploads\/2020\/09\/Stefano-Regondi.jpg&#8221; title_text=&#8221;Stefano Regondi&#8221; _builder_version=&#8221;4.6.0&#8243; _module_preset=&#8221;default&#8221; filter_saturate=&#8221;0%&#8221; filter_brightness=&#8221;123%&#8221; filter_sepia=&#8221;20%&#8221; filter_opacity=&#8221;80%&#8221; border_radii=&#8221;on|100%|100%|100%|100%&#8221; global_colors_info=&#8221;{}&#8221; theme_builder_area=&#8221;post_content&#8221;][\/et_pb_image][et_pb_image src=&#8221;https:\/\/digitalgovernance.unipv.it\/wp-content\/uploads\/2020\/08\/LinkedIn.png&#8221; title_text=&#8221;LinkedIn&#8221; url=&#8221;https:\/\/www.linkedin.com\/in\/stefano-regondi-3811b84b\/&#8221; url_new_window=&#8221;on&#8221; _builder_version=&#8221;4.6.0&#8243; _module_preset=&#8221;default&#8221; positioning=&#8221;absolute&#8221; width=&#8221;24%&#8221; width_tablet=&#8221;10%&#8221; width_phone=&#8221;17%&#8221; width_last_edited=&#8221;on|phone&#8221; max_width=&#8221;24%&#8221; max_width_tablet=&#8221;10%&#8221; max_width_phone=&#8221;17%&#8221; max_width_last_edited=&#8221;on|tablet&#8221; global_colors_info=&#8221;{}&#8221; theme_builder_area=&#8221;post_content&#8221;][\/et_pb_image][\/et_pb_column][et_pb_column type=&#8221;3_4&#8243; _builder_version=&#8221;4.6.0&#8243; _module_preset=&#8221;default&#8221; global_colors_info=&#8221;{}&#8221; theme_builder_area=&#8221;post_content&#8221;][et_pb_text _builder_version=&#8221;4.10.7&#8243; _module_preset=&#8221;default&#8221; text_font_size=&#8221;18px&#8221; text_orientation=&#8221;justified&#8221; global_colors_info=&#8221;{}&#8221; theme_builder_area=&#8221;post_content&#8221;]<\/p>\n<h1 style=\"display: flex;\">Stefano Regondi<\/h1>\n<p>Direttore generale Centri clinici NeMO<\/p>\n<p>Direttore generale, Consigliere delegato Nemo Lab Srl<\/p>\n<p>[\/et_pb_text][et_pb_toggle title=&#8221;Informazioni&#8221; open_toggle_text_color=&#8221;#000000&#8243; closed_toggle_text_color=&#8221;#000000&#8243; _builder_version=&#8221;4.6.0&#8243; _module_preset=&#8221;default&#8221; title_level=&#8221;h1&#8243; title_font_size=&#8221;18px&#8221; body_text_align=&#8221;justify&#8221; background_color=&#8221;rgba(0,0,0,0)&#8221; text_orientation=&#8221;justified&#8221; custom_margin=&#8221;-16px||||false|false&#8221; custom_padding=&#8221;0px|||0px|false|false&#8221; border_width_all=&#8221;0px&#8221; global_colors_info=&#8221;{}&#8221; theme_builder_area=&#8221;post_content&#8221;][\/et_pb_toggle][\/et_pb_column][\/et_pb_row][et_pb_row column_structure=&#8221;1_4,3_4&#8243; admin_label=&#8221;Giuseppe Carlo Ricciardi&#8221; _builder_version=&#8221;4.8.2&#8243; _module_preset=&#8221;ffc454fc-4619-41c0-8270-cd6704dad9d7&#8243; locked=&#8221;off&#8221; collapsed=&#8221;off&#8221; global_colors_info=&#8221;{}&#8221; theme_builder_area=&#8221;post_content&#8221;][et_pb_column type=&#8221;1_4&#8243; _builder_version=&#8221;4.6.0&#8243; _module_preset=&#8221;default&#8221; global_colors_info=&#8221;{}&#8221; theme_builder_area=&#8221;post_content&#8221;][et_pb_image src=&#8221;https:\/\/digitalgovernance.unipv.it\/wp-content\/uploads\/2020\/09\/Giuseppe-Carlo-Ricciardi.jpg&#8221; title_text=&#8221;Giuseppe Carlo Ricciardi&#8221; _builder_version=&#8221;4.8.2&#8243; _module_preset=&#8221;1163a2f1-0c5d-4046-88ef-b99178833a99&#8243; global_colors_info=&#8221;{}&#8221; theme_builder_area=&#8221;post_content&#8221;][\/et_pb_image][et_pb_image src=&#8221;https:\/\/digitalgovernance.unipv.it\/wp-content\/uploads\/2020\/08\/LinkedIn.png&#8221; title_text=&#8221;LinkedIn&#8221; url=&#8221;https:\/\/www.linkedin.com\/in\/giuseppe-carlo-ricciardi-b203871b8\/&#8221; url_new_window=&#8221;on&#8221; _builder_version=&#8221;4.6.6&#8243; _module_preset=&#8221;default&#8221; positioning=&#8221;absolute&#8221; width=&#8221;24%&#8221; width_tablet=&#8221;10%&#8221; width_phone=&#8221;17%&#8221; width_last_edited=&#8221;on|phone&#8221; max_width=&#8221;24%&#8221; max_width_tablet=&#8221;10%&#8221; max_width_phone=&#8221;17%&#8221; max_width_last_edited=&#8221;on|tablet&#8221; global_colors_info=&#8221;{}&#8221; theme_builder_area=&#8221;post_content&#8221;][\/et_pb_image][et_pb_image src=&#8221;https:\/\/digitalgovernance.unipv.it\/wp-content\/uploads\/2020\/09\/Unipv-DSPS.png&#8221; title_text=&#8221;Unipv-DSPS&#8221; url=&#8221;https:\/\/scienzepolitiche.unipv.it\/persone\/prof-giuseppe-carlo-ricciardi\/&#8221; url_new_window=&#8221;on&#8221; _builder_version=&#8221;4.8.2&#8243; _module_preset=&#8221;a7534102-dc4f-4728-a5d1-e990bb23b9e8&#8243; global_colors_info=&#8221;{}&#8221; theme_builder_area=&#8221;post_content&#8221;][\/et_pb_image][\/et_pb_column][et_pb_column type=&#8221;3_4&#8243; _builder_version=&#8221;4.6.0&#8243; _module_preset=&#8221;default&#8221; global_colors_info=&#8221;{}&#8221; theme_builder_area=&#8221;post_content&#8221;][et_pb_text _builder_version=&#8221;4.6.5&#8243; _module_preset=&#8221;default&#8221; text_font_size=&#8221;18px&#8221; header_text_align_tablet=&#8221;&#8221; header_text_align_phone=&#8221;left&#8221; header_text_align_last_edited=&#8221;on|phone&#8221; text_orientation_phone=&#8221;left&#8221; text_orientation_last_edited=&#8221;off|desktop&#8221; global_colors_info=&#8221;{}&#8221; theme_builder_area=&#8221;post_content&#8221;]<\/p>\n<h1 style=\"display: flex;\">Giuseppe Carlo Ricciardi<\/h1>\n<p style=\"text-align: justify;\"><span>Professore a contratto di Diritto amministrativo &#8211; Universit\u00e0 degli Studi di Pavia<\/span><\/p>\n<p>[\/et_pb_text][et_pb_toggle title=&#8221;Informazioni&#8221; open_toggle_text_color=&#8221;#000000&#8243; closed_toggle_text_color=&#8221;#000000&#8243; _builder_version=&#8221;4.6.0&#8243; _module_preset=&#8221;default&#8221; title_level=&#8221;h1&#8243; title_font_size=&#8221;18px&#8221; body_text_align=&#8221;justify&#8221; background_color=&#8221;rgba(0,0,0,0)&#8221; text_orientation=&#8221;justified&#8221; custom_margin=&#8221;-16px||||false|false&#8221; custom_padding=&#8221;0px|||0px|false|false&#8221; border_width_all=&#8221;0px&#8221; global_colors_info=&#8221;{}&#8221; theme_builder_area=&#8221;post_content&#8221;]<\/p>\n<p>Si laurea con lode in Giurisprudenza presso l\u2019Universit\u00e0 di Pavia con una tesi in Diritto amministrativo insignita del Premio Sinforiani 2012. Nell\u2019anno successivo vince una borsa di studio presso la Giunta regionale della Lombardia (staff del Direttore Centrale P.I.eF.).<\/p>\n<p>\u00c8 stato visiting researcher presso l\u2019Institut de Management Public et Gouvernance Territoriale (IMPGT) dell\u2019Aix-Marseille Universit\u00e9. Avvocato in Pavia e consulente di amministrazioni ed Enti di ricerca, \u00e8 docente in Master universitari e Corsi specialistici destinati a dipendenti dell\u2019amministrazione. \u00c8 stato ricercatore a contratto di Diritto regionale e degli Enti locali per il Dipartimento di Scienze Politiche e Sociali (DSPS) dell\u2019Universit\u00e0 di Pavia, nel quale dall\u2019autunno 2018 svolge attivit\u00e0 di ricerca post-dottorale in Diritto amministrativo.<\/p>\n<p>[\/et_pb_toggle][\/et_pb_column][\/et_pb_row][et_pb_row column_structure=&#8221;1_4,3_4&#8243; admin_label=&#8221;Alberto Culatina&#8221; _builder_version=&#8221;4.8.2&#8243; _module_preset=&#8221;ffc454fc-4619-41c0-8270-cd6704dad9d7&#8243; collapsed=&#8221;off&#8221; global_colors_info=&#8221;{}&#8221; theme_builder_area=&#8221;post_content&#8221;][et_pb_column type=&#8221;1_4&#8243; _builder_version=&#8221;4.6.0&#8243; _module_preset=&#8221;default&#8221; global_colors_info=&#8221;{}&#8221; theme_builder_area=&#8221;post_content&#8221;][et_pb_image src=&#8221;https:\/\/digitalgovernance.unipv.it\/wp-content\/uploads\/2020\/08\/culatina200-T.jpg&#8221; title_text=&#8221;culatina200-T&#8221; _builder_version=&#8221;4.6.0&#8243; _module_preset=&#8221;default&#8221; filter_saturate=&#8221;0%&#8221; filter_brightness=&#8221;123%&#8221; filter_sepia=&#8221;20%&#8221; filter_opacity=&#8221;80%&#8221; border_radii=&#8221;on|50px|50px|50px|50px&#8221; global_colors_info=&#8221;{}&#8221; theme_builder_area=&#8221;post_content&#8221;][\/et_pb_image][et_pb_image src=&#8221;https:\/\/digitalgovernance.unipv.it\/wp-content\/uploads\/2020\/08\/LinkedIn.png&#8221; title_text=&#8221;LinkedIn&#8221; url=&#8221;https:\/\/it.linkedin.com\/in\/alberto-culatina-9110411b1&#8243; url_new_window=&#8221;on&#8221; _builder_version=&#8221;4.6.0&#8243; _module_preset=&#8221;default&#8221; positioning=&#8221;absolute&#8221; width=&#8221;24%&#8221; width_tablet=&#8221;10%&#8221; width_phone=&#8221;17%&#8221; width_last_edited=&#8221;on|phone&#8221; max_width=&#8221;24%&#8221; max_width_tablet=&#8221;10%&#8221; max_width_phone=&#8221;17%&#8221; max_width_last_edited=&#8221;on|tablet&#8221; global_colors_info=&#8221;{}&#8221; theme_builder_area=&#8221;post_content&#8221;][\/et_pb_image][\/et_pb_column][et_pb_column type=&#8221;3_4&#8243; _builder_version=&#8221;4.6.0&#8243; _module_preset=&#8221;default&#8221; global_colors_info=&#8221;{}&#8221; theme_builder_area=&#8221;post_content&#8221;][et_pb_text _builder_version=&#8221;4.6.1&#8243; _module_preset=&#8221;default&#8221; text_font_size=&#8221;18px&#8221; text_orientation=&#8221;justified&#8221; global_colors_info=&#8221;{}&#8221; theme_builder_area=&#8221;post_content&#8221;]<\/p>\n<h1 style=\"display: flex;\">Alberto Culatina<\/h1>\n<p><span style=\"font-size: 18px;\"><span>Professore a contratto di Informatica &#8211; Universit\u00e0 degli Studi di Pavia<\/span><\/span><\/p>\n<p><span style=\"font-size: 18px;\">CEO Appleby Srl<\/span><\/p>\n<p>[\/et_pb_text][et_pb_toggle title=&#8221;Informazioni&#8221; open_toggle_text_color=&#8221;#000000&#8243; closed_toggle_text_color=&#8221;#000000&#8243; _builder_version=&#8221;4.6.1&#8243; _module_preset=&#8221;default&#8221; title_level=&#8221;h1&#8243; title_font_size=&#8221;18px&#8221; body_text_align=&#8221;justify&#8221; background_color=&#8221;rgba(0,0,0,0)&#8221; text_orientation=&#8221;justified&#8221; custom_margin=&#8221;-16px||||false|false&#8221; custom_padding=&#8221;0px|||0px|false|false&#8221; border_width_all=&#8221;0px&#8221; global_colors_info=&#8221;{}&#8221; theme_builder_area=&#8221;post_content&#8221;]<\/p>\n<p style=\"text-align: justify;\">Docente a contratto al Dipartimento di Medicina Interna e Terapia Medica all\u2019Universit\u00e0 di Pavia, attualmente \u00e8 Amministratore di Appleby Srl, societ\u00e0 di consulenza digitale specializzata nello sviluppo di piattaforme e-learning, siti web e servizi di cloud e networking con sede a Milano (e Pavia)<\/p>\n<p>[\/et_pb_toggle][\/et_pb_column][\/et_pb_row][et_pb_row column_structure=&#8221;1_4,3_4&#8243; admin_label=&#8221;Pietro Previtali&#8221; _builder_version=&#8221;4.8.2&#8243; _module_preset=&#8221;ffc454fc-4619-41c0-8270-cd6704dad9d7&#8243; collapsed=&#8221;on&#8221; global_colors_info=&#8221;{}&#8221; theme_builder_area=&#8221;post_content&#8221;][et_pb_column type=&#8221;1_4&#8243; _builder_version=&#8221;4.6.0&#8243; _module_preset=&#8221;default&#8221; global_colors_info=&#8221;{}&#8221; theme_builder_area=&#8221;post_content&#8221;][et_pb_image src=&#8221;https:\/\/digitalgovernance.unipv.it\/wp-content\/uploads\/2020\/09\/Pietro-Previtali.jpg&#8221; title_text=&#8221;Pietro Previtali&#8221; _builder_version=&#8221;4.6.0&#8243; _module_preset=&#8221;default&#8221; filter_saturate=&#8221;0%&#8221; filter_brightness=&#8221;123%&#8221; filter_sepia=&#8221;20%&#8221; filter_opacity=&#8221;80%&#8221; border_radii=&#8221;on|100%|100%|100%|100%&#8221; global_colors_info=&#8221;{}&#8221; theme_builder_area=&#8221;post_content&#8221;][\/et_pb_image][et_pb_image src=&#8221;https:\/\/digitalgovernance.unipv.it\/wp-content\/uploads\/2020\/08\/LinkedIn.png&#8221; title_text=&#8221;LinkedIn&#8221; url=&#8221;https:\/\/www.linkedin.com\/in\/pietro-previtali-8b8b6180\/&#8221; url_new_window=&#8221;on&#8221; _builder_version=&#8221;4.6.0&#8243; _module_preset=&#8221;default&#8221; positioning=&#8221;absolute&#8221; width=&#8221;24%&#8221; width_tablet=&#8221;10%&#8221; width_phone=&#8221;17%&#8221; width_last_edited=&#8221;on|phone&#8221; max_width=&#8221;24%&#8221; max_width_tablet=&#8221;10%&#8221; max_width_phone=&#8221;17%&#8221; max_width_last_edited=&#8221;on|tablet&#8221; global_colors_info=&#8221;{}&#8221; theme_builder_area=&#8221;post_content&#8221;][\/et_pb_image][\/et_pb_column][et_pb_column type=&#8221;3_4&#8243; _builder_version=&#8221;4.6.0&#8243; _module_preset=&#8221;default&#8221; global_colors_info=&#8221;{}&#8221; theme_builder_area=&#8221;post_content&#8221;][et_pb_text _builder_version=&#8221;4.6.1&#8243; _module_preset=&#8221;default&#8221; text_font_size=&#8221;18px&#8221; text_orientation=&#8221;justified&#8221; global_colors_info=&#8221;{}&#8221; theme_builder_area=&#8221;post_content&#8221;]<\/p>\n<h1 style=\"display: flex;\">Pietro Previtali<\/h1>\n<p>Professore di Organizzazione aziendale &#8211;\u00a0<span>Universit\u00e0 degli Studi di Pavia<\/span><\/p>\n<p>Prorettore all&#8217;Organizzazione, Risorse umane ed edilizia<\/p>\n<p>[\/et_pb_text][et_pb_toggle title=&#8221;Informazioni&#8221; open_toggle_text_color=&#8221;#000000&#8243; closed_toggle_text_color=&#8221;#000000&#8243; _builder_version=&#8221;4.6.0&#8243; _module_preset=&#8221;default&#8221; title_level=&#8221;h1&#8243; title_font_size=&#8221;18px&#8221; body_text_align=&#8221;justify&#8221; background_color=&#8221;rgba(0,0,0,0)&#8221; text_orientation=&#8221;justified&#8221; custom_margin=&#8221;-16px||||false|false&#8221; custom_padding=&#8221;0px|||0px|false|false&#8221; border_width_all=&#8221;0px&#8221; global_colors_info=&#8221;{}&#8221; theme_builder_area=&#8221;post_content&#8221;]<\/p>\n<p>Pietro Previtali \u00e8 Professore Ordinario di Organizzazione Aziendale presso il Dipartimento di Scienze Economiche e Aziendali dell&#8217;Universit\u00e0 di Pavia. Ha conseguito il titolo di PhD presso l\u2019Universit\u00e0 Bocconi e di Master in Contabilit\u00e0, Bilancio e controllo presso l\u2019Universit\u00e0 di Pavia. \u00c8 Prorettore all\u2019Organizzazione, Risorse umane ed Edilizia.<br \/>\u00c8 fondatore e presidente del Centro di Ricerca Interdipartimentale per l\u2019organizzazione e la governance della PA costituito dal Dipartimento di Scienze economiche ed aziendali e dal Dipartimento di Scienze politiche e sociali dell\u2019Universit\u00e0 di Pavia.<br \/>\u00c8 Direttore scientifico dell\u2019Executive Master in Management strategico e Leadership delle Organizzazioni Sanitarie. \u00c8 membro del comitato scientifico della Fondazione Romagnosi, scuola di governo locale istituita da Comune e Provincia di Pavia e Universit\u00e0 degli Studi di Pavia. \u00c8 Presidente della Commissione patrimonio della Fondazione Cariplo<\/p>\n<p>[\/et_pb_toggle][\/et_pb_column][\/et_pb_row][et_pb_row column_structure=&#8221;1_4,3_4&#8243; admin_label=&#8221;Chiara Bardelli&#8221; _builder_version=&#8221;4.8.2&#8243; _module_preset=&#8221;ffc454fc-4619-41c0-8270-cd6704dad9d7&#8243; collapsed=&#8221;off&#8221; global_colors_info=&#8221;{}&#8221; theme_builder_area=&#8221;post_content&#8221;][et_pb_column type=&#8221;1_4&#8243; _builder_version=&#8221;4.6.0&#8243; _module_preset=&#8221;default&#8221; global_colors_info=&#8221;{}&#8221; theme_builder_area=&#8221;post_content&#8221;][et_pb_image src=&#8221;https:\/\/digitalgovernance.unipv.it\/wp-content\/uploads\/2020\/09\/Unipv-DSPS.png&#8221; title_text=&#8221;Unipv-DSPS&#8221; url=&#8221;https:\/\/matematica.unipv.it\/elenco\/chiara-bardelli\/&#8221; url_new_window=&#8221;on&#8221; _builder_version=&#8221;4.8.2&#8243; _module_preset=&#8221;a7534102-dc4f-4728-a5d1-e990bb23b9e8&#8243; z_index=&#8221;1&#8243; global_colors_info=&#8221;{}&#8221; theme_builder_area=&#8221;post_content&#8221;][\/et_pb_image][et_pb_image src=&#8221;https:\/\/digitalgovernance.unipv.it\/wp-content\/uploads\/2021\/07\/Chiara-Bardelli.jpg&#8221; title_text=&#8221;Chiara Bardelli&#8221; _builder_version=&#8221;4.8.2&#8243; _module_preset=&#8221;default&#8221; filter_saturate=&#8221;0%&#8221; filter_brightness=&#8221;123%&#8221; filter_sepia=&#8221;20%&#8221; filter_opacity=&#8221;80%&#8221; border_radii=&#8221;on|100%|100%|100%|100%&#8221; global_colors_info=&#8221;{}&#8221; theme_builder_area=&#8221;post_content&#8221;][\/et_pb_image][et_pb_image src=&#8221;https:\/\/digitalgovernance.unipv.it\/wp-content\/uploads\/2020\/08\/LinkedIn.png&#8221; title_text=&#8221;LinkedIn&#8221; url=&#8221;https:\/\/www.linkedin.com\/in\/chiarabardellicb\/?originalSubdomain=it&#8221; url_new_window=&#8221;on&#8221; _builder_version=&#8221;4.8.2&#8243; _module_preset=&#8221;default&#8221; positioning=&#8221;absolute&#8221; width=&#8221;24%&#8221; width_tablet=&#8221;10%&#8221; width_phone=&#8221;17%&#8221; width_last_edited=&#8221;on|phone&#8221; max_width=&#8221;24%&#8221; max_width_tablet=&#8221;10%&#8221; max_width_phone=&#8221;17%&#8221; max_width_last_edited=&#8221;on|tablet&#8221; global_colors_info=&#8221;{}&#8221; theme_builder_area=&#8221;post_content&#8221;][\/et_pb_image][\/et_pb_column][et_pb_column type=&#8221;3_4&#8243; _builder_version=&#8221;4.6.0&#8243; _module_preset=&#8221;default&#8221; global_colors_info=&#8221;{}&#8221; theme_builder_area=&#8221;post_content&#8221;][et_pb_text _builder_version=&#8221;4.8.2&#8243; _module_preset=&#8221;default&#8221; text_font_size=&#8221;18px&#8221; text_orientation=&#8221;justified&#8221; global_colors_info=&#8221;{}&#8221; theme_builder_area=&#8221;post_content&#8221;]<\/p>\n<h1 style=\"display: flex;\">Chiara Bardelli<\/h1>\n<p><span>PHD Student presso Universit\u00e0 degli Studi di Pavia<\/span><\/p>\n<p>[\/et_pb_text][et_pb_toggle title=&#8221;Informazioni&#8221; open_toggle_text_color=&#8221;#000000&#8243; closed_toggle_text_color=&#8221;#000000&#8243; _builder_version=&#8221;4.8.2&#8243; _module_preset=&#8221;default&#8221; title_level=&#8221;h1&#8243; title_font_size=&#8221;18px&#8221; body_text_align=&#8221;justify&#8221; background_color=&#8221;rgba(0,0,0,0)&#8221; text_orientation=&#8221;justified&#8221; custom_margin=&#8221;-16px||||false|false&#8221; custom_padding=&#8221;0px|||0px|false|false&#8221; border_width_all=&#8221;0px&#8221; global_colors_info=&#8221;{}&#8221; theme_builder_area=&#8221;post_content&#8221;]<\/p>\n<p>Attualmente Dottoranda di ricerca in Computational Mathematics and Decision Sciences (Universit\u00e0 degli Studi di Pavia) e collaboratrice della Cattedra di Statistica Economica c\/o il Dipartimento di Scienze Politiche e Sociali.<\/p>\n<p>Laureatasi in Ingegneria Matematica nel 2016 presso il Politecnico di Milano, dopo aver lavorato per anni nel mondo della consulenza decide di riavvicinarsi al mondo accademico iscrivendosi all&#8217;innovativo dottorato interdisciplinare dell&#8217;Universit\u00e0 di Pavia in &#8220;Computational mathematics and decision sciences&#8221;. Durante gli anni di dottorato ha lavorato su diversi progetti di ricerca in ambito statistico e di machine learning, in collaborazione sia con enti privati che pubblici, accumulando una invidiabile esperienza sui temi dell&#8217;International School in Digital Governance.<\/p>\n<p>[\/et_pb_toggle][\/et_pb_column][\/et_pb_row][et_pb_row column_structure=&#8221;1_4,3_4&#8243; admin_label=&#8221;Giovanni Ziccardi&#8221; _builder_version=&#8221;4.8.2&#8243; _module_preset=&#8221;ffc454fc-4619-41c0-8270-cd6704dad9d7&#8243; collapsed=&#8221;on&#8221; global_colors_info=&#8221;{}&#8221; theme_builder_area=&#8221;post_content&#8221;][et_pb_column type=&#8221;1_4&#8243; _builder_version=&#8221;4.6.0&#8243; _module_preset=&#8221;default&#8221; global_colors_info=&#8221;{}&#8221; theme_builder_area=&#8221;post_content&#8221;][et_pb_image src=&#8221;https:\/\/digitalgovernance.unipv.it\/wp-content\/uploads\/2020\/10\/Giovanni-Ziccardi.jpg&#8221; title_text=&#8221;Giovanni Ziccardi&#8221; _builder_version=&#8221;4.6.5&#8243; _module_preset=&#8221;default&#8221; filter_saturate=&#8221;0%&#8221; filter_brightness=&#8221;123%&#8221; filter_sepia=&#8221;20%&#8221; filter_opacity=&#8221;80%&#8221; border_radii=&#8221;on|100%|100%|100%|100%&#8221; global_colors_info=&#8221;{}&#8221; theme_builder_area=&#8221;post_content&#8221;][\/et_pb_image][et_pb_image src=&#8221;https:\/\/digitalgovernance.unipv.it\/wp-content\/uploads\/2020\/08\/LinkedIn.png&#8221; title_text=&#8221;LinkedIn&#8221; url=&#8221;https:\/\/www.linkedin.com\/in\/giovanni-ziccardi-8a05471\/&#8221; url_new_window=&#8221;on&#8221; _builder_version=&#8221;4.6.5&#8243; _module_preset=&#8221;default&#8221; positioning=&#8221;absolute&#8221; width=&#8221;24%&#8221; width_tablet=&#8221;10%&#8221; width_phone=&#8221;17%&#8221; width_last_edited=&#8221;on|phone&#8221; max_width=&#8221;24%&#8221; max_width_tablet=&#8221;10%&#8221; max_width_phone=&#8221;17%&#8221; max_width_last_edited=&#8221;on|tablet&#8221; global_colors_info=&#8221;{}&#8221; theme_builder_area=&#8221;post_content&#8221;][\/et_pb_image][\/et_pb_column][et_pb_column type=&#8221;3_4&#8243; _builder_version=&#8221;4.6.0&#8243; _module_preset=&#8221;default&#8221; global_colors_info=&#8221;{}&#8221; theme_builder_area=&#8221;post_content&#8221;][et_pb_text _builder_version=&#8221;4.6.5&#8243; _module_preset=&#8221;default&#8221; text_font_size=&#8221;18px&#8221; text_orientation=&#8221;justified&#8221; global_colors_info=&#8221;{}&#8221; theme_builder_area=&#8221;post_content&#8221;]<\/p>\n<h1 style=\"display: flex;\">Giovanni Ziccardi<\/h1>\n<p>Professore di Informatica Giuridica &#8211; Universit\u00e0 degli Studi di Milano<\/p>\n<p>[\/et_pb_text][et_pb_toggle title=&#8221;Informazioni&#8221; open_toggle_text_color=&#8221;#000000&#8243; closed_toggle_text_color=&#8221;#000000&#8243; _builder_version=&#8221;4.6.5&#8243; _module_preset=&#8221;default&#8221; title_level=&#8221;h1&#8243; title_font_size=&#8221;18px&#8221; body_text_align=&#8221;justify&#8221; background_color=&#8221;rgba(0,0,0,0)&#8221; text_orientation=&#8221;justified&#8221; custom_margin=&#8221;-16px||||false|false&#8221; custom_padding=&#8221;0px|||0px|false|false&#8221; border_width_all=&#8221;0px&#8221; global_colors_info=&#8221;{}&#8221; theme_builder_area=&#8221;post_content&#8221;]<\/p>\n<p>Coordinatore Corso Di Perfezionamento<br \/> Coding for Lawyers e Legal Tech. Programmazione per giuristi, intelligenza artificiale e blockchain per il professionista legale del futuro (9ZS)<\/p>\n<p>Coordinatore Corso Di Perfezionamento<br \/> Criminalit\u00e0 Informatica e Investigazioni Digitali &#8211; La digital forensics sulle infedelt\u00e0 del coniuge, del dipendente, dei professionisti e sulle frodi nelle piattaforme digitali (7ZQ)<\/p>\n<p>&nbsp;<\/p>\n<p>[\/et_pb_toggle][\/et_pb_column][\/et_pb_row][et_pb_row column_structure=&#8221;1_4,3_4&#8243; admin_label=&#8221;Mauro Alovisio&#8221; _builder_version=&#8221;4.8.2&#8243; _module_preset=&#8221;ffc454fc-4619-41c0-8270-cd6704dad9d7&#8243; locked=&#8221;off&#8221; collapsed=&#8221;on&#8221; global_colors_info=&#8221;{}&#8221; theme_builder_area=&#8221;post_content&#8221;][et_pb_column type=&#8221;1_4&#8243; _builder_version=&#8221;4.6.0&#8243; _module_preset=&#8221;default&#8221; global_colors_info=&#8221;{}&#8221; theme_builder_area=&#8221;post_content&#8221;][et_pb_image src=&#8221;https:\/\/digitalgovernance.unipv.it\/wp-content\/uploads\/2021\/07\/Mauro-Alovisio.jpeg&#8221; title_text=&#8221;Mauro Alovisio&#8221; _builder_version=&#8221;4.8.2&#8243; _module_preset=&#8221;default&#8221; filter_saturate=&#8221;0%&#8221; filter_brightness=&#8221;123%&#8221; filter_sepia=&#8221;20%&#8221; filter_opacity=&#8221;80%&#8221; border_radii=&#8221;on|100px|100px|100px|100px&#8221; global_colors_info=&#8221;{}&#8221; theme_builder_area=&#8221;post_content&#8221;][\/et_pb_image][et_pb_image src=&#8221;https:\/\/digitalgovernance.unipv.it\/wp-content\/uploads\/2020\/08\/LinkedIn.png&#8221; title_text=&#8221;LinkedIn&#8221; url=&#8221;https:\/\/it.linkedin.com\/in\/mauro-alovisio-b315117&#8243; url_new_window=&#8221;on&#8221; _builder_version=&#8221;4.8.2&#8243; _module_preset=&#8221;default&#8221; positioning=&#8221;absolute&#8221; width=&#8221;24%&#8221; width_tablet=&#8221;10%&#8221; width_phone=&#8221;17%&#8221; width_last_edited=&#8221;on|phone&#8221; max_width=&#8221;24%&#8221; max_width_tablet=&#8221;10%&#8221; max_width_phone=&#8221;17%&#8221; max_width_last_edited=&#8221;on|tablet&#8221; global_colors_info=&#8221;{}&#8221; theme_builder_area=&#8221;post_content&#8221;][\/et_pb_image][\/et_pb_column][et_pb_column type=&#8221;3_4&#8243; _builder_version=&#8221;4.6.0&#8243; _module_preset=&#8221;default&#8221; global_colors_info=&#8221;{}&#8221; theme_builder_area=&#8221;post_content&#8221;][et_pb_text _builder_version=&#8221;4.8.2&#8243; _module_preset=&#8221;default&#8221; text_font_size=&#8221;18px&#8221; text_orientation=&#8221;justified&#8221; global_colors_info=&#8221;{}&#8221; theme_builder_area=&#8221;post_content&#8221;]<\/p>\n<h1 style=\"display: flex;\">Mauro Alovisio<\/h1>\n<p>Avvocato presso Universit\u00e0 degli Studi di Torino<\/p>\n<p>[\/et_pb_text][et_pb_toggle title=&#8221;Informazioni&#8221; open_toggle_text_color=&#8221;#000000&#8243; closed_toggle_text_color=&#8221;#000000&#8243; _builder_version=&#8221;4.8.2&#8243; _module_preset=&#8221;default&#8221; title_level=&#8221;h1&#8243; title_font_size=&#8221;18px&#8221; body_text_align=&#8221;justify&#8221; background_color=&#8221;rgba(0,0,0,0)&#8221; text_orientation=&#8221;justified&#8221; custom_margin=&#8221;-16px||||false|false&#8221; custom_padding=&#8221;0px|||0px|false|false&#8221; border_width_all=&#8221;0px&#8221; global_colors_info=&#8221;{}&#8221; theme_builder_area=&#8221;post_content&#8221;]<\/p>\n<p style=\"text-align: justify;\">Coordinatore del corso di perfezionamento in materia di GDPR dell&#8217;Universit\u00e0 degli Studi di Torino, si occupa del diritto delle nuove tecnologie; formatore; \u00e8 autore di molteplici pubblicazioni in materia di GDPR videocontrollo e imprese.<\/p>\n<p>[\/et_pb_toggle][\/et_pb_column][\/et_pb_row][et_pb_row column_structure=&#8221;1_4,3_4&#8243; admin_label=&#8221;Fabrizio Renzi&#8221; _builder_version=&#8221;4.8.2&#8243; _module_preset=&#8221;ffc454fc-4619-41c0-8270-cd6704dad9d7&#8243; collapsed=&#8221;on&#8221; global_colors_info=&#8221;{}&#8221; theme_builder_area=&#8221;post_content&#8221;][et_pb_column type=&#8221;1_4&#8243; _builder_version=&#8221;4.6.0&#8243; _module_preset=&#8221;default&#8221; global_colors_info=&#8221;{}&#8221; theme_builder_area=&#8221;post_content&#8221;][et_pb_image src=&#8221;https:\/\/digitalgovernance.unipv.it\/wp-content\/uploads\/2020\/09\/Fabrizio-Renzi.jpg&#8221; title_text=&#8221;Fabrizio Renzi&#8221; _builder_version=&#8221;4.6.0&#8243; _module_preset=&#8221;default&#8221; filter_saturate=&#8221;0%&#8221; filter_brightness=&#8221;123%&#8221; filter_sepia=&#8221;20%&#8221; filter_opacity=&#8221;80%&#8221; border_radii=&#8221;on|100%|100%|100%|100%&#8221; global_colors_info=&#8221;{}&#8221; theme_builder_area=&#8221;post_content&#8221;][\/et_pb_image][et_pb_image src=&#8221;https:\/\/digitalgovernance.unipv.it\/wp-content\/uploads\/2020\/08\/LinkedIn.png&#8221; title_text=&#8221;LinkedIn&#8221; url=&#8221;https:\/\/www.linkedin.com\/in\/fabriziorenzi\/&#8221; url_new_window=&#8221;on&#8221; _builder_version=&#8221;4.6.0&#8243; _module_preset=&#8221;default&#8221; positioning=&#8221;absolute&#8221; width=&#8221;24%&#8221; width_tablet=&#8221;10%&#8221; width_phone=&#8221;17%&#8221; width_last_edited=&#8221;on|phone&#8221; max_width=&#8221;24%&#8221; max_width_tablet=&#8221;10%&#8221; max_width_phone=&#8221;17%&#8221; max_width_last_edited=&#8221;on|tablet&#8221; global_colors_info=&#8221;{}&#8221; theme_builder_area=&#8221;post_content&#8221;][\/et_pb_image][\/et_pb_column][et_pb_column type=&#8221;3_4&#8243; _builder_version=&#8221;4.6.0&#8243; _module_preset=&#8221;default&#8221; global_colors_info=&#8221;{}&#8221; theme_builder_area=&#8221;post_content&#8221;][et_pb_text _builder_version=&#8221;4.6.1&#8243; _module_preset=&#8221;default&#8221; text_font_size=&#8221;18px&#8221; text_orientation=&#8221;justified&#8221; global_colors_info=&#8221;{}&#8221; theme_builder_area=&#8221;post_content&#8221;]<\/p>\n<h1 style=\"display: flex;\">Fabrizio Renzi<\/h1>\n<p>Per 30 anni: IBM Director of Tech&amp;Innovation<\/p>\n<p>2020 CEO rnbgate rnb4culture rnb4africa, VPStrategy Bio4Dreams, Angel Investor<\/p>\n<p>[\/et_pb_text][et_pb_toggle title=&#8221;Informazioni&#8221; open_toggle_text_color=&#8221;#000000&#8243; closed_toggle_text_color=&#8221;#000000&#8243; _builder_version=&#8221;4.6.0&#8243; _module_preset=&#8221;default&#8221; title_level=&#8221;h1&#8243; title_font_size=&#8221;18px&#8221; body_text_align=&#8221;justify&#8221; background_color=&#8221;rgba(0,0,0,0)&#8221; text_orientation=&#8221;justified&#8221; custom_margin=&#8221;-16px||||false|false&#8221; custom_padding=&#8221;0px|||0px|false|false&#8221; border_width_all=&#8221;0px&#8221; global_colors_info=&#8221;{}&#8221; theme_builder_area=&#8221;post_content&#8221;]<\/p>\n<p style=\"text-align: justify;\">Negli ultimi 30 anni ha guidato tutte le attivit\u00e0 di IBM nel settore Research, Innovation &amp; Technology per Italia, Europa centro-orientale, Medio Oriente e Africa. Attualmente \u00e8 presidente e CEO di rnbgate e rnb4culture e Presidente di rnb4africa. Il suo gruppo di aziende ha come focus le opportunit\u00e0 delle tecnologie emergenti (A.I. Big data, blockchain, quantum computing, edge computing) e le potenziali applicazioni in svariati settori (health, education, entertainment). \u00c8 membro del comitato di ricerca di Confindustria, del Consiglio di Innovazione della Fondazione Universit\u00e0 Ca&#8217; Foscari, del Consiglio di Amministrazione dell\u2019ISSNAF (Italian Scientists and Scholars in North America Foundation), e membro distinguished dell\u2019AAIIC (Associazione degli Accademici italiani in Cina)<\/p>\n<p>[\/et_pb_toggle][\/et_pb_column][\/et_pb_row][et_pb_row column_structure=&#8221;1_4,3_4&#8243; admin_label=&#8221;Manfo Zangmo&#8221; _builder_version=&#8221;4.8.2&#8243; _module_preset=&#8221;ffc454fc-4619-41c0-8270-cd6704dad9d7&#8243; collapsed=&#8221;on&#8221; global_colors_info=&#8221;{}&#8221; theme_builder_area=&#8221;post_content&#8221;][et_pb_column type=&#8221;1_4&#8243; _builder_version=&#8221;4.6.0&#8243; _module_preset=&#8221;default&#8221; global_colors_info=&#8221;{}&#8221; theme_builder_area=&#8221;post_content&#8221;][et_pb_image src=&#8221;https:\/\/digitalgovernance.unipv.it\/wp-content\/uploads\/2020\/09\/Manfo-Zangmo.jpg&#8221; title_text=&#8221;Manfo Zangmo&#8221; _builder_version=&#8221;4.6.0&#8243; _module_preset=&#8221;default&#8221; filter_saturate=&#8221;0%&#8221; filter_brightness=&#8221;123%&#8221; filter_sepia=&#8221;20%&#8221; filter_opacity=&#8221;80%&#8221; border_radii=&#8221;on|100%|100%|100%|100%&#8221; global_colors_info=&#8221;{}&#8221; theme_builder_area=&#8221;post_content&#8221;][\/et_pb_image][et_pb_image src=&#8221;https:\/\/digitalgovernance.unipv.it\/wp-content\/uploads\/2020\/08\/LinkedIn.png&#8221; title_text=&#8221;LinkedIn&#8221; url=&#8221;https:\/\/www.linkedin.com\/in\/manfo-mathurin\/&#8221; url_new_window=&#8221;on&#8221; _builder_version=&#8221;4.6.0&#8243; _module_preset=&#8221;default&#8221; positioning=&#8221;absolute&#8221; width=&#8221;24%&#8221; width_tablet=&#8221;10%&#8221; width_phone=&#8221;17%&#8221; width_last_edited=&#8221;on|phone&#8221; max_width=&#8221;24%&#8221; max_width_tablet=&#8221;10%&#8221; max_width_phone=&#8221;17%&#8221; max_width_last_edited=&#8221;on|tablet&#8221; global_colors_info=&#8221;{}&#8221; theme_builder_area=&#8221;post_content&#8221;][\/et_pb_image][\/et_pb_column][et_pb_column type=&#8221;3_4&#8243; _builder_version=&#8221;4.6.0&#8243; _module_preset=&#8221;default&#8221; global_colors_info=&#8221;{}&#8221; theme_builder_area=&#8221;post_content&#8221;][et_pb_text _builder_version=&#8221;4.6.0&#8243; _module_preset=&#8221;default&#8221; text_font_size=&#8221;18px&#8221; text_orientation=&#8221;justified&#8221; global_colors_info=&#8221;{}&#8221; theme_builder_area=&#8221;post_content&#8221;]<\/p>\n<h1 style=\"display: flex;\">Manfo Zagmo<\/h1>\n<p>CEO presso RnB4Africa<\/p>\n<p>[\/et_pb_text][et_pb_toggle title=&#8221;Informazioni&#8221; open_toggle_text_color=&#8221;#000000&#8243; closed_toggle_text_color=&#8221;#000000&#8243; _builder_version=&#8221;4.6.0&#8243; _module_preset=&#8221;default&#8221; title_level=&#8221;h1&#8243; title_font_size=&#8221;18px&#8221; body_text_align=&#8221;justify&#8221; background_color=&#8221;rgba(0,0,0,0)&#8221; text_orientation=&#8221;justified&#8221; custom_margin=&#8221;-16px||||false|false&#8221; custom_padding=&#8221;0px|||0px|false|false&#8221; border_width_all=&#8221;0px&#8221; global_colors_info=&#8221;{}&#8221; theme_builder_area=&#8221;post_content&#8221;]<\/p>\n<p style=\"text-align: justify;\">Founder di RnB4Africa, societ\u00e0 di consulenza specializza nelle tecnologie emergenti operante nell\u2019Africa subsahariana. Inoltre \u00e8 CEO e Co-funder di Sabang, societ\u00e0 di consulenza internazionale specializzata nella fornitura di competenze strategiche, tra le altre, in Change Management &amp; Innovation e Leadership Development<\/p>\n<p>[\/et_pb_toggle][\/et_pb_column][\/et_pb_row][et_pb_row column_structure=&#8221;1_4,3_4&#8243; admin_label=&#8221;Giuliano Tavaroli&#8221; _builder_version=&#8221;4.8.2&#8243; _module_preset=&#8221;ffc454fc-4619-41c0-8270-cd6704dad9d7&#8243; collapsed=&#8221;on&#8221; global_colors_info=&#8221;{}&#8221; theme_builder_area=&#8221;post_content&#8221;][et_pb_column type=&#8221;1_4&#8243; _builder_version=&#8221;4.6.0&#8243; _module_preset=&#8221;default&#8221; global_colors_info=&#8221;{}&#8221; theme_builder_area=&#8221;post_content&#8221;][et_pb_image src=&#8221;https:\/\/digitalgovernance.unipv.it\/wp-content\/uploads\/2020\/09\/Giuliano-Tavaroli.jpg&#8221; title_text=&#8221;Giuliano Tavaroli&#8221; _builder_version=&#8221;4.6.0&#8243; _module_preset=&#8221;default&#8221; filter_saturate=&#8221;0%&#8221; filter_brightness=&#8221;123%&#8221; filter_sepia=&#8221;20%&#8221; filter_opacity=&#8221;80%&#8221; border_radii=&#8221;on|100%|100%|100%|100%&#8221; global_colors_info=&#8221;{}&#8221; theme_builder_area=&#8221;post_content&#8221;][\/et_pb_image][et_pb_image src=&#8221;https:\/\/digitalgovernance.unipv.it\/wp-content\/uploads\/2020\/08\/LinkedIn.png&#8221; title_text=&#8221;LinkedIn&#8221; url=&#8221;https:\/\/www.linkedin.com\/in\/giuliano-tavaroli-8a047b1\/&#8221; url_new_window=&#8221;on&#8221; _builder_version=&#8221;4.6.0&#8243; _module_preset=&#8221;default&#8221; positioning=&#8221;absolute&#8221; width=&#8221;24%&#8221; width_tablet=&#8221;10%&#8221; width_phone=&#8221;17%&#8221; width_last_edited=&#8221;on|phone&#8221; max_width=&#8221;24%&#8221; max_width_tablet=&#8221;10%&#8221; max_width_phone=&#8221;17%&#8221; max_width_last_edited=&#8221;on|tablet&#8221; global_colors_info=&#8221;{}&#8221; theme_builder_area=&#8221;post_content&#8221;][\/et_pb_image][\/et_pb_column][et_pb_column type=&#8221;3_4&#8243; _builder_version=&#8221;4.6.0&#8243; _module_preset=&#8221;default&#8221; global_colors_info=&#8221;{}&#8221; theme_builder_area=&#8221;post_content&#8221;][et_pb_text _builder_version=&#8221;4.6.5&#8243; _module_preset=&#8221;default&#8221; text_font_size=&#8221;18px&#8221; text_orientation=&#8221;justified&#8221; global_colors_info=&#8221;{}&#8221; theme_builder_area=&#8221;post_content&#8221;]<\/p>\n<h1 style=\"display: flex;\">Giuliano Tavaroli<\/h1>\n<p>Strategist and consultant on the crossroad from risks, intelligence, technology and power<\/p>\n<p>[\/et_pb_text][et_pb_toggle title=&#8221;Informazioni&#8221; open_toggle_text_color=&#8221;#000000&#8243; closed_toggle_text_color=&#8221;#000000&#8243; _builder_version=&#8221;4.6.0&#8243; _module_preset=&#8221;default&#8221; title_level=&#8221;h1&#8243; title_font_size=&#8221;18px&#8221; body_text_align=&#8221;justify&#8221; background_color=&#8221;rgba(0,0,0,0)&#8221; text_orientation=&#8221;justified&#8221; custom_margin=&#8221;-16px||||false|false&#8221; custom_padding=&#8221;0px|||0px|false|false&#8221; border_width_all=&#8221;0px&#8221; global_colors_info=&#8221;{}&#8221; theme_builder_area=&#8221;post_content&#8221;]<\/p>\n<p style=\"text-align: justify;\">Gi\u00e0 Direttore della Security di Pirelli e del Gruppo Telecom Italia, attualmente \u00e8 consulente strategico specializzato in technology scouting, innovation, start up strategy, international relationship and risk management presso Strategic Risk Consulting<\/p>\n<p>[\/et_pb_toggle][\/et_pb_column][\/et_pb_row][et_pb_row column_structure=&#8221;1_4,3_4&#8243; admin_label=&#8221;Enrico Bagli&#8221; _builder_version=&#8221;4.8.2&#8243; _module_preset=&#8221;ffc454fc-4619-41c0-8270-cd6704dad9d7&#8243; collapsed=&#8221;on&#8221; global_colors_info=&#8221;{}&#8221; theme_builder_area=&#8221;post_content&#8221;][et_pb_column type=&#8221;1_4&#8243; _builder_version=&#8221;4.6.0&#8243; _module_preset=&#8221;default&#8221; global_colors_info=&#8221;{}&#8221; theme_builder_area=&#8221;post_content&#8221;][et_pb_image src=&#8221;https:\/\/digitalgovernance.unipv.it\/wp-content\/uploads\/2020\/09\/Enrico-Bagli.jpg&#8221; title_text=&#8221;Enrico Bagli&#8221; _builder_version=&#8221;4.6.0&#8243; _module_preset=&#8221;default&#8221; filter_saturate=&#8221;0%&#8221; filter_brightness=&#8221;123%&#8221; filter_sepia=&#8221;20%&#8221; filter_opacity=&#8221;80%&#8221; border_radii=&#8221;on|100%|100%|100%|100%&#8221; global_colors_info=&#8221;{}&#8221; theme_builder_area=&#8221;post_content&#8221;][\/et_pb_image][et_pb_image src=&#8221;https:\/\/digitalgovernance.unipv.it\/wp-content\/uploads\/2020\/08\/LinkedIn.png&#8221; title_text=&#8221;LinkedIn&#8221; url=&#8221;https:\/\/www.linkedin.com\/in\/enrico-bagli\/&#8221; url_new_window=&#8221;on&#8221; _builder_version=&#8221;4.6.0&#8243; _module_preset=&#8221;default&#8221; positioning=&#8221;absolute&#8221; width=&#8221;24%&#8221; width_tablet=&#8221;10%&#8221; width_phone=&#8221;17%&#8221; width_last_edited=&#8221;on|phone&#8221; max_width=&#8221;24%&#8221; max_width_tablet=&#8221;10%&#8221; max_width_phone=&#8221;17%&#8221; max_width_last_edited=&#8221;on|tablet&#8221; global_colors_info=&#8221;{}&#8221; theme_builder_area=&#8221;post_content&#8221;][\/et_pb_image][\/et_pb_column][et_pb_column type=&#8221;3_4&#8243; _builder_version=&#8221;4.6.0&#8243; _module_preset=&#8221;default&#8221; global_colors_info=&#8221;{}&#8221; theme_builder_area=&#8221;post_content&#8221;][et_pb_text _builder_version=&#8221;4.6.0&#8243; _module_preset=&#8221;default&#8221; text_font_size=&#8221;18px&#8221; text_orientation=&#8221;justified&#8221; global_colors_info=&#8221;{}&#8221; theme_builder_area=&#8221;post_content&#8221;]<\/p>\n<h1 style=\"display: flex;\">Enrico Bagli<\/h1>\n<p>Senior Data Scientist, PhD<\/p>\n<p>[\/et_pb_text][et_pb_toggle title=&#8221;Informazioni&#8221; open_toggle_text_color=&#8221;#000000&#8243; closed_toggle_text_color=&#8221;#000000&#8243; _builder_version=&#8221;4.6.0&#8243; _module_preset=&#8221;default&#8221; title_level=&#8221;h1&#8243; title_font_size=&#8221;18px&#8221; body_text_align=&#8221;justify&#8221; background_color=&#8221;rgba(0,0,0,0)&#8221; text_orientation=&#8221;justified&#8221; custom_margin=&#8221;-16px||||false|false&#8221; custom_padding=&#8221;0px|||0px|false|false&#8221; border_width_all=&#8221;0px&#8221; global_colors_info=&#8221;{}&#8221; theme_builder_area=&#8221;post_content&#8221;]<\/p>\n<p style=\"text-align: justify;\">Data Scientist specializzato in progetti relativi allo sviluppo di modelli di machine learning per il credit scoring presso CRIF S.p.A, azienda globale specializzata in sistemi di informazioni creditizie e di business information, operante in quattro continenti<\/p>\n<p>[\/et_pb_toggle][\/et_pb_column][\/et_pb_row][et_pb_row column_structure=&#8221;1_4,3_4&#8243; admin_label=&#8221;Giuglio Natale&#8221; _builder_version=&#8221;4.8.2&#8243; _module_preset=&#8221;ffc454fc-4619-41c0-8270-cd6704dad9d7&#8243; collapsed=&#8221;on&#8221; global_colors_info=&#8221;{}&#8221; theme_builder_area=&#8221;post_content&#8221;][et_pb_column type=&#8221;1_4&#8243; _builder_version=&#8221;4.6.0&#8243; _module_preset=&#8221;default&#8221; global_colors_info=&#8221;{}&#8221; theme_builder_area=&#8221;post_content&#8221;][et_pb_image src=&#8221;https:\/\/digitalgovernance.unipv.it\/wp-content\/uploads\/2020\/10\/IMG-20201012-WA0002.jpg&#8221; title_text=&#8221;IMG-20201012-WA0002&#8243; _builder_version=&#8221;4.6.5&#8243; _module_preset=&#8221;default&#8221; filter_saturate=&#8221;0%&#8221; filter_brightness=&#8221;123%&#8221; filter_sepia=&#8221;20%&#8221; filter_opacity=&#8221;80%&#8221; border_radii=&#8221;on|100%|100%|100%|100%&#8221; global_colors_info=&#8221;{}&#8221; theme_builder_area=&#8221;post_content&#8221;][\/et_pb_image][et_pb_image src=&#8221;https:\/\/digitalgovernance.unipv.it\/wp-content\/uploads\/2020\/08\/LinkedIn.png&#8221; title_text=&#8221;LinkedIn&#8221; url=&#8221;https:\/\/www.linkedin.com\/in\/giulio-n-b4596b143\/&#8221; url_new_window=&#8221;on&#8221; _builder_version=&#8221;4.6.0&#8243; _module_preset=&#8221;default&#8221; positioning=&#8221;absolute&#8221; width=&#8221;24%&#8221; width_tablet=&#8221;10%&#8221; width_phone=&#8221;17%&#8221; width_last_edited=&#8221;on|phone&#8221; max_width=&#8221;24%&#8221; max_width_tablet=&#8221;10%&#8221; max_width_phone=&#8221;17%&#8221; max_width_last_edited=&#8221;on|tablet&#8221; global_colors_info=&#8221;{}&#8221; theme_builder_area=&#8221;post_content&#8221;][\/et_pb_image][\/et_pb_column][et_pb_column type=&#8221;3_4&#8243; _builder_version=&#8221;4.6.0&#8243; _module_preset=&#8221;default&#8221; global_colors_info=&#8221;{}&#8221; theme_builder_area=&#8221;post_content&#8221;][et_pb_text _builder_version=&#8221;4.12.1&#8243; _module_preset=&#8221;default&#8221; text_font_size=&#8221;18px&#8221; text_orientation=&#8221;justified&#8221; global_colors_info=&#8221;{}&#8221; theme_builder_area=&#8221;post_content&#8221;]<\/p>\n<h1 style=\"display: flex;\">Giulio Natale<\/h1>\n<p>Product Data Analytics, Adverity, AT<\/p>\n<p>[\/et_pb_text][et_pb_toggle title=&#8221;Informazioni&#8221; open_toggle_text_color=&#8221;#000000&#8243; closed_toggle_text_color=&#8221;#000000&#8243; _builder_version=&#8221;4.6.0&#8243; _module_preset=&#8221;default&#8221; title_level=&#8221;h1&#8243; title_font_size=&#8221;18px&#8221; body_text_align=&#8221;justify&#8221; background_color=&#8221;rgba(0,0,0,0)&#8221; text_orientation=&#8221;justified&#8221; custom_margin=&#8221;-16px||||false|false&#8221; custom_padding=&#8221;0px|||0px|false|false&#8221; border_width_all=&#8221;0px&#8221; global_colors_info=&#8221;{}&#8221; theme_builder_area=&#8221;post_content&#8221;]<\/p>\n<p style=\"text-align: justify;\">Attualmente impiegato in IBM Slovakia, come consulente specializzato in big data e analisi cognitiva per diversi mercati, ha lavorato a lungo con i relativi Chief Operating Officer e Senior Vice President di IBM. Vincitore dell\u2019IMB Slovacchia Hackathon 2019, su uno strumento di allerta preventiva basato sui big data per avvisare i dirigenti senior IBM su questioni di gestione del rischio. Tra gli stakeholder per cui ha lavorato, spiccano Mediaset, Sky, Google e Facebook. Ha partecipato agli studi di preparazione per il Libro Bianco sui Contenuti che sar\u00e0 pubblicato dall\u2019Autorit\u00e0 per le Garanzie nelle Comunicazioni (AGCOM) ed \u00e8 autore di numerosi rapporti (presentati sia a livello nazionale che all\u2019estero) sui mercati dei media in Europa e in Italia, con particolare attenzione ai mercati multilaterali e agli effetti dei Big Data nello sviluppo del mercato dei media.<\/p>\n<p>[\/et_pb_toggle][\/et_pb_column][\/et_pb_row][et_pb_row column_structure=&#8221;1_4,3_4&#8243; admin_label=&#8221;Selene Giupponi&#8221; _builder_version=&#8221;4.8.2&#8243; _module_preset=&#8221;ffc454fc-4619-41c0-8270-cd6704dad9d7&#8243; collapsed=&#8221;on&#8221; global_colors_info=&#8221;{}&#8221; theme_builder_area=&#8221;post_content&#8221;][et_pb_column type=&#8221;1_4&#8243; _builder_version=&#8221;4.6.0&#8243; _module_preset=&#8221;default&#8221; global_colors_info=&#8221;{}&#8221; theme_builder_area=&#8221;post_content&#8221;][et_pb_image src=&#8221;https:\/\/digitalgovernance.unipv.it\/wp-content\/uploads\/2020\/09\/Selene-Giupponi.jpg&#8221; title_text=&#8221;Selene Giupponi&#8221; _builder_version=&#8221;4.6.0&#8243; _module_preset=&#8221;default&#8221; filter_saturate=&#8221;0%&#8221; filter_brightness=&#8221;123%&#8221; filter_sepia=&#8221;20%&#8221; filter_opacity=&#8221;80%&#8221; border_radii=&#8221;on|100%|100%|100%|100%&#8221; global_colors_info=&#8221;{}&#8221; theme_builder_area=&#8221;post_content&#8221;][\/et_pb_image][et_pb_image src=&#8221;https:\/\/digitalgovernance.unipv.it\/wp-content\/uploads\/2020\/08\/LinkedIn.png&#8221; title_text=&#8221;LinkedIn&#8221; url=&#8221;https:\/\/www.linkedin.com\/in\/selenegiupponi\/&#8221; url_new_window=&#8221;on&#8221; _builder_version=&#8221;4.6.0&#8243; _module_preset=&#8221;default&#8221; positioning=&#8221;absolute&#8221; width=&#8221;24%&#8221; width_tablet=&#8221;10%&#8221; width_phone=&#8221;17%&#8221; width_last_edited=&#8221;on|phone&#8221; max_width=&#8221;24%&#8221; max_width_tablet=&#8221;10%&#8221; max_width_phone=&#8221;17%&#8221; max_width_last_edited=&#8221;on|tablet&#8221; global_colors_info=&#8221;{}&#8221; theme_builder_area=&#8221;post_content&#8221;][\/et_pb_image][\/et_pb_column][et_pb_column type=&#8221;3_4&#8243; _builder_version=&#8221;4.6.0&#8243; _module_preset=&#8221;default&#8221; global_colors_info=&#8221;{}&#8221; theme_builder_area=&#8221;post_content&#8221;][et_pb_text _builder_version=&#8221;4.6.0&#8243; _module_preset=&#8221;default&#8221; text_font_size=&#8221;18px&#8221; text_orientation=&#8221;justified&#8221; global_colors_info=&#8221;{}&#8221; theme_builder_area=&#8221;post_content&#8221;]<\/p>\n<h1 style=\"display: flex;\">Selene Giupponi<\/h1>\n<p>Managing Director Europe at Resecurity Inc.[\/et_pb_text][et_pb_toggle title=&#8221;Informazioni&#8221; open_toggle_text_color=&#8221;#000000&#8243; closed_toggle_text_color=&#8221;#000000&#8243; _builder_version=&#8221;4.6.0&#8243; _module_preset=&#8221;default&#8221; title_level=&#8221;h1&#8243; title_font_size=&#8221;18px&#8221; body_text_align=&#8221;justify&#8221; background_color=&#8221;rgba(0,0,0,0)&#8221; text_orientation=&#8221;justified&#8221; custom_margin=&#8221;-16px||||false|false&#8221; custom_padding=&#8221;0px|||0px|false|false&#8221; border_width_all=&#8221;0px&#8221; global_colors_info=&#8221;{}&#8221; theme_builder_area=&#8221;post_content&#8221;]<\/p>\n<p style=\"text-align: justify;\">Amministratore Delegato di Resecurity Europe, societ\u00e0 di sicurezza informatica, con sede a Los Angeles, specializzata nella protezione dei dati, nella gestione dei rischi e nella threat intelligence per le grandi imprese e le agenzie governative di tutto il mondo<\/p>\n<p>[\/et_pb_toggle][\/et_pb_column][\/et_pb_row][et_pb_row column_structure=&#8221;1_4,3_4&#8243; admin_label=&#8221;Raffaele Pugliese&#8221; _builder_version=&#8221;4.8.2&#8243; _module_preset=&#8221;ffc454fc-4619-41c0-8270-cd6704dad9d7&#8243; collapsed=&#8221;on&#8221; global_colors_info=&#8221;{}&#8221; theme_builder_area=&#8221;post_content&#8221;][et_pb_column type=&#8221;1_4&#8243; _builder_version=&#8221;4.6.0&#8243; _module_preset=&#8221;default&#8221; global_colors_info=&#8221;{}&#8221; theme_builder_area=&#8221;post_content&#8221;][et_pb_image src=&#8221;https:\/\/digitalgovernance.unipv.it\/wp-content\/uploads\/2021\/08\/Raffaele-Pugliese.jpg&#8221; title_text=&#8221;Raffaele Pugliese&#8221; _builder_version=&#8221;4.8.2&#8243; _module_preset=&#8221;default&#8221; filter_saturate=&#8221;0%&#8221; filter_brightness=&#8221;123%&#8221; filter_sepia=&#8221;20%&#8221; filter_opacity=&#8221;80%&#8221; border_radii=&#8221;on|100%|100%|100%|100%&#8221; global_colors_info=&#8221;{}&#8221; theme_builder_area=&#8221;post_content&#8221;][\/et_pb_image][et_pb_image src=&#8221;https:\/\/digitalgovernance.unipv.it\/wp-content\/uploads\/2020\/08\/LinkedIn.png&#8221; title_text=&#8221;LinkedIn&#8221; url=&#8221;https:\/\/www.linkedin.com\/in\/raffaele-pugliese-3b6067157\/&#8221; url_new_window=&#8221;on&#8221; _builder_version=&#8221;4.8.2&#8243; _module_preset=&#8221;default&#8221; positioning=&#8221;absolute&#8221; width=&#8221;24%&#8221; width_tablet=&#8221;10%&#8221; width_phone=&#8221;17%&#8221; width_last_edited=&#8221;on|phone&#8221; max_width=&#8221;24%&#8221; max_width_tablet=&#8221;10%&#8221; max_width_phone=&#8221;17%&#8221; max_width_last_edited=&#8221;on|tablet&#8221; global_colors_info=&#8221;{}&#8221; theme_builder_area=&#8221;post_content&#8221;][\/et_pb_image][\/et_pb_column][et_pb_column type=&#8221;3_4&#8243; _builder_version=&#8221;4.6.0&#8243; _module_preset=&#8221;default&#8221; global_colors_info=&#8221;{}&#8221; theme_builder_area=&#8221;post_content&#8221;][et_pb_text _builder_version=&#8221;4.8.2&#8243; _module_preset=&#8221;default&#8221; text_font_size=&#8221;18px&#8221; text_orientation=&#8221;justified&#8221; global_colors_info=&#8221;{}&#8221; theme_builder_area=&#8221;post_content&#8221;]<\/p>\n<h1 style=\"display: flex;\">Raffaele Pugliese<\/h1>\n<p>Technical Lead Coordinator, Biomedical Nanotechnology , 3D-Printing, Self-assembly Peptide, NanoNutraceuticalsBioMolecular Architect<\/p>\n<p>[\/et_pb_text][\/et_pb_column][\/et_pb_row][et_pb_row column_structure=&#8221;1_4,3_4&#8243; admin_label=&#8221;Raffaele Pugliese&#8221; _builder_version=&#8221;4.8.2&#8243; _module_preset=&#8221;ffc454fc-4619-41c0-8270-cd6704dad9d7&#8243; collapsed=&#8221;on&#8221; global_colors_info=&#8221;{}&#8221; theme_builder_area=&#8221;post_content&#8221;][et_pb_column type=&#8221;1_4&#8243; _builder_version=&#8221;4.6.0&#8243; _module_preset=&#8221;default&#8221; global_colors_info=&#8221;{}&#8221; theme_builder_area=&#8221;post_content&#8221;][et_pb_image src=&#8221;https:\/\/digitalgovernance.unipv.it\/wp-content\/uploads\/2021\/08\/Agostino-Ghiglia.jpg&#8221; title_text=&#8221;Agostino Ghiglia&#8221; _builder_version=&#8221;4.8.2&#8243; _module_preset=&#8221;default&#8221; filter_saturate=&#8221;0%&#8221; filter_brightness=&#8221;123%&#8221; filter_sepia=&#8221;20%&#8221; filter_opacity=&#8221;80%&#8221; border_radii=&#8221;on|100%|100%|100%|100%&#8221; global_colors_info=&#8221;{}&#8221; theme_builder_area=&#8221;post_content&#8221;][\/et_pb_image][et_pb_image src=&#8221;https:\/\/digitalgovernance.unipv.it\/wp-content\/uploads\/2020\/08\/LinkedIn.png&#8221; title_text=&#8221;LinkedIn&#8221; url=&#8221;https:\/\/www.linkedin.com\/in\/agostino-ghiglia-a53837a3\/&#8221; url_new_window=&#8221;on&#8221; _builder_version=&#8221;4.8.2&#8243; _module_preset=&#8221;default&#8221; positioning=&#8221;absolute&#8221; width=&#8221;24%&#8221; width_tablet=&#8221;10%&#8221; width_phone=&#8221;17%&#8221; width_last_edited=&#8221;on|phone&#8221; max_width=&#8221;24%&#8221; max_width_tablet=&#8221;10%&#8221; max_width_phone=&#8221;17%&#8221; max_width_last_edited=&#8221;on|tablet&#8221; global_colors_info=&#8221;{}&#8221; theme_builder_area=&#8221;post_content&#8221;][\/et_pb_image][\/et_pb_column][et_pb_column type=&#8221;3_4&#8243; _builder_version=&#8221;4.6.0&#8243; _module_preset=&#8221;default&#8221; global_colors_info=&#8221;{}&#8221; theme_builder_area=&#8221;post_content&#8221;][et_pb_text _builder_version=&#8221;4.8.2&#8243; _module_preset=&#8221;default&#8221; text_font_size=&#8221;18px&#8221; text_orientation=&#8221;justified&#8221; global_colors_info=&#8221;{}&#8221; theme_builder_area=&#8221;post_content&#8221;]<\/p>\n<h1 style=\"display: flex;\">Agostino Ghiglia<\/h1>\n<div class=\"text-body-medium break-words\">Membro del Collegio del Garante per la protezione dei dati personali presso Autorit\u00e0 Garante per la protezione dei dati personali<\/div>\n<p>[\/et_pb_text][\/et_pb_column][\/et_pb_row][\/et_pb_section]<\/p>\n","protected":false},"excerpt":{"rendered":"<p>L\u2019International School in Digital Governance \u00e8 promossa dal Centro Dipartimentale di Studi Giuridici, Storici e Sociali in tema di Ambiente e Gestione del Territorio del Dipartimento di Scienze Politiche e Sociali dell\u2019Universit\u00e0 degli Studi di Pavia, in collaborazione con il Centro Interdipartimentale di Ricerca \u201cOrganizzazione e Governance della Pubblica Amministrazione\u201d dell\u2019Universit\u00e0 di Pavia, il Dipartimento [&hellip;]<\/p>\n","protected":false},"author":1,"featured_media":0,"parent":0,"menu_order":0,"comment_status":"closed","ping_status":"closed","template":"","meta":{"_et_pb_use_builder":"on","_et_pb_old_content":"","_et_gb_content_width":"","_mc_calendar":[],"footnotes":""},"class_list":["post-2737","page","type-page","status-publish","hentry"],"_links":{"self":[{"href":"https:\/\/digitalgovernance.unipv.it\/edizione-1\/wp-json\/wp\/v2\/pages\/2737"}],"collection":[{"href":"https:\/\/digitalgovernance.unipv.it\/edizione-1\/wp-json\/wp\/v2\/pages"}],"about":[{"href":"https:\/\/digitalgovernance.unipv.it\/edizione-1\/wp-json\/wp\/v2\/types\/page"}],"author":[{"embeddable":true,"href":"https:\/\/digitalgovernance.unipv.it\/edizione-1\/wp-json\/wp\/v2\/users\/1"}],"replies":[{"embeddable":true,"href":"https:\/\/digitalgovernance.unipv.it\/edizione-1\/wp-json\/wp\/v2\/comments?post=2737"}],"version-history":[{"count":25,"href":"https:\/\/digitalgovernance.unipv.it\/edizione-1\/wp-json\/wp\/v2\/pages\/2737\/revisions"}],"predecessor-version":[{"id":3425,"href":"https:\/\/digitalgovernance.unipv.it\/edizione-1\/wp-json\/wp\/v2\/pages\/2737\/revisions\/3425"}],"wp:attachment":[{"href":"https:\/\/digitalgovernance.unipv.it\/edizione-1\/wp-json\/wp\/v2\/media?parent=2737"}],"curies":[{"name":"wp","href":"https:\/\/api.w.org\/{rel}","templated":true}]}}