{"id":2262,"date":"2020-10-08T17:25:30","date_gmt":"2020-10-08T15:25:30","guid":{"rendered":"https:\/\/digitalgovernance.unipv.it\/edizione-2\/?page_id=2262"},"modified":"2023-11-17T11:09:12","modified_gmt":"2023-11-17T10:09:12","slug":"programma-didattico","status":"publish","type":"page","link":"https:\/\/digitalgovernance.unipv.it\/edizione-2\/programma-didattico\/","title":{"rendered":"Programma didattico"},"content":{"rendered":"<p>[et_pb_section fb_built=&#8221;1&#8243; _builder_version=&#8221;4.16&#8243; _module_preset=&#8221;default&#8221; global_colors_info=&#8221;{}&#8221; theme_builder_area=&#8221;post_content&#8221;][et_pb_row _builder_version=&#8221;4.16&#8243; _module_preset=&#8221;83c8e53f-71b4-40df-b440-4330662531e6&#8243; global_colors_info=&#8221;{}&#8221; theme_builder_area=&#8221;post_content&#8221;][et_pb_column type=&#8221;4_4&#8243; _builder_version=&#8221;4.16&#8243; _module_preset=&#8221;default&#8221; global_colors_info=&#8221;{}&#8221; theme_builder_area=&#8221;post_content&#8221;][et_pb_text admin_label=&#8221;Text&#8221; _builder_version=&#8221;4.19.4&#8243; _module_preset=&#8221;75e6818d-2e33-4dee-83c5-634c0cb450f0&#8243; width=&#8221;100%&#8221; custom_margin=&#8221;||||false|false&#8221; locked=&#8221;off&#8221; global_colors_info=&#8221;{}&#8221; theme_builder_area=&#8221;post_content&#8221;]<\/p>\n<p>Le lezioni si terranno in presenza presso la Sede Centrale dell\u2019Universit\u00e0 degli Studi di Pavia in Corso Strada Nuova 65. Le lezioni si svolgeranno nelle seguenti giornate:<\/p>\n<p>[\/et_pb_text][\/et_pb_column][\/et_pb_row][et_pb_row column_structure=&#8221;2_5,3_5&#8243; make_equal=&#8221;on&#8221; _builder_version=&#8221;4.19.4&#8243; _module_preset=&#8221;default&#8221; width=&#8221;100%&#8221; custom_css_main_element=&#8221;align-items: center;&#8221; global_colors_info=&#8221;{}&#8221; theme_builder_area=&#8221;post_content&#8221;][et_pb_column type=&#8221;2_5&#8243; _builder_version=&#8221;4.19.4&#8243; _module_preset=&#8221;default&#8221; global_colors_info=&#8221;{}&#8221; theme_builder_area=&#8221;post_content&#8221;][et_pb_cta title=&#8221;Luned\u00ec 2 ottobre 2023&#8243; _builder_version=&#8221;4.19.5&#8243; _module_preset=&#8221;default&#8221; header_font=&#8221;|600||on|||||&#8221; background_enable_color=&#8221;off&#8221; background_layout=&#8221;light&#8221; custom_padding=&#8221;||1em||false|false&#8221; global_colors_info=&#8221;{}&#8221; theme_builder_area=&#8221;post_content&#8221;]<\/p>\n<p>Aula Foscolo<\/p>\n<p>[\/et_pb_cta][\/et_pb_column][et_pb_column type=&#8221;3_5&#8243; _builder_version=&#8221;4.19.4&#8243; _module_preset=&#8221;default&#8221; global_colors_info=&#8221;{}&#8221; theme_builder_area=&#8221;post_content&#8221;][difl_advanced_blurb title=&#8221;Conoscenza delle norme di legge italiane ed europee in materia di trattamento e protezione dei dati personali&#8221; sub_title=&#8221;09:00 &#8211; 13:00&#8243; _builder_version=&#8221;4.19.5&#8243; _module_preset=&#8221;91e3dd18-28c2-4f9e-8633-f7c924ebad13&#8243; global_colors_info=&#8221;{}&#8221; theme_builder_area=&#8221;post_content&#8221;]<\/p>\n<p>Conoscenza delle norme di legge Italiane ed Europee in materia di trattamento e protezione dei dati personali<\/p>\n<ul>\n<li>Il Regolamento UE 2016\/679;<\/li>\n<li>La Direttiva e-privacy;<\/li>\n<li>Il Codice privacy italiano;<\/li>\n<li>Le normative secondarie in materia di privacy e protezione dei dati personali;<\/li>\n<li>I principi generali della disciplina;<\/li>\n<li>La strategia europea per la regolazione dell&#8217;economia data-driven.<\/li>\n<\/ul>\n<p><strong>Avv. Enrico Pelino<\/strong>, <em>Esperto in diritto dell\u2019informatica,\u00a0PhD<\/em><\/p>\n<p>[\/difl_advanced_blurb][difl_advanced_blurb title=&#8221;Le possibili minacce alla protezione dei dati personali&#8221; sub_title=&#8221;14:00 &#8211; 18:00&#8243; _builder_version=&#8221;4.19.4&#8243; _module_preset=&#8221;91e3dd18-28c2-4f9e-8633-f7c924ebad13&#8243; global_colors_info=&#8221;{}&#8221; theme_builder_area=&#8221;post_content&#8221;]<\/p>\n<p>L\u2019intervento rifletter\u00e0 inizialmente sulle evoluzioni e involuzioni del capitalismo della sorveglianza e, quindi, sui rischi per i diritti e le libert\u00e0 dei cittadini digitali, per poi approfondire gli aspetti della protezione dei dati e della sicurezza informatica nei contesti anazionali del web.<\/p>\n<p>Si affronteranno le problematiche della violazione dei dati personali e del trasferimento extra UE suggerendo un approccio pragmatico alla materia che dia attuazione sistematica al fondamentale principio della accountability<\/p>\n<p><strong>Avv. Andrea Lisi<\/strong>, <em>Presidente ANORC Professioni e Presidente Onorario di ANORC<\/em><\/p>\n<p>[\/difl_advanced_blurb][\/et_pb_column][\/et_pb_row][et_pb_row column_structure=&#8221;2_5,3_5&#8243; make_equal=&#8221;on&#8221; _builder_version=&#8221;4.19.4&#8243; _module_preset=&#8221;default&#8221; background_color=&#8221;#0059B3&#8243; width=&#8221;100%&#8221; custom_css_main_element=&#8221;align-items: center;&#8221; global_colors_info=&#8221;{}&#8221; theme_builder_area=&#8221;post_content&#8221;][et_pb_column type=&#8221;2_5&#8243; _builder_version=&#8221;4.19.4&#8243; _module_preset=&#8221;default&#8221; global_colors_info=&#8221;{}&#8221; theme_builder_area=&#8221;post_content&#8221;][et_pb_cta title=&#8221;Luned\u00ec 09 OTTOBRE 2023&#8243; _builder_version=&#8221;4.19.4&#8243; _module_preset=&#8221;default&#8221; header_font=&#8221;|600||on|||||&#8221; background_enable_color=&#8221;off&#8221; custom_padding=&#8221;||1em||false|false&#8221; global_colors_info=&#8221;{}&#8221; theme_builder_area=&#8221;post_content&#8221;]<\/p>\n<p>Aula Foscolo<\/p>\n<p>[\/et_pb_cta][\/et_pb_column][et_pb_column type=&#8221;3_5&#8243; _builder_version=&#8221;4.19.4&#8243; _module_preset=&#8221;default&#8221; global_colors_info=&#8221;{}&#8221; theme_builder_area=&#8221;post_content&#8221;][difl_advanced_blurb title=&#8221;I metodi per analizzare le informazioni non strutturate ed i processi di business&#8221; sub_title=&#8221;09:00 &#8211; 13:00&#8243; _builder_version=&#8221;4.19.4&#8243; _module_preset=&#8221;7303ef46-8f0b-4644-9d81-d4859c3b2957&#8243; global_colors_info=&#8221;{}&#8221; theme_builder_area=&#8221;post_content&#8221;]<\/p>\n<p><strong>Dott. Giovanni Marmini<\/strong>, <em>Business Development Manager in T\u00dcV Th\u00fcringen Italia<\/em><\/p>\n<p>[\/difl_advanced_blurb][difl_advanced_blurb title=&#8221;Comprensione dei processi aziendali&#8221; sub_title=&#8221;14:00 &#8211; 18:00&#8243; _builder_version=&#8221;4.19.4&#8243; _module_preset=&#8221;7303ef46-8f0b-4644-9d81-d4859c3b2957&#8243; global_colors_info=&#8221;{}&#8221; theme_builder_area=&#8221;post_content&#8221;]<\/p>\n<p>Il Regolamento Generale sulla Protezione dei Dati (GDPR) \u00e8 una normativa europea che stabilisce le regole per la protezione dei dati personali dei cittadini dell&#8217;Unione Europea. La comprensione dei processi aziendali utilizzando le logiche del GDPR \u00e8 fondamentale per garantire la conformit\u00e0 normativa e per prevenire sanzioni punitive. Analizzeremo come le logiche del GDPR possono essere utilizzate per identificare e valutare i rischi per la protezione dei dati all&#8217;interno di un&#8217;azienda, e come questi possono essere gestiti attraverso la definizione di politiche e procedure adeguate.<\/p>\n<p>Inoltre, si analizzer\u00e0 come il GDPR possa aiutare a promuovere la trasparenza e la responsabilit\u00e0 all&#8217;interno dell&#8217;azienda, e come possa essere utilizzato per migliorare la fiducia dei clienti e dei cittadini nell&#8217;utilizzo dei loro dati personali.<\/p>\n<p><strong>Dott. Andrea Chiozzi<\/strong>, <em>CEO Privacy Lab S.r.l.<\/em><\/p>\n<p>[\/difl_advanced_blurb][\/et_pb_column][\/et_pb_row][et_pb_row column_structure=&#8221;2_5,3_5&#8243; make_equal=&#8221;on&#8221; _builder_version=&#8221;4.19.4&#8243; _module_preset=&#8221;default&#8221; width=&#8221;100%&#8221; custom_css_main_element=&#8221;align-items: center;&#8221; global_colors_info=&#8221;{}&#8221; theme_builder_area=&#8221;post_content&#8221;][et_pb_column type=&#8221;2_5&#8243; _builder_version=&#8221;4.19.4&#8243; _module_preset=&#8221;default&#8221; global_colors_info=&#8221;{}&#8221; theme_builder_area=&#8221;post_content&#8221;][et_pb_cta title=&#8221;Luned\u00ec 16 Ottobre 2023&#8243; _builder_version=&#8221;4.19.4&#8243; _module_preset=&#8221;default&#8221; header_font=&#8221;|600||on|||||&#8221; background_enable_color=&#8221;off&#8221; background_layout=&#8221;light&#8221; custom_padding=&#8221;||1em||false|false&#8221; global_colors_info=&#8221;{}&#8221; theme_builder_area=&#8221;post_content&#8221;]<\/p>\n<p>Aula Foscolo<\/p>\n<p>[\/et_pb_cta][\/et_pb_column][et_pb_column type=&#8221;3_5&#8243; _builder_version=&#8221;4.19.4&#8243; _module_preset=&#8221;default&#8221; global_colors_info=&#8221;{}&#8221; theme_builder_area=&#8221;post_content&#8221;][difl_advanced_blurb title=&#8221;Le strutture dei database e l\u2019organizzazione dei suoi contenuti&#8221; sub_title=&#8221;09:00 &#8211; 13:00&#8243; _builder_version=&#8221;4.19.4&#8243; _module_preset=&#8221;91e3dd18-28c2-4f9e-8633-f7c924ebad13&#8243; global_colors_info=&#8221;{}&#8221; theme_builder_area=&#8221;post_content&#8221;]<\/p>\n<p>I database sono essenziali per fare funzionare le raccolte di informazioni da cui offrire i servizi agli utenti. Bisogna conoscere le diverse organizzazioni dei dati per capirne il funzionamento e le opportunit\u00e0 offerte.<\/p>\n<p>Bisogna sapere come cercare le informazioni per poterle ritrovare subito. Bisogna sapere come difenderli per non subire perdite. Bisogna conoscere i software da usare per poterli creare e gestire.<\/p>\n<p><strong>Prof. Roberto Marmo<\/strong>, <em>Professore a Contratto in Informatica presso l&#8217;Universit\u00e0 degli Studi di Pavia<\/em><\/p>\n<p>[\/difl_advanced_blurb][difl_advanced_blurb title=&#8221;Conoscenza delle responsabilit\u00e0 connesse al trattamento dei dati personali e ai diritti degli interessati&#8221; sub_title=&#8221;14:00 &#8211; 18:00&#8243; _builder_version=&#8221;4.19.4&#8243; _module_preset=&#8221;91e3dd18-28c2-4f9e-8633-f7c924ebad13&#8243; global_colors_info=&#8221;{}&#8221; theme_builder_area=&#8221;post_content&#8221;]<\/p>\n<p>La lezione \u00e8 finalizzata a illustrare i due aspetti di maggiore impatto per imprese e cittadini previsti dalla normativa europea in materia di protezione dei dati personali, le responsabilit\u00e0 delle aziende (titolari e fornitori) nella gestione dei dati personali con particolare focus sul danno reputazionale a seguito di perdite di dati e i nuovi diritti sui dati delle persone con la relativa gestione delle richieste di esercizio da parte dei soggetti interessati.<\/p>\n<p>Saranno illustrati molteplici casi concreti con indicazione di best practice e sar\u00e0 svolta un&#8217;esercitazione in materia di esercizio dei diritti sui dati.<\/p>\n<p><strong>Avv. Mauro Alovisio<\/strong>, <em>Coordinatore del corso di perfezionamento in materia di GDPR dell\u2019Universit\u00e0 degli Studi di Torino<\/em><\/p>\n<p>[\/difl_advanced_blurb][\/et_pb_column][\/et_pb_row][et_pb_row column_structure=&#8221;2_5,3_5&#8243; make_equal=&#8221;on&#8221; _builder_version=&#8221;4.19.4&#8243; _module_preset=&#8221;default&#8221; background_color=&#8221;#0059B3&#8243; width=&#8221;100%&#8221; custom_css_main_element=&#8221;align-items: center;&#8221; global_colors_info=&#8221;{}&#8221; theme_builder_area=&#8221;post_content&#8221;][et_pb_column type=&#8221;2_5&#8243; _builder_version=&#8221;4.19.4&#8243; _module_preset=&#8221;default&#8221; global_colors_info=&#8221;{}&#8221; theme_builder_area=&#8221;post_content&#8221;][et_pb_cta title=&#8221;Luned\u00ec 23 ottobre 2023&#8243; _builder_version=&#8221;4.19.5&#8243; _module_preset=&#8221;default&#8221; header_font=&#8221;|600||on|||||&#8221; background_enable_color=&#8221;off&#8221; custom_padding=&#8221;||1em||false|false&#8221; global_colors_info=&#8221;{}&#8221; theme_builder_area=&#8221;post_content&#8221;]<\/p>\n<p>Aula Foscolo<\/p>\n<p>[\/et_pb_cta][\/et_pb_column][et_pb_column type=&#8221;3_5&#8243; _builder_version=&#8221;4.19.4&#8243; _module_preset=&#8221;default&#8221; global_colors_info=&#8221;{}&#8221; theme_builder_area=&#8221;post_content&#8221;][difl_advanced_blurb title=&#8221;Conoscenza delle reti informatiche e di telecomunicazione&#8221; sub_title=&#8221;09:00 &#8211; 13:00&#8243; _builder_version=&#8221;4.19.4&#8243; _module_preset=&#8221;7303ef46-8f0b-4644-9d81-d4859c3b2957&#8243; global_colors_info=&#8221;{}&#8221; theme_builder_area=&#8221;post_content&#8221;]<\/p>\n<p>Oggi una enorme quantit\u00e0 di informazioni viaggia attraverso le reti che collegano computer in ogni parte del mondo. Bisogna conoscere le varie possibilit\u00e0 di collegamento per capire come unire i pezzi. Bisogna conoscere l&#8217;hardware per creare una rete e risolvere i guasti. Bisogna conoscere i protocolli di comunicazione per capire come viaggiano i dati, risolvere i guasti e ricostruire il traffico. Bisogna sapere come difendere una rete per non subire perdite.<\/p>\n<p><strong>Prof. Roberto Marmo<\/strong>, Pr<em>ofessore a Contratto in Informatica presso l&#8217;Universit\u00e0 degli Studi di Pavia<\/em><\/p>\n<p>[\/difl_advanced_blurb][difl_advanced_blurb title=&#8221;Conoscenza degli impatti tecnologici sulla protezione dei dati personali&#8221; sub_title=&#8221;14:00 &#8211; 18:00&#8243; _builder_version=&#8221;4.19.4&#8243; _module_preset=&#8221;7303ef46-8f0b-4644-9d81-d4859c3b2957&#8243; global_colors_info=&#8221;{}&#8221; theme_builder_area=&#8221;post_content&#8221;]<\/p>\n<p>La corretta governance del dato \u00e8 diventata, nella societ\u00e0 digitale, di primaria importanza. In questa lezione tratteremo i temi della sicurezza del dato, della responsabilit\u00e0 di chi tratta informazioni, di come big data e AI hanno cambiato il quadro normativo e sociale e di come il diritto possa intervenire per cercare di anticipare, o mitigare, i rischi.<\/p>\n<p><strong>Dott. Giovanni Ziccardi<\/strong>, <em>Professore di Informatica Giuridica \u2013 Universit\u00e0 degli Studi di Milano<\/em><\/p>\n<p>[\/difl_advanced_blurb][\/et_pb_column][\/et_pb_row][et_pb_row column_structure=&#8221;2_5,3_5&#8243; make_equal=&#8221;on&#8221; _builder_version=&#8221;4.19.4&#8243; _module_preset=&#8221;default&#8221; width=&#8221;100%&#8221; custom_css_main_element=&#8221;align-items: center;&#8221; global_colors_info=&#8221;{}&#8221; theme_builder_area=&#8221;post_content&#8221;][et_pb_column type=&#8221;2_5&#8243; _builder_version=&#8221;4.19.4&#8243; _module_preset=&#8221;default&#8221; global_colors_info=&#8221;{}&#8221; theme_builder_area=&#8221;post_content&#8221;][et_pb_cta title=&#8221;Luned\u00ec 30 ottobre 2023&#8243; _builder_version=&#8221;4.19.5&#8243; _module_preset=&#8221;default&#8221; header_font=&#8221;|600||on|||||&#8221; background_enable_color=&#8221;off&#8221; background_layout=&#8221;light&#8221; custom_padding=&#8221;||1em||false|false&#8221; global_colors_info=&#8221;{}&#8221; theme_builder_area=&#8221;post_content&#8221;]<\/p>\n<p>Aula Foscolo<\/p>\n<p>[\/et_pb_cta][\/et_pb_column][et_pb_column type=&#8221;3_5&#8243; _builder_version=&#8221;4.19.4&#8243; _module_preset=&#8221;default&#8221; global_colors_info=&#8221;{}&#8221; theme_builder_area=&#8221;post_content&#8221;][difl_advanced_blurb title=&#8221;Le metodologie di valutazione d\u2019impatto sulla protezione dei dati e PIA&#8221; sub_title=&#8221;09:00 &#8211; 13:00&#8243; _builder_version=&#8221;4.19.4&#8243; _module_preset=&#8221;91e3dd18-28c2-4f9e-8633-f7c924ebad13&#8243; global_colors_info=&#8221;{}&#8221; theme_builder_area=&#8221;post_content&#8221;]<\/p>\n<p>L\u2019intervento fornir\u00e0 le informazioni necessarie per comprendere le finalit\u00e0 e le modalit\u00e0 di redazione della valutazione di impatto. Verr\u00e0 analizzata la normativa di riferimento, i casi di obbligatoriet\u00e0, i contenuti della DPIA e le metodologie di elaborazione.<\/p>\n<p><strong>Dott.ssa Simona Persi<\/strong>, <em>DPO., esperta in <\/em><em>protezione dei dati personali<\/em><\/p>\n<p>[\/difl_advanced_blurb][difl_advanced_blurb title=&#8221;Conoscenza delle possibili minacce&#8221; sub_title=&#8221;14:00 &#8211; 18:00&#8243; _builder_version=&#8221;4.19.4&#8243; _module_preset=&#8221;91e3dd18-28c2-4f9e-8633-f7c924ebad13&#8243; global_colors_info=&#8221;{}&#8221; theme_builder_area=&#8221;post_content&#8221;]<\/p>\n<p>Nuove forme e nuove modalit\u00e0 di connessione, stili di vita personali e professionali (Big Data; IoT; BYOD; Smart Working, 5G) come pure l\u2019uso pi\u00f9 rilevante di dispositivi mobili, aumentano il nostro confort ma spesso si tramutano anche in nuove opportunit\u00e0 per i cyber criminali, che, soprattutto attraverso strategie di phishing sempre pi\u00f9 sofisticate, fanno grossi investimenti economizzando risorse a fronte di ritorni ancor pi\u00f9 consistenti.<\/p>\n<p>Nonostante le organizzazioni forniscano al lavoratore idonea dotazione tecnologica, in grado di garantire un buon livello di sicurezza, l\u2019errore umano \u00e8 responsabile della maggior parte degli incidenti informatici che quotidianamente mettono in ginocchio aziende di ogni dimensione. La cybercultura, le abitudini e comportamenti professionali ma anche privati, possono fare la differenza nel comprendere le caratteristiche fondamentali della sicurezza delle informazioni ma soprattutto nell\u2019essere in grado di riconoscere e gestire le cyber minacce!<\/p>\n<p><strong>Dott.ssa Nadia Zabbeo<\/strong>, <em>Consulente e formatore in Cybersecurity \/ Data Protection e Web Psychology<\/em><\/p>\n<p>[\/difl_advanced_blurb][\/et_pb_column][\/et_pb_row][et_pb_row column_structure=&#8221;2_5,3_5&#8243; make_equal=&#8221;on&#8221; _builder_version=&#8221;4.19.4&#8243; _module_preset=&#8221;default&#8221; background_color=&#8221;#0059B3&#8243; width=&#8221;100%&#8221; custom_css_main_element=&#8221;align-items: center;&#8221; global_colors_info=&#8221;{}&#8221; theme_builder_area=&#8221;post_content&#8221;][et_pb_column type=&#8221;2_5&#8243; _builder_version=&#8221;4.19.4&#8243; _module_preset=&#8221;default&#8221; global_colors_info=&#8221;{}&#8221; theme_builder_area=&#8221;post_content&#8221;][et_pb_cta title=&#8221;Luned\u00ec 23 novembre 2023&#8243; _builder_version=&#8221;4.19.5&#8243; _module_preset=&#8221;default&#8221; header_font=&#8221;|600||on|||||&#8221; background_enable_color=&#8221;off&#8221; custom_padding=&#8221;||1em||false|false&#8221; hover_enabled=&#8221;0&#8243; global_colors_info=&#8221;{}&#8221; theme_builder_area=&#8221;post_content&#8221; sticky_enabled=&#8221;0&#8243;]<\/p>\n<p>Aula DOS<\/p>\n<p>[\/et_pb_cta][\/et_pb_column][et_pb_column type=&#8221;3_5&#8243; _builder_version=&#8221;4.19.4&#8243; _module_preset=&#8221;default&#8221; global_colors_info=&#8221;{}&#8221; theme_builder_area=&#8221;post_content&#8221;][difl_advanced_blurb title=&#8221;Esame Finale T\u00dcV Th\u00fcringen Italia per Esperto in Data Protection System&#8221; sub_title=&#8221;09:00 &#8211; 13:00&#8243; _builder_version=&#8221;4.19.4&#8243; _module_preset=&#8221;7303ef46-8f0b-4644-9d81-d4859c3b2957&#8243; global_colors_info=&#8221;{}&#8221; theme_builder_area=&#8221;post_content&#8221;][\/difl_advanced_blurb][\/et_pb_column][\/et_pb_row][et_pb_row column_structure=&#8221;2_5,3_5&#8243; make_equal=&#8221;on&#8221; _builder_version=&#8221;4.19.4&#8243; _module_preset=&#8221;default&#8221; width=&#8221;100%&#8221; custom_css_main_element=&#8221;align-items: center;&#8221; global_colors_info=&#8221;{}&#8221; theme_builder_area=&#8221;post_content&#8221;][et_pb_column type=&#8221;2_5&#8243; _builder_version=&#8221;4.19.4&#8243; _module_preset=&#8221;default&#8221; global_colors_info=&#8221;{}&#8221; theme_builder_area=&#8221;post_content&#8221;][et_pb_cta title=&#8221;Marted\u00ec 04 Dicembre 2023&#8243; _builder_version=&#8221;4.19.5&#8243; _module_preset=&#8221;default&#8221; header_font=&#8221;|600||on|||||&#8221; background_enable_color=&#8221;off&#8221; background_layout=&#8221;light&#8221; custom_padding=&#8221;||1em||false|false&#8221; hover_enabled=&#8221;0&#8243; global_colors_info=&#8221;{}&#8221; theme_builder_area=&#8221;post_content&#8221; sticky_enabled=&#8221;0&#8243;]<\/p>\n<p>Aula da definire<\/p>\n<p>[\/et_pb_cta][\/et_pb_column][et_pb_column type=&#8221;3_5&#8243; _builder_version=&#8221;4.19.4&#8243; _module_preset=&#8221;default&#8221; global_colors_info=&#8221;{}&#8221; theme_builder_area=&#8221;post_content&#8221;][difl_advanced_blurb title=&#8221;Giornata di consegna attestati International School in Digital Governance ed attestato T\u00dcV Thuringen Italia&#8221; sub_title=&#8221;10:00 &#8211; 13:00&#8243; _builder_version=&#8221;4.19.5&#8243; _module_preset=&#8221;91e3dd18-28c2-4f9e-8633-f7c924ebad13&#8243; hover_enabled=&#8221;0&#8243; global_colors_info=&#8221;{}&#8221; theme_builder_area=&#8221;post_content&#8221; sticky_enabled=&#8221;0&#8243;]<\/p>\n<p><strong>MODERA:<\/strong><\/p>\n<p><strong>Dott. Luca Testoni<\/strong>, <em>Responsabile Segreteria Organizzativa<\/em><\/p>\n<p><strong>INTERVENGONO:<\/strong><\/p>\n<p><strong>Dott. Agostino Ghiglia, <\/strong><em>Membro dell&#8217;Autorit\u00e0 Garante per la Protezione dei Dati Personali<\/em><\/p>\n<p><strong>Dott. Giuseppe Sam\u00e0<\/strong>, <em>Presidente Assimprenditori<\/em><\/p>\n<p>[\/difl_advanced_blurb][\/et_pb_column][\/et_pb_row][\/et_pb_section][et_pb_section fb_built=&#8221;1&#8243; _builder_version=&#8221;4.16&#8243; _module_preset=&#8221;47561530-9d06-40f4-afa1-7c210916ceb9&#8243; global_colors_info=&#8221;{}&#8221; theme_builder_area=&#8221;post_content&#8221;][et_pb_row _builder_version=&#8221;4.16&#8243; _module_preset=&#8221;83c8e53f-71b4-40df-b440-4330662531e6&#8243; global_colors_info=&#8221;{}&#8221; theme_builder_area=&#8221;post_content&#8221;][et_pb_column type=&#8221;4_4&#8243; _builder_version=&#8221;4.16&#8243; _module_preset=&#8221;default&#8221; global_colors_info=&#8221;{}&#8221; theme_builder_area=&#8221;post_content&#8221;][et_pb_text _builder_version=&#8221;4.16&#8243; _module_preset=&#8221;default&#8221; global_colors_info=&#8221;{}&#8221; theme_builder_area=&#8221;post_content&#8221;]<\/p>\n<h1>Le noste aule didattiche<\/h1>\n<p>[\/et_pb_text][difl_advancedtab tab_animation=&#8221;slide_left&#8221; use_scroll_to_content=&#8221;off&#8221; content_vertical_align=&#8221;flex_center&#8221; nav_item_active_bgcolor=&#8221;#0059B3&#8243; icon_color=&#8221;#0059B3&#8243; icon_color_active=&#8221;#FFFFFF&#8221; icon_align=&#8221;center&#8221; content_padding=&#8221;|||1em|false|false&#8221; content_padding_tablet=&#8221;|||0em|false|false&#8221; content_padding_phone=&#8221;|||0em|false|false&#8221; content_padding_last_edited=&#8221;on|tablet&#8221; nav_icon_margin=&#8221;||1em||false|false&#8221; _builder_version=&#8221;4.19.5&#8243; _module_preset=&#8221;default&#8221; title_text_align=&#8221;center&#8221; title_active_text_color=&#8221;#FFFFFF&#8221; text_text_align=&#8221;justify&#8221; global_colors_info=&#8221;{}&#8221; theme_builder_area=&#8221;post_content&#8221;][difl_advancedtabitem title=&#8221;Aula Foscolo&#8221; use_icon=&#8221;on&#8221; font_icon=&#8221;&#xf304;||fa||900&#8243; image=&#8221;https:\/\/digitalgovernance.unipv.it\/wp-content\/uploads\/sites\/3\/2023\/04\/Foscolo_o-768&#215;512-1.jpg&#8221; img_placement=&#8221;flex_left&#8221; at_button_button_url_new_window=&#8221;1&#8243; _builder_version=&#8221;4.19.5&#8243; _module_preset=&#8221;default&#8221; global_colors_info=&#8221;{}&#8221; theme_builder_area=&#8221;post_content&#8221;]<\/p>\n<p>L\u2019Aula Foscolo fu progettata dall\u2019architetto Giuseppe Piermarini nel 1770 per volere dell\u2019imperatrice Maria Teresa d\u2019Austria, che desiderava una sala espressamente destinata alla cerimonia delle lauree.<\/p>\n<p>Fu restaurata nel 1927 in occasione del centenario della morte del Foscolo a cui fu dedicata perch\u00e9 in questa aula il poeta, il 22 gennaio 1809, tenne la famosa prolusione Dell\u2019origine e dell\u2019ufficio della letteratura.<\/p>\n<p>La sala, a pianta rettangolare, \u00e8 caratterizzata dalla decorazione dipinta nel 1782 da Paolo Mescoli, a cui il Governo di Vienna richiese di realizzare \u201cornati di maestosa eleganza\u201d. Il pittore dipinge sulla volta Minerva, la dea della Sapienza, insieme a Mercurio.<\/p>\n<p><strong> Indirizzo<\/strong><br \/>Dipartimento di Scienze Politiche e Sociali<br \/>Corso Strada Nuova 65<br \/>27100 Pavia (PV)<\/p>\n<p>[\/difl_advancedtabitem][difl_advancedtabitem title=&#8221;Aula DOS&#8221; use_icon=&#8221;on&#8221; font_icon=&#8221;&#xf108;||fa||900&#8243; image=&#8221;https:\/\/digitalgovernance.unipv.it\/wp-content\/uploads\/sites\/3\/2023\/04\/aula-1-300&#215;200-1.jpg&#8221; img_placement=&#8221;flex_left&#8221; at_button_button_url_new_window=&#8221;1&#8243; _builder_version=&#8221;4.19.5&#8243; _module_preset=&#8221;default&#8221; global_colors_info=&#8221;{}&#8221; theme_builder_area=&#8221;post_content&#8221;]<\/p>\n<p>L&#8217;Aula DOS \u00e8 situata nel Dipartimento di Scienze Economiche e Aziendali e verr\u00e0 utilizzata solo ed esclusivamente per la giornata dell&#8217;esame finale.<\/p>\n<p><strong>Indirizzo<\/strong><br \/>Dipartimento di Scienze Economiche e Aziendali<br \/>Via San Felice 5<br \/>27100 Pavia (PV)<\/p>\n<p>[\/difl_advancedtabitem][\/difl_advancedtab][\/et_pb_column][\/et_pb_row][\/et_pb_section]<\/p>\n","protected":false},"excerpt":{"rendered":"<p>Le lezioni si terranno in presenza presso la Sede Centrale dell\u2019Universit\u00e0 degli Studi di Pavia in Corso Strada Nuova 65. Le lezioni si svolgeranno nelle seguenti giornate:Aula Foscolo<div class=\"et_pb_module difl_advanced_blurb difl_advanced_blurb_0\">\n\t\t\t\t\n\t\t\t\t\n\t\t\t\t\n\t\t\t\t\n\t\t\t\t\n\t\t\t\t\n\t\t\t\t<div class=\"et_pb_module_inner\">\n\t\t\t\t\t<div class=\"df_ab_blurb_container\"> <div class=\"df_ab_blurb_content_container\"><div class=\"df_ab_blurb_image image placement_image_flex_top\"><\/div> <h3  class=\"df_ab_blurb_title\">Conoscenza delle norme di legge italiane ed europee in materia di trattamento e protezione dei dati personali<\/h3 > <h4  class=\"df_ab_blurb_sub_title\">09:00 - 13:00<\/h4 >   <\/div><\/div>\n\t\t\t\t<\/div>\n\t\t\t<\/div>Conoscenza delle norme di [&hellip;]<\/p>\n","protected":false},"author":1,"featured_media":0,"parent":0,"menu_order":0,"comment_status":"closed","ping_status":"closed","template":"","meta":{"_et_pb_use_builder":"on","_et_pb_old_content":"","_et_gb_content_width":"","footnotes":""},"class_list":["post-2262","page","type-page","status-publish","hentry"],"_links":{"self":[{"href":"https:\/\/digitalgovernance.unipv.it\/edizione-2\/wp-json\/wp\/v2\/pages\/2262"}],"collection":[{"href":"https:\/\/digitalgovernance.unipv.it\/edizione-2\/wp-json\/wp\/v2\/pages"}],"about":[{"href":"https:\/\/digitalgovernance.unipv.it\/edizione-2\/wp-json\/wp\/v2\/types\/page"}],"author":[{"embeddable":true,"href":"https:\/\/digitalgovernance.unipv.it\/edizione-2\/wp-json\/wp\/v2\/users\/1"}],"replies":[{"embeddable":true,"href":"https:\/\/digitalgovernance.unipv.it\/edizione-2\/wp-json\/wp\/v2\/comments?post=2262"}],"version-history":[{"count":79,"href":"https:\/\/digitalgovernance.unipv.it\/edizione-2\/wp-json\/wp\/v2\/pages\/2262\/revisions"}],"predecessor-version":[{"id":4425,"href":"https:\/\/digitalgovernance.unipv.it\/edizione-2\/wp-json\/wp\/v2\/pages\/2262\/revisions\/4425"}],"wp:attachment":[{"href":"https:\/\/digitalgovernance.unipv.it\/edizione-2\/wp-json\/wp\/v2\/media?parent=2262"}],"curies":[{"name":"wp","href":"https:\/\/api.w.org\/{rel}","templated":true}]}}