{"id":2737,"date":"2021-04-29T16:34:37","date_gmt":"2021-04-29T14:34:37","guid":{"rendered":"https:\/\/digitalgovernance.unipv.it\/edizione-2\/?page_id=2737"},"modified":"2023-10-02T09:34:00","modified_gmt":"2023-10-02T07:34:00","slug":"facolta-e-docenti","status":"publish","type":"page","link":"https:\/\/digitalgovernance.unipv.it\/edizione-2\/facolta-e-docenti\/","title":{"rendered":"Facolt\u00e0 e docenti"},"content":{"rendered":"<p>[et_pb_section fb_built=&#8221;1&#8243; admin_label=&#8221;Parte scritta&#8221; _builder_version=&#8221;4.16&#8243; _module_preset=&#8221;default&#8221; global_colors_info=&#8221;{}&#8221; theme_builder_area=&#8221;post_content&#8221;][et_pb_row _builder_version=&#8221;4.16&#8243; _module_preset=&#8221;default&#8221; width=&#8221;100%&#8221; custom_padding=&#8221;||30px||false|false&#8221; global_colors_info=&#8221;{}&#8221; theme_builder_area=&#8221;post_content&#8221;][et_pb_column type=&#8221;4_4&#8243; _builder_version=&#8221;4.16&#8243; _module_preset=&#8221;default&#8221; global_colors_info=&#8221;{}&#8221; theme_builder_area=&#8221;post_content&#8221;][et_pb_text ul_type=&#8221;none&#8221; ul_item_indent=&#8221;45px&#8221; module_id=&#8221;facolta-docenti&#8221; _builder_version=&#8221;4.19.4&#8243; _module_preset=&#8221;default&#8221; global_colors_info=&#8221;{}&#8221; theme_builder_area=&#8221;post_content&#8221;]<\/p>\n<p>L\u2019International School in Digital Governance \u00e8 promossa dal Centro Dipartimentale di Studi Giuridici, Storici e Sociali in tema di Ambiente e Gestione del Territorio del Dipartimento di Scienze Politiche e Sociali dell\u2019Universit\u00e0 degli Studi di Pavia, in collaborazione con il Centro Interdipartimentale di Ricerca \u201cOrganizzazione e Governance della Pubblica Amministrazione\u201d dell\u2019Universit\u00e0 di Pavia, il Dipartimento di Medicina Interna e Terapia Medica dell\u2019Ateneo pavese, Appleby\u00ae s.r.l. e Fondazione Romagnosi Scuola di Governo Locale.<em><\/em><\/p>\n<p>[\/et_pb_text][difl_iconlist list_item_content_max_width=&#8221;100%&#8221; list_item_icon_color=&#8221;#0C71C3&#8243; list_item_icon_size=&#8221;2.5em&#8221; list_item_icon_vertical_placement=&#8221;center&#8221; _builder_version=&#8221;4.19.5&#8243; _module_preset=&#8221;default&#8221; child_title_text_font=&#8221;||||||||&#8221; child_title_text_font_size=&#8221;1.5em&#8221; global_colors_info=&#8221;{}&#8221; theme_builder_area=&#8221;post_content&#8221;][difl_iconlistitem list_item_title=&#8221;Direttore del corso&#8221; list_item_title_tag=&#8221;h2&#8243; list_item_icon=&#8221;&#x39;||divi||400&#8243; _builder_version=&#8221;4.19.4&#8243; global_colors_info=&#8221;{}&#8221; theme_builder_area=&#8221;post_content&#8221;]<\/p>\n<p>Alessandro Venturi<\/p>\n<p>[\/difl_iconlistitem][difl_iconlistitem list_item_title=&#8221;Condirettore&#8221; list_item_title_tag=&#8221;h2&#8243; list_item_icon=&#8221;&#x39;||divi||400&#8243; _builder_version=&#8221;4.19.5&#8243; global_colors_info=&#8221;{}&#8221; theme_builder_area=&#8221;post_content&#8221;]<\/p>\n<p>Giuseppe Carlo Ricciardi<\/p>\n<p>[\/difl_iconlistitem][difl_iconlistitem list_item_title=&#8221;Vice-direttore&#8221; list_item_title_tag=&#8221;h2&#8243; list_item_icon=&#8221;&#x39;||divi||400&#8243; _builder_version=&#8221;4.19.4&#8243; global_colors_info=&#8221;{}&#8221; theme_builder_area=&#8221;post_content&#8221;]<\/p>\n<p>Silvia Figini<\/p>\n<p>[\/difl_iconlistitem][difl_iconlistitem list_item_title=&#8221;Coordinatore&#8221; list_item_title_tag=&#8221;h2&#8243; list_item_icon=&#8221;&#x39;||divi||400&#8243; _builder_version=&#8221;4.19.4&#8243; global_colors_info=&#8221;{}&#8221; theme_builder_area=&#8221;post_content&#8221;]<\/p>\n<p>Alberto Culatina<\/p>\n<p>[\/difl_iconlistitem][difl_iconlistitem list_item_title=&#8221;Comitato Scientifico&#8221; list_item_title_tag=&#8221;h2&#8243; list_item_icon=&#8221;&#x39;||divi||400&#8243; _builder_version=&#8221;4.19.4&#8243; global_colors_info=&#8221;{}&#8221; theme_builder_area=&#8221;post_content&#8221;]<\/p>\n<p>Enrico Bagli, Chiara Bardelli, Giovanni Cordini, Alberto Culatina, Stefano Denicolai, Silvia Figini, Pietro Previtali, Stefano Regondi, Giuseppe Carlo Ricciardi, Alessandro Venturi<\/p>\n<p>[\/difl_iconlistitem][difl_iconlistitem list_item_title=&#8221;Guest Experts&#8221; list_item_title_tag=&#8221;h2&#8243; list_item_icon=&#8221;&#x39;||divi||400&#8243; _builder_version=&#8221;4.19.4&#8243; global_colors_info=&#8221;{}&#8221; theme_builder_area=&#8221;post_content&#8221;]<\/p>\n<p>Luca Bolognini, Andrea Lisi, Giovanni Marmini, Andrea Chiozzi, Roberto Marmo, Mauro Alovisio, Giovanni Ziccardi, Simona Persi, Nadia Zabbeo<\/p>\n<p>[\/difl_iconlistitem][difl_iconlistitem list_item_title=&#8221;Segreteria Organizzativa&#8221; list_item_title_tag=&#8221;h2&#8243; list_item_icon=&#8221;&#x39;||divi||400&#8243; _builder_version=&#8221;4.19.4&#8243; global_colors_info=&#8221;{}&#8221; theme_builder_area=&#8221;post_content&#8221;]<\/p>\n<p>Luca Testoni<\/p>\n<p>[\/difl_iconlistitem][\/difl_iconlist][et_pb_code _builder_version=&#8221;4.16&#8243; _module_preset=&#8221;default&#8221; global_colors_info=&#8221;{}&#8221; theme_builder_area=&#8221;post_content&#8221;]<\/p>\n<style>#facolta-docenti ul li.primo:before{<!-- [et_pb_line_break_holder] -->   content: '\u00bb';<!-- [et_pb_line_break_holder] -->  font-weight: 700;<!-- [et_pb_line_break_holder] -->  padding-right: 10px;<!-- [et_pb_line_break_holder] -->  margin-left: -18px;<!-- [et_pb_line_break_holder] -->}<!-- [et_pb_line_break_holder] --><\/style>\n<p>[\/et_pb_code][\/et_pb_column][\/et_pb_row][\/et_pb_section][et_pb_section fb_built=&#8221;1&#8243; admin_label=&#8221;Immagini&#8221; _builder_version=&#8221;4.16&#8243; _module_preset=&#8221;default&#8221; global_colors_info=&#8221;{}&#8221; theme_builder_area=&#8221;post_content&#8221;][et_pb_row admin_label=&#8221;Collegio Docenti&#8221; _builder_version=&#8221;4.16&#8243; _module_preset=&#8221;default&#8221; width=&#8221;100%&#8221; custom_padding=&#8221;||5px||false|false&#8221; collapsed=&#8221;on&#8221; global_colors_info=&#8221;{}&#8221; theme_builder_area=&#8221;post_content&#8221;][et_pb_column type=&#8221;4_4&#8243; _builder_version=&#8221;4.16&#8243; _module_preset=&#8221;default&#8221; global_colors_info=&#8221;{}&#8221; theme_builder_area=&#8221;post_content&#8221;][et_pb_cta title=&#8221;Collegio docenti&#8221; _builder_version=&#8221;4.19.4&#8243; _module_preset=&#8221;default&#8221; use_background_color=&#8221;off&#8221; text_orientation=&#8221;left&#8221; background_layout=&#8221;light&#8221; global_colors_info=&#8221;{}&#8221; theme_builder_area=&#8221;post_content&#8221;][\/et_pb_cta][\/et_pb_column][\/et_pb_row][et_pb_row column_structure=&#8221;1_4,3_4&#8243; admin_label=&#8221;Enrico Pelini&#8221; _builder_version=&#8221;4.19.5&#8243; _module_preset=&#8221;ffc454fc-4619-41c0-8270-cd6704dad9d7&#8243; hover_enabled=&#8221;0&#8243; locked=&#8221;off&#8221; collapsed=&#8221;off&#8221; global_colors_info=&#8221;{}&#8221; theme_builder_area=&#8221;post_content&#8221; sticky_enabled=&#8221;0&#8243;][et_pb_column type=&#8221;1_4&#8243; _builder_version=&#8221;4.19.4&#8243; _module_preset=&#8221;default&#8221; global_colors_info=&#8221;{}&#8221; theme_builder_area=&#8221;post_content&#8221;][et_pb_image src=&#8221;https:\/\/digitalgovernance.unipv.it\/wp-content\/uploads\/sites\/3\/2023\/10\/Enrico-Pelino.jpeg&#8221; title_text=&#8221;Enrico Pelino&#8221; align=&#8221;center&#8221; _builder_version=&#8221;4.19.5&#8243; _module_preset=&#8221;default&#8221; max_width_tablet=&#8221;50%&#8221; max_width_phone=&#8221;80%&#8221; max_width_last_edited=&#8221;off|desktop&#8221; custom_margin=&#8221;||10px||false|false&#8221; filter_saturate=&#8221;0%&#8221; filter_brightness=&#8221;123%&#8221; filter_sepia=&#8221;20%&#8221; filter_opacity=&#8221;80%&#8221; hover_enabled=&#8221;0&#8243; border_radii=&#8221;on|100%|100%|100%|100%&#8221; global_colors_info=&#8221;{}&#8221; theme_builder_area=&#8221;post_content&#8221; sticky_enabled=&#8221;0&#8243;][\/et_pb_image][et_pb_image src=&#8221;https:\/\/digitalgovernance.unipv.it\/wp-content\/uploads\/sites\/3\/2020\/08\/LinkedIn.png&#8221; title_text=&#8221;LinkedIn&#8221; url=&#8221;https:\/\/www.linkedin.com\/in\/enrico-pelino-a2616b1b\/&#8221; url_new_window=&#8221;on&#8221; _builder_version=&#8221;4.19.5&#8243; _module_preset=&#8221;66fdc792-6a64-4d10-a05a-90939e09bc21&#8243; hover_enabled=&#8221;0&#8243; global_colors_info=&#8221;{}&#8221; theme_builder_area=&#8221;post_content&#8221; sticky_enabled=&#8221;0&#8243;][\/et_pb_image][\/et_pb_column][et_pb_column type=&#8221;3_4&#8243; _builder_version=&#8221;4.16&#8243; _module_preset=&#8221;default&#8221; global_colors_info=&#8221;{}&#8221; theme_builder_area=&#8221;post_content&#8221;][et_pb_text _builder_version=&#8221;4.19.5&#8243; _module_preset=&#8221;default&#8221; text_font_size=&#8221;18px&#8221; hover_enabled=&#8221;0&#8243; global_colors_info=&#8221;{}&#8221; theme_builder_area=&#8221;post_content&#8221; sticky_enabled=&#8221;0&#8243;]<\/p>\n<h1 style=\"display: flex;\">Enrico Pelino<\/h1>\n<p>Esperto in diritto dell\u2019informatica,\u00a0PhD<\/p>\n<p>[\/et_pb_text][\/et_pb_column][\/et_pb_row][et_pb_row column_structure=&#8221;1_4,3_4&#8243; admin_label=&#8221;Andrea Lisi&#8221; _builder_version=&#8221;4.19.4&#8243; _module_preset=&#8221;ffc454fc-4619-41c0-8270-cd6704dad9d7&#8243; locked=&#8221;off&#8221; collapsed=&#8221;on&#8221; global_colors_info=&#8221;{}&#8221; theme_builder_area=&#8221;post_content&#8221;][et_pb_column type=&#8221;1_4&#8243; _builder_version=&#8221;4.19.4&#8243; _module_preset=&#8221;default&#8221; global_colors_info=&#8221;{}&#8221; theme_builder_area=&#8221;post_content&#8221;][et_pb_image src=&#8221;https:\/\/digitalgovernance.unipv.it\/edizione-2\/wp-content\/uploads\/sites\/3\/2022\/12\/Andrea-Lisi-e1675765985163.png&#8221; title_text=&#8221;Andrea Lisi&#8221; align=&#8221;center&#8221; _builder_version=&#8221;4.19.5&#8243; _module_preset=&#8221;default&#8221; max_width=&#8221;75%&#8221; max_width_tablet=&#8221;30%&#8221; max_width_phone=&#8221;60%&#8221; max_width_last_edited=&#8221;on|phone&#8221; custom_margin=&#8221;||10px||false|false&#8221; custom_margin_last_edited=&#8221;off|desktop&#8221; filter_saturate=&#8221;0%&#8221; filter_brightness=&#8221;123%&#8221; filter_sepia=&#8221;20%&#8221; filter_opacity=&#8221;80%&#8221; hover_enabled=&#8221;0&#8243; border_radii=&#8221;on|100%|100%|100%|100%&#8221; global_colors_info=&#8221;{}&#8221; theme_builder_area=&#8221;post_content&#8221; sticky_enabled=&#8221;0&#8243;][\/et_pb_image][et_pb_image src=&#8221;https:\/\/digitalgovernance.unipv.it\/edizione-2\/wp-content\/uploads\/sites\/3\/2020\/08\/LinkedIn.png&#8221; title_text=&#8221;Andrea Lisi &#8211; LinkedIn&#8221; url=&#8221;https:\/\/www.linkedin.com\/in\/andrea-lisi-401857\/&#8221; url_new_window=&#8221;on&#8221; _builder_version=&#8221;4.19.4&#8243; _module_preset=&#8221;66fdc792-6a64-4d10-a05a-90939e09bc21&#8243; global_colors_info=&#8221;{}&#8221; theme_builder_area=&#8221;post_content&#8221;][\/et_pb_image][\/et_pb_column][et_pb_column type=&#8221;3_4&#8243; _builder_version=&#8221;4.16&#8243; _module_preset=&#8221;default&#8221; global_colors_info=&#8221;{}&#8221; theme_builder_area=&#8221;post_content&#8221;][et_pb_text _builder_version=&#8221;4.19.5&#8243; _module_preset=&#8221;default&#8221; text_font_size=&#8221;18px&#8221; global_colors_info=&#8221;{}&#8221; theme_builder_area=&#8221;post_content&#8221;]<\/p>\n<h1 style=\"display: flex;\">Andrea Lisi<\/h1>\n<p>Titolare dello Studio Legale Lisi, Coordinatore del Digital &amp; Law Department, Presidente di ANORC Professioni e Presidente Onorario di ANORC<\/p>\n<p>[\/et_pb_text][et_pb_toggle title=&#8221;Informazioni&#8221; open_toggle_text_color=&#8221;#000000&#8243; closed_toggle_text_color=&#8221;#000000&#8243; _builder_version=&#8221;4.19.4&#8243; _module_preset=&#8221;default&#8221; title_level=&#8221;h1&#8243; title_font_size=&#8221;18px&#8221; body_text_align=&#8221;justify&#8221; background_color=&#8221;rgba(0,0,0,0)&#8221; text_orientation=&#8221;justified&#8221; custom_margin=&#8221;-16px||||false|false&#8221; custom_padding=&#8221;0px|||0px|false|false&#8221; border_width_all=&#8221;0px&#8221; global_colors_info=&#8221;{}&#8221; theme_builder_area=&#8221;post_content&#8221;]<\/p>\n<p>Si occupa di diritto applicato all\u2019informatica da pi\u00f9 di 20 anni.<\/p>\n<p>Oltre allo Studio Legale Lisi, coordina le realt\u00e0 di Digital&amp;Law e D&amp;L NET ed \u00e8 l\u2019ideatore della piattaforma DIGEAT +. E\u2019 il Presidente di ANORC Professioni e Presidente Onorario di ANORC.<\/p>\n<p>Collabora in tutta Italia con enti pubblici e aziende private, enti camerali, centri di ricerca, primarie societ\u00e0 fornendo progettazione, formazione, assistenza e consulenza legale sugli aspetti giuridici della digitalizzazione, della contrattualistica informatica, dell\u2019e-commerce e dell\u2019e-gov, della sicurezza informatica e della protezione dei dati.<\/p>\n<p>Riveste il ruolo di Direttore scientifico di numerosi Master e percorsi specialistici di settore, organizzati in collaborazione con Universit\u00e0 ed Enti di Formazione nazionali<\/p>\n<p>\u00c8 blogger su argomenti inerenti al diritto applicato all\u2019informatica per Huffington Post, Il Fatto Quotidiano, Key4biz.it e Filodiritto curatore della trasmissione \u201cLo ho-BIT \u2013 una digicrazia inaspettata\u201d ospitata su MRTV.it.<\/p>\n<p>[\/et_pb_toggle][\/et_pb_column][\/et_pb_row][et_pb_row column_structure=&#8221;1_4,3_4&#8243; admin_label=&#8221;Giovanni Marmini&#8221; _builder_version=&#8221;4.19.4&#8243; _module_preset=&#8221;ffc454fc-4619-41c0-8270-cd6704dad9d7&#8243; locked=&#8221;off&#8221; collapsed=&#8221;on&#8221; global_colors_info=&#8221;{}&#8221; theme_builder_area=&#8221;post_content&#8221;][et_pb_column type=&#8221;1_4&#8243; _builder_version=&#8221;4.19.4&#8243; _module_preset=&#8221;default&#8221; global_colors_info=&#8221;{}&#8221; theme_builder_area=&#8221;post_content&#8221;][et_pb_image src=&#8221;https:\/\/digitalgovernance.unipv.it\/edizione-2\/wp-content\/uploads\/sites\/3\/2023\/02\/Giovanni-Marmini.png&#8221; title_text=&#8221;Giovanni Marmini&#8221; align=&#8221;center&#8221; _builder_version=&#8221;4.19.4&#8243; _module_preset=&#8221;default&#8221; max_width_tablet=&#8221;50%&#8221; max_width_phone=&#8221;80%&#8221; max_width_last_edited=&#8221;off|desktop&#8221; custom_margin=&#8221;||10px||false|false&#8221; filter_saturate=&#8221;0%&#8221; filter_brightness=&#8221;97%&#8221; filter_sepia=&#8221;20%&#8221; filter_opacity=&#8221;80%&#8221; border_radii=&#8221;on|100%|100%|100%|100%&#8221; global_colors_info=&#8221;{}&#8221; theme_builder_area=&#8221;post_content&#8221;][\/et_pb_image][et_pb_image src=&#8221;https:\/\/digitalgovernance.unipv.it\/edizione-2\/wp-content\/uploads\/sites\/3\/2020\/08\/LinkedIn.png&#8221; title_text=&#8221;Giovanni Marmini &#8211; LinkedIn&#8221; url=&#8221;https:\/\/www.linkedin.com\/in\/giovanni-marmini-10546729\/&#8221; url_new_window=&#8221;on&#8221; _builder_version=&#8221;4.19.4&#8243; _module_preset=&#8221;66fdc792-6a64-4d10-a05a-90939e09bc21&#8243; global_colors_info=&#8221;{}&#8221; theme_builder_area=&#8221;post_content&#8221;][\/et_pb_image][\/et_pb_column][et_pb_column type=&#8221;3_4&#8243; _builder_version=&#8221;4.16&#8243; _module_preset=&#8221;default&#8221; global_colors_info=&#8221;{}&#8221; theme_builder_area=&#8221;post_content&#8221;][et_pb_text _builder_version=&#8221;4.19.4&#8243; _module_preset=&#8221;default&#8221; text_font_size=&#8221;18px&#8221; global_colors_info=&#8221;{}&#8221; theme_builder_area=&#8221;post_content&#8221;]<\/p>\n<h1 style=\"display: flex;\">Giovanni Marmini<\/h1>\n<p>Sales and business developer manager at TUV Thuringen Italia s.r.l.<\/p>\n<p>[\/et_pb_text][et_pb_toggle title=&#8221;Informazioni&#8221; open_toggle_text_color=&#8221;#000000&#8243; closed_toggle_text_color=&#8221;#000000&#8243; _builder_version=&#8221;4.19.4&#8243; _module_preset=&#8221;default&#8221; title_level=&#8221;h1&#8243; title_font_size=&#8221;18px&#8221; body_text_align=&#8221;justify&#8221; background_color=&#8221;rgba(0,0,0,0)&#8221; text_orientation=&#8221;justified&#8221; custom_margin=&#8221;-16px||||false|false&#8221; custom_padding=&#8221;0px|||0px|false|false&#8221; border_width_all=&#8221;0px&#8221; global_colors_info=&#8221;{}&#8221; theme_builder_area=&#8221;post_content&#8221;]<\/p>\n<p>Giovanni Marmini laureato alla facolt\u00e0 di economia di Ferrara nel 2005 inizio subito dopo la laurea con una esperienza in ambito pubblico per il supporto alla redazione del bilancio sociale per il comune di Portomaggiore nell\u2019ambito di un progetto post universitario.<\/p>\n<p>Terminata l\u2019esperienza nel pubblico inizia la carriera negli organismi di certificazione con il ruolo di sales manager, prima in ECO certificazioni spa poi in Dekra certification. Dal 2010 ricopro il ruolo di business development manager in TUV thuringen Italia, oltre allo sviluppo commerciale si affianca l\u2019attivit\u00e0 di auditor di terza parte per i sistemi qualit\u00e0, attivit\u00e0 svolta di pari passo con incarichi di formazione in merito a tematiche inerenti la certificazione ovvero l\u2019organizzazione aziendale e lo sviluppo commerciale.<\/p>\n<p>Nell\u2019ultimo triennio ho ampliato il campo di azione inserendo le tematiche della sostenibilit\u00e0 e dell\u2019ottimizzazione dei processi aziendali.<\/p>\n<p>[\/et_pb_toggle][\/et_pb_column][\/et_pb_row][et_pb_row column_structure=&#8221;1_4,3_4&#8243; admin_label=&#8221;Andrea Chiozzi&#8221; _builder_version=&#8221;4.19.4&#8243; _module_preset=&#8221;ffc454fc-4619-41c0-8270-cd6704dad9d7&#8243; locked=&#8221;off&#8221; collapsed=&#8221;on&#8221; global_colors_info=&#8221;{}&#8221; theme_builder_area=&#8221;post_content&#8221;][et_pb_column type=&#8221;1_4&#8243; _builder_version=&#8221;4.19.4&#8243; _module_preset=&#8221;default&#8221; global_colors_info=&#8221;{}&#8221; theme_builder_area=&#8221;post_content&#8221;][et_pb_image src=&#8221;https:\/\/digitalgovernance.unipv.it\/edizione-2\/wp-content\/uploads\/sites\/3\/2023\/02\/Andrea-Chiozzi-e1675843954562.jpg&#8221; title_text=&#8221;Andrea Chiozzi&#8221; align=&#8221;center&#8221; _builder_version=&#8221;4.19.4&#8243; _module_preset=&#8221;default&#8221; max_width_tablet=&#8221;50%&#8221; max_width_phone=&#8221;80%&#8221; max_width_last_edited=&#8221;off|desktop&#8221; custom_margin=&#8221;||10px||false|false&#8221; filter_saturate=&#8221;0%&#8221; filter_brightness=&#8221;104%&#8221; filter_sepia=&#8221;20%&#8221; filter_opacity=&#8221;80%&#8221; border_radii=&#8221;on|100%|100%|100%|100%&#8221; global_colors_info=&#8221;{}&#8221; theme_builder_area=&#8221;post_content&#8221;][\/et_pb_image][et_pb_image src=&#8221;https:\/\/digitalgovernance.unipv.it\/edizione-2\/wp-content\/uploads\/sites\/3\/2020\/08\/LinkedIn.png&#8221; title_text=&#8221;Andrea Chiozzi &#8211; LinkedIn&#8221; url=&#8221;https:\/\/www.linkedin.com\/in\/andreachiozzi\/&#8221; url_new_window=&#8221;on&#8221; _builder_version=&#8221;4.19.4&#8243; _module_preset=&#8221;66fdc792-6a64-4d10-a05a-90939e09bc21&#8243; global_colors_info=&#8221;{}&#8221; theme_builder_area=&#8221;post_content&#8221;][\/et_pb_image][\/et_pb_column][et_pb_column type=&#8221;3_4&#8243; _builder_version=&#8221;4.16&#8243; _module_preset=&#8221;default&#8221; global_colors_info=&#8221;{}&#8221; theme_builder_area=&#8221;post_content&#8221;][et_pb_text _builder_version=&#8221;4.19.5&#8243; _module_preset=&#8221;default&#8221; text_font_size=&#8221;18px&#8221; global_colors_info=&#8221;{}&#8221; theme_builder_area=&#8221;post_content&#8221;]<\/p>\n<h1 style=\"display: flex;\">Andrea Chiozzi<\/h1>\n<p>Founder di Privacy LAB \/ Ceo presso Raise Academy \/ Esperto GDPR &#8211; Privacy &#8211; Protezione Dei Dati<\/p>\n<p>[\/et_pb_text][et_pb_toggle title=&#8221;Informazioni&#8221; open_toggle_text_color=&#8221;#000000&#8243; closed_toggle_text_color=&#8221;#000000&#8243; _builder_version=&#8221;4.19.4&#8243; _module_preset=&#8221;default&#8221; title_level=&#8221;h1&#8243; title_font_size=&#8221;18px&#8221; body_text_align=&#8221;justify&#8221; background_color=&#8221;rgba(0,0,0,0)&#8221; text_orientation=&#8221;justified&#8221; custom_margin=&#8221;-16px||||false|false&#8221; custom_padding=&#8221;0px|||0px|false|false&#8221; border_width_all=&#8221;0px&#8221; global_colors_info=&#8221;{}&#8221; theme_builder_area=&#8221;post_content&#8221;]<\/p>\n<p>Andrea Chiozzi da 19 anni si occupa a tempo pieno di Privacy, di cui si definisce l&#8217;Evangelist.<\/p>\n<p>E&#8217; l&#8217;ideatore del software PrivacyLab GDPR, Esperto di privacy e protezione dei dati personali.Fa parte del Comitato Scientifico GDPR di Torino Wireless, Raise Academy e di Agile CLASS.<\/p>\n<p>[\/et_pb_toggle][\/et_pb_column][\/et_pb_row][et_pb_row column_structure=&#8221;1_4,3_4&#8243; admin_label=&#8221;Roberto Marmo&#8221; _builder_version=&#8221;4.19.4&#8243; _module_preset=&#8221;ffc454fc-4619-41c0-8270-cd6704dad9d7&#8243; locked=&#8221;off&#8221; collapsed=&#8221;on&#8221; global_colors_info=&#8221;{}&#8221; theme_builder_area=&#8221;post_content&#8221;][et_pb_column type=&#8221;1_4&#8243; _builder_version=&#8221;4.19.4&#8243; _module_preset=&#8221;default&#8221; global_colors_info=&#8221;{}&#8221; theme_builder_area=&#8221;post_content&#8221;][et_pb_image src=&#8221;https:\/\/digitalgovernance.unipv.it\/edizione-2\/wp-content\/uploads\/sites\/3\/2022\/12\/Roberto-Marmo-e1675766024115.jpg&#8221; title_text=&#8221;Roberto Marmo&#8221; align=&#8221;center&#8221; _builder_version=&#8221;4.19.4&#8243; _module_preset=&#8221;default&#8221; max_width_tablet=&#8221;50%&#8221; max_width_phone=&#8221;80%&#8221; max_width_last_edited=&#8221;off|desktop&#8221; custom_margin=&#8221;||10px||false|false&#8221; filter_saturate=&#8221;0%&#8221; filter_brightness=&#8221;123%&#8221; filter_sepia=&#8221;20%&#8221; filter_opacity=&#8221;80%&#8221; border_radii=&#8221;on|100%|100%|100%|100%&#8221; global_colors_info=&#8221;{}&#8221; theme_builder_area=&#8221;post_content&#8221;][\/et_pb_image][et_pb_image src=&#8221;https:\/\/digitalgovernance.unipv.it\/edizione-2\/wp-content\/uploads\/sites\/3\/2020\/08\/LinkedIn.png&#8221; title_text=&#8221;Roberto Marmo &#8211; LinkedIn&#8221; url=&#8221;https:\/\/www.linkedin.com\/in\/robertomarmo\/&#8221; url_new_window=&#8221;on&#8221; _builder_version=&#8221;4.19.4&#8243; _module_preset=&#8221;66fdc792-6a64-4d10-a05a-90939e09bc21&#8243; global_colors_info=&#8221;{}&#8221; theme_builder_area=&#8221;post_content&#8221;][\/et_pb_image][\/et_pb_column][et_pb_column type=&#8221;3_4&#8243; _builder_version=&#8221;4.16&#8243; _module_preset=&#8221;default&#8221; global_colors_info=&#8221;{}&#8221; theme_builder_area=&#8221;post_content&#8221;][et_pb_text _builder_version=&#8221;4.19.4&#8243; _module_preset=&#8221;default&#8221; text_font_size=&#8221;18px&#8221; global_colors_info=&#8221;{}&#8221; theme_builder_area=&#8221;post_content&#8221;]<\/p>\n<h1 style=\"display: flex;\">Roberto Marmo<\/h1>\n<p>Data Scientist, Professore a contratto di Informatica presso la Facolt\u00e0 di Ingegneria Universit\u00e0 Pavia<\/p>\n<p>[\/et_pb_text][et_pb_toggle title=&#8221;Informazioni&#8221; open_toggle_text_color=&#8221;#000000&#8243; closed_toggle_text_color=&#8221;#000000&#8243; _builder_version=&#8221;4.19.4&#8243; _module_preset=&#8221;default&#8221; title_level=&#8221;h1&#8243; title_font_size=&#8221;18px&#8221; body_text_align=&#8221;justify&#8221; background_color=&#8221;rgba(0,0,0,0)&#8221; text_orientation=&#8221;justified&#8221; custom_margin=&#8221;-16px||||false|false&#8221; custom_padding=&#8221;0px|||0px|false|false&#8221; border_width_all=&#8221;0px&#8221; global_colors_info=&#8221;{}&#8221; theme_builder_area=&#8221;post_content&#8221;]<\/p>\n<p>Mi definisco &#8220;Data Scientist&#8221; ovvero scienziato in grado di trovare dati, ripulire, elaborare ed estrarre informazioni da cui ricavare la conoscenza utile per risolvere problemi e fare scoperte.<br \/>Svolgo consulenza in azienda e formazione in Universit\u00e0, master, aziende, enti vari.<\/p>\n<p>Sono laureato in Scienze dell&#8217;Informazione (Informatica). Ho conseguito il Dottorato di Ricerca come PhD. in Ingegneria dell&#8217;Informazione, in cui ho studiato la visione artificiale (computer vision) creata con intelligenza artificiale e vari approcci hardware\/software, presso il Computer Vision and Multimedia Lab della Facolt\u00e0 di Ingegneria in Universit\u00e0 di Pavia.<br \/>Sono Professore a Contratto per A.A. 2021\/22 in Informatica nell&#8217;Universit\u00e0 di Pavia.<\/p>\n<p>L&#8217;interesse per l&#8217;informatica \u00e8 nato nel 1984 con il Commodore VIC 20 seguito dal Commodore 64. Durante la laurea ho superato un esame extra di Filosofia della Scienza, per conoscere il metodo scientifico con cui raggiungere una conoscenza della realt\u00e0 oggettiva, affidabile, verificabile e condivisibile.<\/p>\n<p>Dal 2008 mi interessa studiare l&#8217;analisi statistica e la programmazione di applicazioni software per i social network, per cercare informazioni su internet, data mining in generale e social media mining per informazioni nei social media, vendere con social commerce, marketing digitale.<br \/>Scrivo su blog, articoli e libri perch\u00e9 voglio divulgare la conoscenza che, nel mio piccolo, riesco a creare per la crescita della societ\u00e0 civile.<\/p>\n<p>[\/et_pb_toggle][\/et_pb_column][\/et_pb_row][et_pb_row column_structure=&#8221;1_4,3_4&#8243; admin_label=&#8221;Mauro Alovisio&#8221; _builder_version=&#8221;4.19.4&#8243; _module_preset=&#8221;ffc454fc-4619-41c0-8270-cd6704dad9d7&#8243; locked=&#8221;off&#8221; collapsed=&#8221;on&#8221; global_colors_info=&#8221;{}&#8221; theme_builder_area=&#8221;post_content&#8221;][et_pb_column type=&#8221;1_4&#8243; _builder_version=&#8221;4.19.4&#8243; _module_preset=&#8221;default&#8221; global_colors_info=&#8221;{}&#8221; theme_builder_area=&#8221;post_content&#8221;][et_pb_image src=&#8221;https:\/\/digitalgovernance.unipv.it\/edizione-2\/wp-content\/uploads\/sites\/3\/2023\/02\/Mauro-Alovisio.jpeg&#8221; title_text=&#8221;Mauro-Alovisio&#8221; align=&#8221;center&#8221; _builder_version=&#8221;4.19.4&#8243; _module_preset=&#8221;default&#8221; max_width_tablet=&#8221;50%&#8221; max_width_phone=&#8221;80%&#8221; max_width_last_edited=&#8221;off|desktop&#8221; custom_margin=&#8221;||10px||false|false&#8221; filter_saturate=&#8221;0%&#8221; filter_brightness=&#8221;123%&#8221; filter_sepia=&#8221;20%&#8221; filter_opacity=&#8221;80%&#8221; border_radii=&#8221;on|100%|100%|100%|100%&#8221; global_colors_info=&#8221;{}&#8221; theme_builder_area=&#8221;post_content&#8221;][\/et_pb_image][et_pb_image src=&#8221;https:\/\/digitalgovernance.unipv.it\/edizione-2\/wp-content\/uploads\/sites\/3\/2020\/08\/LinkedIn.png&#8221; title_text=&#8221;Mauro Alovisio &#8211; LinkedIn&#8221; url=&#8221;https:\/\/www.linkedin.com\/in\/mauro-alovisio-b315117\/&#8221; url_new_window=&#8221;on&#8221; _builder_version=&#8221;4.19.4&#8243; _module_preset=&#8221;66fdc792-6a64-4d10-a05a-90939e09bc21&#8243; global_colors_info=&#8221;{}&#8221; theme_builder_area=&#8221;post_content&#8221;][\/et_pb_image][\/et_pb_column][et_pb_column type=&#8221;3_4&#8243; _builder_version=&#8221;4.16&#8243; _module_preset=&#8221;default&#8221; global_colors_info=&#8221;{}&#8221; theme_builder_area=&#8221;post_content&#8221;][et_pb_text _builder_version=&#8221;4.19.4&#8243; _module_preset=&#8221;default&#8221; text_font_size=&#8221;18px&#8221; global_colors_info=&#8221;{}&#8221; theme_builder_area=&#8221;post_content&#8221;]<\/p>\n<h1 style=\"display: flex;\">Mauro Alovisio<\/h1>\n<p>Avvocato presso Universit\u00e0 degli Studi di Torino<\/p>\n<p>[\/et_pb_text][et_pb_toggle title=&#8221;Informazioni&#8221; open_toggle_text_color=&#8221;#000000&#8243; closed_toggle_text_color=&#8221;#000000&#8243; _builder_version=&#8221;4.19.4&#8243; _module_preset=&#8221;default&#8221; title_level=&#8221;h1&#8243; title_font_size=&#8221;18px&#8221; body_text_align=&#8221;justify&#8221; background_color=&#8221;rgba(0,0,0,0)&#8221; text_orientation=&#8221;justified&#8221; custom_margin=&#8221;-16px||||false|false&#8221; custom_padding=&#8221;0px|||0px|false|false&#8221; border_width_all=&#8221;0px&#8221; global_colors_info=&#8221;{}&#8221; theme_builder_area=&#8221;post_content&#8221;]<\/p>\n<p>Coordinatore del corso di perfezionamento in materia di GDPR dell\u2019Universit\u00e0 degli Studi di Torino, si occupa del diritto delle nuove tecnologie; formatore; \u00e8 autore di molteplici pubblicazioni in materia di GDPR videocontrollo e imprese.<\/p>\n<p>[\/et_pb_toggle][\/et_pb_column][\/et_pb_row][et_pb_row column_structure=&#8221;1_4,3_4&#8243; admin_label=&#8221;Giovanni Ziccardi&#8221; _builder_version=&#8221;4.19.4&#8243; _module_preset=&#8221;ffc454fc-4619-41c0-8270-cd6704dad9d7&#8243; locked=&#8221;off&#8221; collapsed=&#8221;on&#8221; global_colors_info=&#8221;{}&#8221; theme_builder_area=&#8221;post_content&#8221;][et_pb_column type=&#8221;1_4&#8243; _builder_version=&#8221;4.19.4&#8243; _module_preset=&#8221;default&#8221; global_colors_info=&#8221;{}&#8221; theme_builder_area=&#8221;post_content&#8221;][et_pb_image src=&#8221;https:\/\/digitalgovernance.unipv.it\/edizione-2\/wp-content\/uploads\/sites\/3\/2023\/02\/Giovanni-Ziccardi.jpg&#8221; title_text=&#8221;Giovanni-Ziccardi&#8221; align=&#8221;center&#8221; _builder_version=&#8221;4.19.4&#8243; _module_preset=&#8221;default&#8221; max_width_tablet=&#8221;50%&#8221; max_width_phone=&#8221;80%&#8221; max_width_last_edited=&#8221;off|desktop&#8221; custom_margin=&#8221;||10px||false|false&#8221; filter_saturate=&#8221;0%&#8221; filter_brightness=&#8221;123%&#8221; filter_sepia=&#8221;20%&#8221; filter_opacity=&#8221;80%&#8221; border_radii=&#8221;on|100%|100%|100%|100%&#8221; global_colors_info=&#8221;{}&#8221; theme_builder_area=&#8221;post_content&#8221;][\/et_pb_image][et_pb_image src=&#8221;https:\/\/digitalgovernance.unipv.it\/edizione-2\/wp-content\/uploads\/sites\/3\/2020\/08\/LinkedIn.png&#8221; title_text=&#8221;Giovanni Ziccardi &#8211; LinkedIn&#8221; url=&#8221;https:\/\/www.linkedin.com\/in\/giovanni-ziccardi-8a05471\/&#8221; url_new_window=&#8221;on&#8221; _builder_version=&#8221;4.19.4&#8243; _module_preset=&#8221;66fdc792-6a64-4d10-a05a-90939e09bc21&#8243; global_colors_info=&#8221;{}&#8221; theme_builder_area=&#8221;post_content&#8221;][\/et_pb_image][\/et_pb_column][et_pb_column type=&#8221;3_4&#8243; _builder_version=&#8221;4.16&#8243; _module_preset=&#8221;default&#8221; global_colors_info=&#8221;{}&#8221; theme_builder_area=&#8221;post_content&#8221;][et_pb_text _builder_version=&#8221;4.19.4&#8243; _module_preset=&#8221;default&#8221; text_font_size=&#8221;18px&#8221; global_colors_info=&#8221;{}&#8221; theme_builder_area=&#8221;post_content&#8221;]<\/p>\n<h1 style=\"display: flex;\">Giovanni Ziccardi<\/h1>\n<p>Professore di Informatica Giuridica \u2013 Universit\u00e0 degli Studi di Milano<\/p>\n<p>[\/et_pb_text][et_pb_toggle title=&#8221;Informazioni&#8221; open_toggle_text_color=&#8221;#000000&#8243; closed_toggle_text_color=&#8221;#000000&#8243; _builder_version=&#8221;4.19.4&#8243; _module_preset=&#8221;default&#8221; title_level=&#8221;h1&#8243; title_font_size=&#8221;18px&#8221; body_text_align=&#8221;justify&#8221; background_color=&#8221;rgba(0,0,0,0)&#8221; text_orientation=&#8221;justified&#8221; custom_margin=&#8221;-16px||||false|false&#8221; custom_padding=&#8221;0px|||0px|false|false&#8221; border_width_all=&#8221;0px&#8221; global_colors_info=&#8221;{}&#8221; theme_builder_area=&#8221;post_content&#8221;]<\/p>\n<p>Giovanni Ziccardi (Castelfranco Emilia, 1969) \u00e8 professore di \u201cInformatica Giuridica\u201d presso l\u2019Universit\u00e0 di Milano. Gi\u00e0 Professore Jean Monnet nel corso di \u201cEuropean Union Data Governance and Cybersecurity dal 2019 al 2022, insegna criminalit\u00e0 informatica al Master in diritto delle nuove tecnologie dell\u2019Universit\u00e0 di Bologna.<\/p>\n<p>Coordinatore Scientifico del Centro di Ricerca Coordinato in \u201cInformation Society Law\u201d (ISLC), \u00e8 componente del Comitato Etico e del Comitato Sicurezza dell\u2019Ateneo milanese. Avvocato e pubblicista, \u00e8 laureato in Giurisprudenza presso l\u2019Universit\u00e0 di Modena e dottore di ricerca presso l\u2019Universit\u00e0 di Bologna. I suoi ultimi lavori sono sui diritti digitali (\u201cDiritti digitali\u201d, Raffaello Cortina Editore, Milano, 2022), sull\u2019uso delle tecnologie in politica (\u201cTecnologie per il potere\u201d, Raffaello Cortina, 2019), sulla resistenza elettronica (\u201cResistance, Liberation Technology and Human Rights in the Digital Age\u201d, Springer, 2012), sulla societ\u00e0 controllata (\u201cInternet, controllo e libert\u00e0\u201d, Raffaello Cortina, 2015), sulle espressioni d\u2019odio (\u201cL\u2019odio online\u201d, Raffaello Cortina, 2016) e sulla morte digitale (\u201cIl Libro Digitale dei Morti\u201d, UTET, 2017).<\/p>\n<p>Ha pubblicato articoli scientifici in Italia, Europa e Giappone e monografie con i pi\u00f9 importanti editori nazionali e internazionali. Dirige una rivista scientifica, \u201cCiberspazio e Diritto\u201d; collabora con \u201cil Mulino\u201d, \u201cDoppiozero\u201d, \u201cil Fatto Quotidiano\u201d, \u201cil Corriere della Sera\u201d e \u201cl\u2019Enciclopedia Italiana Treccani\u201d.<\/p>\n<p>[\/et_pb_toggle][\/et_pb_column][\/et_pb_row][et_pb_row column_structure=&#8221;1_4,3_4&#8243; admin_label=&#8221;Simona Persi&#8221; _builder_version=&#8221;4.19.4&#8243; _module_preset=&#8221;ffc454fc-4619-41c0-8270-cd6704dad9d7&#8243; locked=&#8221;off&#8221; collapsed=&#8221;off&#8221; global_colors_info=&#8221;{}&#8221; theme_builder_area=&#8221;post_content&#8221;][et_pb_column type=&#8221;1_4&#8243; _builder_version=&#8221;4.19.4&#8243; _module_preset=&#8221;default&#8221; global_colors_info=&#8221;{}&#8221; theme_builder_area=&#8221;post_content&#8221;][et_pb_image src=&#8221;https:\/\/digitalgovernance.unipv.it\/edizione-2\/wp-content\/uploads\/sites\/3\/2023\/02\/Simona-Persi-e1675766941836.jpg&#8221; title_text=&#8221;Simona Persi&#8221; align=&#8221;center&#8221; _builder_version=&#8221;4.19.4&#8243; _module_preset=&#8221;default&#8221; max_width_tablet=&#8221;50%&#8221; max_width_phone=&#8221;80%&#8221; max_width_last_edited=&#8221;off|desktop&#8221; custom_margin=&#8221;||10px||false|false&#8221; filter_saturate=&#8221;0%&#8221; filter_sepia=&#8221;20%&#8221; filter_opacity=&#8221;80%&#8221; border_radii=&#8221;on|100%|100%|100%|100%&#8221; global_colors_info=&#8221;{}&#8221; theme_builder_area=&#8221;post_content&#8221;][\/et_pb_image][et_pb_image src=&#8221;https:\/\/digitalgovernance.unipv.it\/edizione-2\/wp-content\/uploads\/sites\/3\/2020\/08\/LinkedIn.png&#8221; title_text=&#8221;Simona Persi &#8211; LinkedIn&#8221; url=&#8221;https:\/\/www.linkedin.com\/in\/simona-persi-57b885136\/&#8221; url_new_window=&#8221;on&#8221; _builder_version=&#8221;4.19.4&#8243; _module_preset=&#8221;66fdc792-6a64-4d10-a05a-90939e09bc21&#8243; global_colors_info=&#8221;{}&#8221; theme_builder_area=&#8221;post_content&#8221;][\/et_pb_image][\/et_pb_column][et_pb_column type=&#8221;3_4&#8243; _builder_version=&#8221;4.16&#8243; _module_preset=&#8221;default&#8221; global_colors_info=&#8221;{}&#8221; theme_builder_area=&#8221;post_content&#8221;][et_pb_text _builder_version=&#8221;4.19.4&#8243; _module_preset=&#8221;default&#8221; text_font_size=&#8221;18px&#8221; global_colors_info=&#8221;{}&#8221; theme_builder_area=&#8221;post_content&#8221;]<\/p>\n<h1 style=\"display: flex;\">Simona Persi<\/h1>\n<p>Consulenza legale &#8211; Protezione Dati Personali &#8211; D.P.O.<\/p>\n<p>[\/et_pb_text][et_pb_toggle title=&#8221;Informazioni&#8221; open_toggle_text_color=&#8221;#000000&#8243; closed_toggle_text_color=&#8221;#000000&#8243; _builder_version=&#8221;4.19.4&#8243; _module_preset=&#8221;default&#8221; title_level=&#8221;h1&#8243; title_font_size=&#8221;18px&#8221; body_text_align=&#8221;justify&#8221; background_color=&#8221;rgba(0,0,0,0)&#8221; text_orientation=&#8221;justified&#8221; custom_margin=&#8221;-16px||||false|false&#8221; custom_padding=&#8221;0px|||0px|false|false&#8221; border_width_all=&#8221;0px&#8221; global_colors_info=&#8221;{}&#8221; theme_builder_area=&#8221;post_content&#8221;]<\/p>\n<p>Simona Persi, laureata in giurisprudenza, si occupa di protezione dati personali svolgendo prevalentemente ruolo di DPO presso diversi Enti pubblici.<\/p>\n<p>Ha maturato diverse esperienze come relatrice in diversi convegni di approfondimento sulla tematica della protezione dei dati.<\/p>\n<p>\u00c8 coautrice della rivista \u201cCompliance\u201d intitolata Il Modello organizzativo privacy \u2013 MOP\u201d \u2013 edita da Giuffr\u00e8 Francis Lefebvre<\/p>\n<p>[\/et_pb_toggle][\/et_pb_column][\/et_pb_row][et_pb_row column_structure=&#8221;1_4,3_4&#8243; admin_label=&#8221;Nadia Zabbeo&#8221; _builder_version=&#8221;4.19.4&#8243; _module_preset=&#8221;ffc454fc-4619-41c0-8270-cd6704dad9d7&#8243; locked=&#8221;off&#8221; collapsed=&#8221;off&#8221; global_colors_info=&#8221;{}&#8221; theme_builder_area=&#8221;post_content&#8221;][et_pb_column type=&#8221;1_4&#8243; _builder_version=&#8221;4.19.4&#8243; _module_preset=&#8221;default&#8221; global_colors_info=&#8221;{}&#8221; theme_builder_area=&#8221;post_content&#8221;][et_pb_image src=&#8221;https:\/\/digitalgovernance.unipv.it\/edizione-2\/wp-content\/uploads\/sites\/3\/2022\/12\/Nadia-Zabbeo.jpg&#8221; title_text=&#8221;Nadia Zabbeo&#8221; align=&#8221;center&#8221; _builder_version=&#8221;4.19.4&#8243; _module_preset=&#8221;default&#8221; max_width_tablet=&#8221;50%&#8221; max_width_phone=&#8221;80%&#8221; max_width_last_edited=&#8221;off|desktop&#8221; custom_margin=&#8221;||10px||false|false&#8221; filter_saturate=&#8221;0%&#8221; filter_brightness=&#8221;130%&#8221; filter_sepia=&#8221;20%&#8221; filter_opacity=&#8221;80%&#8221; border_radii=&#8221;on|100%|100%|100%|100%&#8221; global_colors_info=&#8221;{}&#8221; theme_builder_area=&#8221;post_content&#8221;][\/et_pb_image][et_pb_image src=&#8221;https:\/\/digitalgovernance.unipv.it\/edizione-2\/wp-content\/uploads\/sites\/3\/2020\/08\/LinkedIn.png&#8221; title_text=&#8221;Nadia Zabbeo &#8211; LinkedIn&#8221; url=&#8221;https:\/\/www.linkedin.com\/in\/nadiazabbeo\/&#8221; url_new_window=&#8221;on&#8221; _builder_version=&#8221;4.19.4&#8243; _module_preset=&#8221;66fdc792-6a64-4d10-a05a-90939e09bc21&#8243; global_colors_info=&#8221;{}&#8221; theme_builder_area=&#8221;post_content&#8221;][\/et_pb_image][\/et_pb_column][et_pb_column type=&#8221;3_4&#8243; _builder_version=&#8221;4.16&#8243; _module_preset=&#8221;default&#8221; global_colors_info=&#8221;{}&#8221; theme_builder_area=&#8221;post_content&#8221;][et_pb_text _builder_version=&#8221;4.19.4&#8243; _module_preset=&#8221;default&#8221; text_font_size=&#8221;18px&#8221; global_colors_info=&#8221;{}&#8221; theme_builder_area=&#8221;post_content&#8221;]<\/p>\n<h1 style=\"display: flex;\">Nadia Zabbeo<\/h1>\n<p>Consulente e Formatore in Cybersecurity\/Data Protection e Web Psychology &#8211; Auditor\/ Lead Auditor ISO IEC 27001 e ISO IEC 27701.<\/p>\n<p>[\/et_pb_text][et_pb_toggle title=&#8221;Informazioni&#8221; open_toggle_text_color=&#8221;#000000&#8243; closed_toggle_text_color=&#8221;#000000&#8243; _builder_version=&#8221;4.19.4&#8243; _module_preset=&#8221;default&#8221; title_level=&#8221;h1&#8243; title_font_size=&#8221;18px&#8221; body_text_align=&#8221;justify&#8221; background_color=&#8221;rgba(0,0,0,0)&#8221; text_orientation=&#8221;justified&#8221; custom_margin=&#8221;-16px||||false|false&#8221; custom_padding=&#8221;0px|||0px|false|false&#8221; border_width_all=&#8221;0px&#8221; global_colors_info=&#8221;{}&#8221; theme_builder_area=&#8221;post_content&#8221;]<\/p>\n<p>Master\/Perfezionamento post-laurea &#8220;Strategie avanzate di applicazione del regolamento generale sulla protezione dei dati (Regolamento UE 2016\/679) c\/o la Facolt\u00e0 di Giurisprudenza. Perfezionamento &#8220;Esperto D.P.O. (Data Protection Officer)&#8221; riconosciuto da ADPOE (Associazione Data Protection Officer Europei)<\/p>\n<p>Percorso di Laurea: inizio studi in Giurisprudenza, poi cambio percorso universitario: ho ottenuto la laurea in Organizzazione Aziendale &amp; RU (Scienze dell&#8217;Amministrazione) in qualit\u00e0 di studente frequentante nel marzo 2006 (tesi in Organizzazione Aziendale).<\/p>\n<p>Dal 2017 ho intrapreso un lungo percorso formativo in Cybersecurity e GDPR (22 corsi recenti in Cybersecurity tra cui 2 con CISCO ) ho svolto gli esami previsti ottenendo i relativi attestati. Nel corso di laurea portato a termine ho imparato a gestire processi e procedure aziendali: competenze molto utili nella mappatura dei flussi di dati e nei processi e procedure di valutazione di impatto e di audit, valutazione sistemi di gestione.<\/p>\n<p>In passato mi sono occupata di HR; SMM e Neuromarketing: esperienze che mi hanno permesso di conoscere approfonditamente i modelli di comportamento degli utenti nell&#8217;Organizzazione e nel web ed il web-risk-management.<\/p>\n<p>Le mie competenze, allargate ed eterogenee, sono in grado di aiutare le aziende di qualsiasi dimensione, a proteggere i loro asset e ad essere compliant con la normativa in tema Data Protection.<\/p>\n<p>Opero sia individualmente come libera professionista sia per conto di Enti accreditati in materia di Data Protection, offrendo percorsi formativi e consulenziali e conducendo analisi organizzative per evidenziare eventuali gap.<\/p>\n<p>[\/et_pb_toggle][\/et_pb_column][\/et_pb_row][\/et_pb_section]<\/p>\n","protected":false},"excerpt":{"rendered":"<p>L\u2019International School in Digital Governance \u00e8 promossa dal Centro Dipartimentale di Studi Giuridici, Storici e Sociali in tema di Ambiente e Gestione del Territorio del Dipartimento di Scienze Politiche e Sociali dell\u2019Universit\u00e0 degli Studi di Pavia, in collaborazione con il Centro Interdipartimentale di Ricerca \u201cOrganizzazione e Governance della Pubblica Amministrazione\u201d dell\u2019Universit\u00e0 di Pavia, il Dipartimento [&hellip;]<\/p>\n","protected":false},"author":1,"featured_media":0,"parent":0,"menu_order":0,"comment_status":"closed","ping_status":"closed","template":"","meta":{"_et_pb_use_builder":"on","_et_pb_old_content":"","_et_gb_content_width":"","footnotes":""},"class_list":["post-2737","page","type-page","status-publish","hentry"],"_links":{"self":[{"href":"https:\/\/digitalgovernance.unipv.it\/edizione-2\/wp-json\/wp\/v2\/pages\/2737"}],"collection":[{"href":"https:\/\/digitalgovernance.unipv.it\/edizione-2\/wp-json\/wp\/v2\/pages"}],"about":[{"href":"https:\/\/digitalgovernance.unipv.it\/edizione-2\/wp-json\/wp\/v2\/types\/page"}],"author":[{"embeddable":true,"href":"https:\/\/digitalgovernance.unipv.it\/edizione-2\/wp-json\/wp\/v2\/users\/1"}],"replies":[{"embeddable":true,"href":"https:\/\/digitalgovernance.unipv.it\/edizione-2\/wp-json\/wp\/v2\/comments?post=2737"}],"version-history":[{"count":67,"href":"https:\/\/digitalgovernance.unipv.it\/edizione-2\/wp-json\/wp\/v2\/pages\/2737\/revisions"}],"predecessor-version":[{"id":4415,"href":"https:\/\/digitalgovernance.unipv.it\/edizione-2\/wp-json\/wp\/v2\/pages\/2737\/revisions\/4415"}],"wp:attachment":[{"href":"https:\/\/digitalgovernance.unipv.it\/edizione-2\/wp-json\/wp\/v2\/media?parent=2737"}],"curies":[{"name":"wp","href":"https:\/\/api.w.org\/{rel}","templated":true}]}}