{"id":4013,"date":"2023-02-09T15:37:02","date_gmt":"2023-02-09T14:37:02","guid":{"rendered":"https:\/\/digitalgovernance.unipv.it\/edizione-2\/?page_id=4013"},"modified":"2023-02-13T13:34:50","modified_gmt":"2023-02-13T12:34:50","slug":"partners","status":"publish","type":"page","link":"https:\/\/digitalgovernance.unipv.it\/edizione-2\/partners\/","title":{"rendered":"Partners"},"content":{"rendered":"<p>[et_pb_section fb_built=&#8221;1&#8243; _builder_version=&#8221;4.19.4&#8243; _module_preset=&#8221;default&#8221; global_colors_info=&#8221;{}&#8221; theme_builder_area=&#8221;post_content&#8221;][et_pb_row _builder_version=&#8221;4.19.4&#8243; _module_preset=&#8221;d783c9cb-e1b0-47c4-bd86-f980460272c5&#8243; global_colors_info=&#8221;{}&#8221; theme_builder_area=&#8221;post_content&#8221;][et_pb_column type=&#8221;4_4&#8243; _builder_version=&#8221;4.19.4&#8243; _module_preset=&#8221;default&#8221; global_colors_info=&#8221;{}&#8221; theme_builder_area=&#8221;post_content&#8221;][et_pb_cta title=&#8221;Patrocini&#8221; _builder_version=&#8221;4.19.4&#8243; _module_preset=&#8221;default&#8221; custom_padding=&#8221;||1em||false|false&#8221; global_colors_info=&#8221;{}&#8221; theme_builder_area=&#8221;post_content&#8221;][\/et_pb_cta][\/et_pb_column][\/et_pb_row][\/et_pb_section][et_pb_section fb_built=&#8221;1&#8243; admin_label=&#8221;Patrocini&#8221; _builder_version=&#8221;4.19.4&#8243; _module_preset=&#8221;default&#8221; global_module=&#8221;4290&#8243; saved_tabs=&#8221;all&#8221; collapsed=&#8221;off&#8221; global_colors_info=&#8221;{}&#8221; theme_builder_area=&#8221;post_content&#8221;][et_pb_row column_structure=&#8221;2_5,3_5&#8243; _builder_version=&#8221;4.19.4&#8243; _module_preset=&#8221;5644f18a-5e3a-4989-a117-6c377695320d&#8221; global_colors_info=&#8221;{}&#8221; theme_builder_area=&#8221;post_content&#8221;][et_pb_column type=&#8221;2_5&#8243; _builder_version=&#8221;4.19.4&#8243; _module_preset=&#8221;default&#8221; global_colors_info=&#8221;{}&#8221; theme_builder_area=&#8221;post_content&#8221;][et_pb_image src=&#8221;https:\/\/digitalgovernance.unipv.it\/edizione-2\/wp-content\/uploads\/sites\/3\/2023\/02\/Dipartimento-di-Scienze-Politiche.png&#8221; alt=&#8221;Universit\u00e0 degli Studi di Pavia &#8211; Dipartimento di Scienze Politiche e Sociali&#8221; title_text=&#8221;Universit\u00e0 degli Studi di Pavia &#8211; Dipartimento di Scienze Politiche e Sociali&#8221; _builder_version=&#8221;4.19.4&#8243; _module_preset=&#8221;c1a8a6ac-184f-487a-90ea-49a9285b3f2f&#8221; global_colors_info=&#8221;{}&#8221; theme_builder_area=&#8221;post_content&#8221;][\/et_pb_image][\/et_pb_column][et_pb_column type=&#8221;3_5&#8243; _builder_version=&#8221;4.19.4&#8243; _module_preset=&#8221;default&#8221; global_colors_info=&#8221;{}&#8221; theme_builder_area=&#8221;post_content&#8221;][et_pb_cta title=&#8221;Universit\u00e0 degli Studi di Pavia &#8211; Dipartimento di Scienze Politiche e Sociali&#8221; button_url=&#8221;https:\/\/scienzepolitichesociali.dip.unipv.it\/it&#8221; url_new_window=&#8221;on&#8221; button_text=&#8221;Visita il sito&#8221; _builder_version=&#8221;4.19.4&#8243; _module_preset=&#8221;3e8dcb47-6f8c-4542-bce7-544ef7d4ffa4&#8243; global_colors_info=&#8221;{}&#8221; theme_builder_area=&#8221;post_content&#8221;]<\/p>\n<p>Il Dipartimento di Scienze Politiche e Sociali, gi\u00e0 Facolt\u00e0 di Scienze Politiche fondata nel 1926, \u00e8 una comunit\u00e0 scientifica multidisciplinare nella quale trovano posto campi di studio afferenti alle scienze politiche, alla filosofia politica, all\u2019economia, alle scienze statistiche, alla scienze storiche in tutte le loro declinazioni e agli studi di area e delle relazioni internazionali, alle scienze giuridiche, alla sociologia e alle scienze della comunicazione istituzionale e di mercato.<\/p>\n<p>[\/et_pb_cta][\/et_pb_column][\/et_pb_row][et_pb_row column_structure=&#8221;2_5,3_5&#8243; admin_label=&#8221;Universit\u00e0 degli Studi di Pavia &#8211; Dipartimento di Dipartimento di Medicina Interna e Terapia Medica&#8221; _builder_version=&#8221;4.19.4&#8243; _module_preset=&#8221;5644f18a-5e3a-4989-a117-6c377695320d&#8221; global_colors_info=&#8221;{}&#8221; theme_builder_area=&#8221;post_content&#8221;][et_pb_column type=&#8221;2_5&#8243; _builder_version=&#8221;4.19.4&#8243; _module_preset=&#8221;default&#8221; global_colors_info=&#8221;{}&#8221; theme_builder_area=&#8221;post_content&#8221;][et_pb_image src=&#8221;https:\/\/digitalgovernance.unipv.it\/edizione-2\/wp-content\/uploads\/sites\/3\/2023\/02\/AMARANTO.png&#8221; alt=&#8221;Universit\u00e0 degli Studi di Pavia &#8211; Dipartimento di Medicina Interna e Terapia Medica&#8221; title_text=&#8221;AMARANTO&#8221; _builder_version=&#8221;4.19.4&#8243; _module_preset=&#8221;c1a8a6ac-184f-487a-90ea-49a9285b3f2f&#8221; global_colors_info=&#8221;{}&#8221; theme_builder_area=&#8221;post_content&#8221;][\/et_pb_image][\/et_pb_column][et_pb_column type=&#8221;3_5&#8243; _builder_version=&#8221;4.19.4&#8243; _module_preset=&#8221;default&#8221; global_colors_info=&#8221;{}&#8221; theme_builder_area=&#8221;post_content&#8221;][et_pb_cta title=&#8221;Universit\u00e0 degli Studi di Pavia &#8211; Dipartimento di Dipartimento di Medicina Interna e Terapia Medica&#8221; button_url=&#8221;http:\/\/medint.unipv.eu\/site\/home\/dipartimento.html&#8221; url_new_window=&#8221;on&#8221; button_text=&#8221;Visita il sito&#8221; _builder_version=&#8221;4.19.4&#8243; _module_preset=&#8221;3e8dcb47-6f8c-4542-bce7-544ef7d4ffa4&#8243; global_colors_info=&#8221;{}&#8221; theme_builder_area=&#8221;post_content&#8221;]<\/p>\n<p>Il Dipartimento di Medicina Interna e Terapia Medica \u00e8 stato istituito storicamente nel 1982 per aggregare gruppi di clinici e ricercatori che presentassero interessi scientifici e didattici comuni al fine di sviluppare progetti ad ampio respiro partendo dalle scienze di base per arrivare alle specialit\u00e0 mediche. Nel corso degli anni, per l&#8217;interesse suscitato nell&#8217;ambito universitario, il Dipartimento si \u00e8 arricchito di nuove sezioni raggiungendo il totale di 11 sezioni\/Unit\u00e0 e 53 componenti.<\/p>\n<p>[\/et_pb_cta][\/et_pb_column][\/et_pb_row][et_pb_row column_structure=&#8221;2_5,3_5&#8243; admin_label=&#8221;Universit\u00e0 degli Studi di Pavia &#8211; Centro Interdipartimentale di ricerca \u201cOrganizzazione e governance della Pubblica Amministrazione\u201d&#8221; _builder_version=&#8221;4.19.4&#8243; _module_preset=&#8221;5644f18a-5e3a-4989-a117-6c377695320d&#8221; global_colors_info=&#8221;{}&#8221; theme_builder_area=&#8221;post_content&#8221;][et_pb_column type=&#8221;2_5&#8243; _builder_version=&#8221;4.19.4&#8243; _module_preset=&#8221;default&#8221; global_colors_info=&#8221;{}&#8221; theme_builder_area=&#8221;post_content&#8221;][et_pb_image src=&#8221;https:\/\/digitalgovernance.unipv.it\/edizione-2\/wp-content\/uploads\/sites\/3\/2020\/10\/Centro-interdipartimentale.png&#8221; alt=&#8221;Universit\u00e0 degli Studi di Pavia &#8211; Centro interdipartimentale di ricerca. Organizzazione e governance della pubblica amministrazione&#8221; title_text=&#8221;Universit\u00e0 degli Studi di Pavia &#8211; Centro interdipartimentale di ricerca. Organizzazione e governance della pubblica amministrazione&#8221; _builder_version=&#8221;4.19.4&#8243; _module_preset=&#8221;c1a8a6ac-184f-487a-90ea-49a9285b3f2f&#8221; global_colors_info=&#8221;{}&#8221; theme_builder_area=&#8221;post_content&#8221;][\/et_pb_image][\/et_pb_column][et_pb_column type=&#8221;3_5&#8243; _builder_version=&#8221;4.19.4&#8243; _module_preset=&#8221;default&#8221; global_colors_info=&#8221;{}&#8221; theme_builder_area=&#8221;post_content&#8221;][et_pb_cta title=&#8221;Universit\u00e0 degli Studi di Pavia &#8211; Centro Interdipartimentale di ricerca \u201cOrganizzazione e governance della Pubblica Amministrazione\u201d&#8221; button_url=&#8221;https:\/\/portale.unipv.it\/it\/ricerca\/strutture-di-ricerca\/centri-di-ricerca\/centri-di-ricerca-interdipartimentali&#8221; url_new_window=&#8221;on&#8221; button_text=&#8221;Visita il sito&#8221; _builder_version=&#8221;4.19.4&#8243; _module_preset=&#8221;3e8dcb47-6f8c-4542-bce7-544ef7d4ffa4&#8243; global_colors_info=&#8221;{}&#8221; theme_builder_area=&#8221;post_content&#8221;]<\/p>\n<p>I Centri di ricerca interdipartimentali hanno lo scopo di sviluppare e coordinare importanti attivit\u00e0 pluriennali e interdisciplinari di ricerca di base e\/o applicata. Esse coinvolgono gruppi di ricerca di pi\u00f9 Dipartimenti e possono essere anche promosse e sostenute da Enti esterni all\u2019Universit\u00e0.<\/p>\n<p>[\/et_pb_cta][\/et_pb_column][\/et_pb_row][et_pb_row column_structure=&#8221;2_5,3_5&#8243; disabled_on=&#8221;off|off|off&#8221; admin_label=&#8221;Garante per la protezione dei dati personali&#8221; _builder_version=&#8221;4.19.4&#8243; _module_preset=&#8221;5644f18a-5e3a-4989-a117-6c377695320d&#8221; global_colors_info=&#8221;{}&#8221; theme_builder_area=&#8221;post_content&#8221;][et_pb_column type=&#8221;2_5&#8243; _builder_version=&#8221;4.19.4&#8243; _module_preset=&#8221;default&#8221; global_colors_info=&#8221;{}&#8221; theme_builder_area=&#8221;post_content&#8221;][et_pb_image src=&#8221;https:\/\/digitalgovernance.unipv.it\/edizione-2\/wp-content\/uploads\/sites\/3\/2021\/09\/logo-GPDP.png&#8221; title_text=&#8221;Garante per la protezione dei dati personali&#8221; disabled_on=&#8221;off|off|off&#8221; _builder_version=&#8221;4.19.4&#8243; _module_preset=&#8221;c1a8a6ac-184f-487a-90ea-49a9285b3f2f&#8221; global_colors_info=&#8221;{}&#8221; theme_builder_area=&#8221;post_content&#8221;][\/et_pb_image][\/et_pb_column][et_pb_column type=&#8221;3_5&#8243; _builder_version=&#8221;4.19.4&#8243; _module_preset=&#8221;default&#8221; global_colors_info=&#8221;{}&#8221; theme_builder_area=&#8221;post_content&#8221;][et_pb_cta title=&#8221;Garante per la protezione dei dati personali&#8221; button_url=&#8221;https:\/\/www.garanteprivacy.it\/&#8221; url_new_window=&#8221;on&#8221; button_text=&#8221;Visita il sito&#8221; _builder_version=&#8221;4.19.4&#8243; _module_preset=&#8221;3e8dcb47-6f8c-4542-bce7-544ef7d4ffa4&#8243; global_colors_info=&#8221;{}&#8221; theme_builder_area=&#8221;post_content&#8221;]<\/p>\n<p>Il Garante per la protezione dei dati personali \u00e8 un&#8217;autorit\u00e0 amministrativa indipendente istituita dalla cosiddetta legge sulla privacy (legge 31 dicembre 1996, n. 675), poi disciplinata dal Codice in materia di protezione dei dati personali (d.lg. 30 giugno 2003 n. 196), come modificato dal Decreto legislativo 10 agosto 2018, n. 101. Quest\u2019ultimo ha confermato che il Garante \u00e8 l\u2019autorit\u00e0 di controllo designata anche ai fini dell\u2019attuazione del Regolamento generale sulla protezione dei dati personali (UE) 2016\/679 (art. 51).<\/p>\n<p>&nbsp;<\/p>\n<p>[\/et_pb_cta][\/et_pb_column][\/et_pb_row][et_pb_row column_structure=&#8221;2_5,3_5&#8243; admin_label=&#8221;Fondazione Romagnosi: scuola di governo locale&#8221; _builder_version=&#8221;4.19.4&#8243; _module_preset=&#8221;5644f18a-5e3a-4989-a117-6c377695320d&#8221; global_colors_info=&#8221;{}&#8221; theme_builder_area=&#8221;post_content&#8221;][et_pb_column type=&#8221;2_5&#8243; _builder_version=&#8221;4.19.4&#8243; _module_preset=&#8221;default&#8221; global_colors_info=&#8221;{}&#8221; theme_builder_area=&#8221;post_content&#8221;][et_pb_image src=&#8221;https:\/\/digitalgovernance.unipv.it\/edizione-2\/wp-content\/uploads\/sites\/3\/2023\/02\/logo_romagnosi_2023.png&#8221; alt=&#8221;Fondazione Romagnosi &#8211; Scuola di governo locale&#8221; title_text=&#8221;Fondazione Romagnosi &#8211; Scuola di governo locale&#8221; _builder_version=&#8221;4.19.4&#8243; _module_preset=&#8221;c1a8a6ac-184f-487a-90ea-49a9285b3f2f&#8221; global_colors_info=&#8221;{}&#8221; theme_builder_area=&#8221;post_content&#8221;][\/et_pb_image][\/et_pb_column][et_pb_column type=&#8221;3_5&#8243; _builder_version=&#8221;4.19.4&#8243; _module_preset=&#8221;default&#8221; global_colors_info=&#8221;{}&#8221; theme_builder_area=&#8221;post_content&#8221;][et_pb_cta title=&#8221;Fondazione Romagnosi: scuola di governo locale&#8221; button_url=&#8221;http:\/\/www.fondazioneromagnosi.it\/fondazione-romagnosi-scuola-governo-locale.php&#8221; url_new_window=&#8221;on&#8221; button_text=&#8221;Visita il sito&#8221; _builder_version=&#8221;4.19.4&#8243; _module_preset=&#8221;3e8dcb47-6f8c-4542-bce7-544ef7d4ffa4&#8243; global_colors_info=&#8221;{}&#8221; theme_builder_area=&#8221;post_content&#8221;]<\/p>\n<p>La Fondazione Romagnosi, istituita nel 2003 da Universit\u00e0 degli Studi di Pavia, Comune di Pavia e Provincia di Pavia, sotto la Prima Presidenza del Professor Fabio Rugge, intende promuovere e diffondere una cultura innovativa del governo locale e della sua amministrazione.<\/p>\n<p>[\/et_pb_cta][\/et_pb_column][\/et_pb_row][\/et_pb_section][et_pb_section fb_built=&#8221;1&#8243; _builder_version=&#8221;4.19.4&#8243; _module_preset=&#8221;default&#8221; global_colors_info=&#8221;{}&#8221; theme_builder_area=&#8221;post_content&#8221;][et_pb_row _builder_version=&#8221;4.19.4&#8243; _module_preset=&#8221;d783c9cb-e1b0-47c4-bd86-f980460272c5&#8243; global_colors_info=&#8221;{}&#8221; theme_builder_area=&#8221;post_content&#8221;][et_pb_column type=&#8221;4_4&#8243; _builder_version=&#8221;4.19.4&#8243; _module_preset=&#8221;default&#8221; global_colors_info=&#8221;{}&#8221; theme_builder_area=&#8221;post_content&#8221;][et_pb_cta title=&#8221;Convezioni&#8221; _builder_version=&#8221;4.19.4&#8243; _module_preset=&#8221;default&#8221; background_color=&#8221;#0059B3&#8243; custom_padding=&#8221;||1em||false|false&#8221; global_colors_info=&#8221;{}&#8221; theme_builder_area=&#8221;post_content&#8221;][\/et_pb_cta][\/et_pb_column][\/et_pb_row][\/et_pb_section][et_pb_section fb_built=&#8221;1&#8243; admin_label=&#8221;Convenzioni&#8221; _builder_version=&#8221;4.19.4&#8243; _module_preset=&#8221;default&#8221; global_module=&#8221;4275&#8243; saved_tabs=&#8221;all&#8221; collapsed=&#8221;off&#8221; global_colors_info=&#8221;{}&#8221; theme_builder_area=&#8221;post_content&#8221;][et_pb_row column_structure=&#8221;2_5,3_5&#8243; admin_label=&#8221;T\u00dcV Th\u00fcringen Ttalia&#8221; _builder_version=&#8221;4.19.4&#8243; _module_preset=&#8221;5644f18a-5e3a-4989-a117-6c377695320d&#8221; collapsed=&#8221;on&#8221; global_colors_info=&#8221;{}&#8221; theme_builder_area=&#8221;post_content&#8221;][et_pb_column type=&#8221;2_5&#8243; _builder_version=&#8221;4.19.4&#8243; _module_preset=&#8221;default&#8221; global_colors_info=&#8221;{}&#8221; theme_builder_area=&#8221;post_content&#8221;][et_pb_image src=&#8221;https:\/\/digitalgovernance.unipv.it\/edizione-2\/wp-content\/uploads\/sites\/3\/2023\/02\/TUV-Thuringen-Italia.png&#8221; alt=&#8221;Associazione Lega dei Comuni&#8221; title_text=&#8221;TUV-Thuringen Italia&#8221; align=&#8221;center&#8221; _builder_version=&#8221;4.19.4&#8243; _module_preset=&#8221;c1a8a6ac-184f-487a-90ea-49a9285b3f2f&#8221; global_colors_info=&#8221;{}&#8221; theme_builder_area=&#8221;post_content&#8221;][\/et_pb_image][\/et_pb_column][et_pb_column type=&#8221;3_5&#8243; _builder_version=&#8221;4.19.4&#8243; _module_preset=&#8221;default&#8221; global_colors_info=&#8221;{}&#8221; theme_builder_area=&#8221;post_content&#8221;][et_pb_cta title=&#8221;T\u00dcV Th\u00fcringen Italia&#8221; button_url=&#8221;https:\/\/tuv-thuringen.it\/&#8221; url_new_window=&#8221;on&#8221; button_text=&#8221;Visita il sito&#8221; _builder_version=&#8221;4.19.4&#8243; _module_preset=&#8221;3e8dcb47-6f8c-4542-bce7-544ef7d4ffa4&#8243; global_colors_info=&#8221;{}&#8221; theme_builder_area=&#8221;post_content&#8221;]<\/p>\n<p>T\u00dcV Thuringen e.V., assieme a T\u00dcV Thuringen Italia S.r.l., \u00e8 un ente indipendente di certificazione<\/p>\n<p>T\u00dcV Th\u00fcringen e.V. nasce pi\u00f9 di un secolo fa nella Germania centrale, e ha sede a Erfurt in Turingia. L\u2019azienda, che dopo la riunificazione tedesca \u00e8 stata ufficialmente riconosciuta come organizzazione per i sistemi di gestione e la verifica dei prodotti, dal 1993 ha cominciato a espandere il proprio raggio d\u2019azione e l\u2019internazionalizzazione del business ha contribuito a una forte crescita delle sue attivit\u00e0 all\u2019estero e all\u2019apertura di sedi in tutto il mondo.<\/p>\n<p>[\/et_pb_cta][\/et_pb_column][\/et_pb_row][et_pb_row column_structure=&#8221;2_5,3_5&#8243; admin_label=&#8221;PrivacyLab&#8221; _builder_version=&#8221;4.19.4&#8243; _module_preset=&#8221;5644f18a-5e3a-4989-a117-6c377695320d&#8221; collapsed=&#8221;on&#8221; global_colors_info=&#8221;{}&#8221; theme_builder_area=&#8221;post_content&#8221;][et_pb_column type=&#8221;2_5&#8243; _builder_version=&#8221;4.19.4&#8243; _module_preset=&#8221;default&#8221; global_colors_info=&#8221;{}&#8221; theme_builder_area=&#8221;post_content&#8221;][et_pb_image src=&#8221;https:\/\/digitalgovernance.unipv.it\/edizione-2\/wp-content\/uploads\/sites\/3\/2023\/02\/PrivacyLab.svg&#8221; alt=&#8221;PrivacyLab&#8221; title_text=&#8221;PrivacyLab&#8221; _builder_version=&#8221;4.19.4&#8243; _module_preset=&#8221;c1a8a6ac-184f-487a-90ea-49a9285b3f2f&#8221; global_colors_info=&#8221;{}&#8221; theme_builder_area=&#8221;post_content&#8221;][\/et_pb_image][\/et_pb_column][et_pb_column type=&#8221;3_5&#8243; _builder_version=&#8221;4.19.4&#8243; _module_preset=&#8221;default&#8221; global_colors_info=&#8221;{}&#8221; theme_builder_area=&#8221;post_content&#8221;][et_pb_cta title=&#8221;PrivacyLab&#8221; button_url=&#8221;https:\/\/www.privacylab.it\/&#8221; url_new_window=&#8221;on&#8221; button_text=&#8221;Visita il sito&#8221; _builder_version=&#8221;4.19.4&#8243; _module_preset=&#8221;3e8dcb47-6f8c-4542-bce7-544ef7d4ffa4&#8243; global_colors_info=&#8221;{}&#8221; theme_builder_area=&#8221;post_content&#8221;]<\/p>\n<p>PrivacyLab offre gli strumenti e i servizi completi per gestire quotidianamente gli adempimenti previsti dal Regolamento Europeo sulla privacy.Tutti gli aggiornamenti del software PrivacyLab GDPR, le novit\u00e0 sull&#8217;Academy e sugli eventi passano da qui.<\/p>\n<p>[\/et_pb_cta][\/et_pb_column][\/et_pb_row][et_pb_row column_structure=&#8221;2_5,3_5&#8243; admin_label=&#8221;Istituto Privacy&#8221; _builder_version=&#8221;4.19.4&#8243; _module_preset=&#8221;5644f18a-5e3a-4989-a117-6c377695320d&#8221; collapsed=&#8221;on&#8221; global_colors_info=&#8221;{}&#8221; theme_builder_area=&#8221;post_content&#8221;][et_pb_column type=&#8221;2_5&#8243; _builder_version=&#8221;4.19.4&#8243; _module_preset=&#8221;default&#8221; global_colors_info=&#8221;{}&#8221; theme_builder_area=&#8221;post_content&#8221;][et_pb_image src=&#8221;https:\/\/digitalgovernance.unipv.it\/edizione-2\/wp-content\/uploads\/sites\/3\/2023\/02\/Istituto-Italiano-per-la-Privacy-e-la-Valorizzazione-dei-Dati.jpg&#8221; alt=&#8221;Istituto Italiano per la Privacy e la Valorizzazione dei Dati&#8221; title_text=&#8221;Istituto Italiano per la Privacy e la Valorizzazione dei Dati&#8221; align=&#8221;center&#8221; _builder_version=&#8221;4.19.4&#8243; _module_preset=&#8221;c1a8a6ac-184f-487a-90ea-49a9285b3f2f&#8221; global_colors_info=&#8221;{}&#8221; theme_builder_area=&#8221;post_content&#8221;][\/et_pb_image][\/et_pb_column][et_pb_column type=&#8221;3_5&#8243; _builder_version=&#8221;4.19.4&#8243; _module_preset=&#8221;default&#8221; global_colors_info=&#8221;{}&#8221; theme_builder_area=&#8221;post_content&#8221;][et_pb_cta title=&#8221;Istituto Italiano per la Privacy e la Valorizzazione dei Dati&#8221; button_url=&#8221;https:\/\/www.istitutoitalianoprivacy.it\/&#8221; url_new_window=&#8221;on&#8221; button_text=&#8221;Visita il sito&#8221; _builder_version=&#8221;4.19.4&#8243; _module_preset=&#8221;3e8dcb47-6f8c-4542-bce7-544ef7d4ffa4&#8243; global_colors_info=&#8221;{}&#8221; theme_builder_area=&#8221;post_content&#8221;]<\/p>\n<p>L\u2019Istituto Italiano per la Privacy e la Valorizzazione dei Dati (IIP) \u00e8 un centro di studi e ricerche nato nel 2008, finanziato da soggetti privati (persone fisiche, associazioni, studi legali e aziende anche multinazionali) e dalla Commissione Europea (all\u2019interno del Programma Horizon2020 per i progetti PRIVACY FLAG, ANITA, NGIOT, PREVENT, PREVENT PCP), dedicato alle tematiche della protezione e della valorizzazione dei dati personali, dell\u2019informazione e dell\u2019identit\u00e0 nella societ\u00e0 globale dell\u2019ICT.<\/p>\n<p>[\/et_pb_cta][\/et_pb_column][\/et_pb_row][et_pb_row column_structure=&#8221;2_5,3_5&#8243; admin_label=&#8221;ANORC Professioni&#8221; _builder_version=&#8221;4.19.4&#8243; _module_preset=&#8221;5644f18a-5e3a-4989-a117-6c377695320d&#8221; collapsed=&#8221;on&#8221; global_colors_info=&#8221;{}&#8221; theme_builder_area=&#8221;post_content&#8221;][et_pb_column type=&#8221;2_5&#8243; _builder_version=&#8221;4.19.4&#8243; _module_preset=&#8221;default&#8221; global_colors_info=&#8221;{}&#8221; theme_builder_area=&#8221;post_content&#8221;][et_pb_image src=&#8221;https:\/\/digitalgovernance.unipv.it\/edizione-2\/wp-content\/uploads\/sites\/3\/2023\/02\/logo-anorc-professioni-e1675845529173.png&#8221; alt=&#8221;ANORC Professioni&#8221; title_text=&#8221;ANORC Professioni&#8221; align=&#8221;center&#8221; _builder_version=&#8221;4.19.4&#8243; _module_preset=&#8221;c1a8a6ac-184f-487a-90ea-49a9285b3f2f&#8221; global_colors_info=&#8221;{}&#8221; theme_builder_area=&#8221;post_content&#8221;][\/et_pb_image][\/et_pb_column][et_pb_column type=&#8221;3_5&#8243; _builder_version=&#8221;4.19.4&#8243; _module_preset=&#8221;default&#8221; global_colors_info=&#8221;{}&#8221; theme_builder_area=&#8221;post_content&#8221;][et_pb_cta title=&#8221;ANORC Professioni&#8221; button_url=&#8221;https:\/\/anorc.eu\/anorc-professioni\/&#8221; url_new_window=&#8221;on&#8221; button_text=&#8221;Visita il sito&#8221; _builder_version=&#8221;4.19.4&#8243; _module_preset=&#8221;3e8dcb47-6f8c-4542-bce7-544ef7d4ffa4&#8243; global_colors_info=&#8221;{}&#8221; theme_builder_area=&#8221;post_content&#8221;]<\/p>\n<p>ANORC si esprime in due associazioni no profit, ANORC Mercato, rappresentativa del mondo aziendale, e ANORC Professioni, punto di riferimento per i professionisti. ANORC Mercato e ANORC Professioni sono due associazioni impegnate nel campo della digitalizzazione e della protezione del patrimonio informativo e documentale in ambito pubblico e privato, promuovendo il dialogo istituzionale, la formazione e l\u2019aggiornamento professionale, l\u2019organizzazione di eventi, nonch\u00e9 lo sviluppo di attivit\u00e0 informative e di comunicazione del settore.<\/p>\n<p>[\/et_pb_cta][\/et_pb_column][\/et_pb_row][et_pb_row column_structure=&#8221;2_5,3_5&#8243; admin_label=&#8221;CSIG&#8221; _builder_version=&#8221;4.19.4&#8243; _module_preset=&#8221;5644f18a-5e3a-4989-a117-6c377695320d&#8221; collapsed=&#8221;on&#8221; global_colors_info=&#8221;{}&#8221; theme_builder_area=&#8221;post_content&#8221;][et_pb_column type=&#8221;2_5&#8243; _builder_version=&#8221;4.19.4&#8243; _module_preset=&#8221;default&#8221; global_colors_info=&#8221;{}&#8221; theme_builder_area=&#8221;post_content&#8221;][et_pb_image src=&#8221;https:\/\/digitalgovernance.unipv.it\/edizione-2\/wp-content\/uploads\/sites\/3\/2023\/02\/CSIG.jpg&#8221; alt=&#8221;Centro Studi Informatica Giuridica (CSIG) Ivrea-Torino&#8221; title_text=&#8221;Centro Studi Informatica Giuridica (CSIG) Ivrea-Torino&#8221; align=&#8221;center&#8221; _builder_version=&#8221;4.19.4&#8243; _module_preset=&#8221;c1a8a6ac-184f-487a-90ea-49a9285b3f2f&#8221; global_colors_info=&#8221;{}&#8221; theme_builder_area=&#8221;post_content&#8221;][\/et_pb_image][\/et_pb_column][et_pb_column type=&#8221;3_5&#8243; _builder_version=&#8221;4.19.4&#8243; _module_preset=&#8221;default&#8221; global_colors_info=&#8221;{}&#8221; theme_builder_area=&#8221;post_content&#8221;][et_pb_cta title=&#8221;Centro Studi di Informatica Giuridica Ivrea Torino&#8221; button_url=&#8221;http:\/\/www.csigivreatorino.it\/&#8221; url_new_window=&#8221;on&#8221; button_text=&#8221;Visita il sito&#8221; _builder_version=&#8221;4.19.4&#8243; _module_preset=&#8221;3e8dcb47-6f8c-4542-bce7-544ef7d4ffa4&#8243; global_colors_info=&#8221;{}&#8221; theme_builder_area=&#8221;post_content&#8221;]<\/p>\n<p>Il Centro Studi Informatica Giuridica di Ivrea-Torino \u00e8 un\u2019associazione interdisciplinare indipendente e senza scopo di lucro che promuove il confronto, il dibattito e la condivisione delle esperienze, con l\u2019obiettivo di individuare soluzioni in grado di migliorare la societ\u00e0 e di dare impulso allo sviluppo del quadro tecnologico e normativo del nostro Paese.<\/p>\n<p>L\u2019Associazione creata nel 2005 ad Ivrea (patria dell\u2019Olivetti) intende, in particolare, occuparsi del diritto applicato alle nuove tecnologie e aderisce alla rete CSIG Italia (20 associazioni sul territorio).<\/p>\n<p>[\/et_pb_cta][\/et_pb_column][\/et_pb_row][et_pb_row column_structure=&#8221;2_5,3_5&#8243; admin_label=&#8221;Lega dei Comuni&#8221; _builder_version=&#8221;4.19.4&#8243; _module_preset=&#8221;5644f18a-5e3a-4989-a117-6c377695320d&#8221; collapsed=&#8221;on&#8221; global_colors_info=&#8221;{}&#8221; theme_builder_area=&#8221;post_content&#8221;][et_pb_column type=&#8221;2_5&#8243; _builder_version=&#8221;4.19.4&#8243; _module_preset=&#8221;default&#8221; global_colors_info=&#8221;{}&#8221; theme_builder_area=&#8221;post_content&#8221;][et_pb_image src=&#8221;https:\/\/digitalgovernance.unipv.it\/edizione-2\/wp-content\/uploads\/sites\/3\/2023\/02\/Logo-Lega.png&#8221; alt=&#8221;Associazione Lega dei Comuni&#8221; title_text=&#8221;Associazione Lega dei Comuni&#8221; _builder_version=&#8221;4.19.4&#8243; _module_preset=&#8221;c1a8a6ac-184f-487a-90ea-49a9285b3f2f&#8221; global_colors_info=&#8221;{}&#8221; theme_builder_area=&#8221;post_content&#8221;][\/et_pb_image][\/et_pb_column][et_pb_column type=&#8221;3_5&#8243; _builder_version=&#8221;4.19.4&#8243; _module_preset=&#8221;default&#8221; global_colors_info=&#8221;{}&#8221; theme_builder_area=&#8221;post_content&#8221;][et_pb_cta title=&#8221;Lega dei Comuni&#8221; button_url=&#8221;https:\/\/legadeicomuni.it\/&#8221; url_new_window=&#8221;on&#8221; button_text=&#8221;Visita il sito&#8221; _builder_version=&#8221;4.19.4&#8243; _module_preset=&#8221;3e8dcb47-6f8c-4542-bce7-544ef7d4ffa4&#8243; global_colors_info=&#8221;{}&#8221; theme_builder_area=&#8221;post_content&#8221;]<\/p>\n<p>L\u2019Associazione \u201cLEGA DEI COMUNI\u201d ha come fine statutario [articolo 2 dello Statuto] \u00abl\u2019assistenza tecnico-giuridica ed amministrativa, la promozione di iniziative culturali, di incontri e convegni su materie specifiche anche attraverso corsi formativi e mediante la pubblicazione di opuscoli e bollettini informativi, a favore degli Enti Locali\u00bb.<\/p>\n<p>[\/et_pb_cta][\/et_pb_column][\/et_pb_row][\/et_pb_section]<\/p>\n","protected":false},"excerpt":{"rendered":"<p>Il Dipartimento di Scienze Politiche e Sociali, gi\u00e0 Facolt\u00e0 di Scienze Politiche fondata nel 1926, \u00e8 una comunit\u00e0 scientifica multidisciplinare nella quale trovano posto campi di studio afferenti alle scienze politiche, alla filosofia politica, all\u2019economia, alle scienze statistiche, alla scienze storiche in tutte le loro declinazioni e agli studi di area e delle relazioni internazionali, [&hellip;]<\/p>\n","protected":false},"author":1,"featured_media":0,"parent":0,"menu_order":0,"comment_status":"closed","ping_status":"closed","template":"","meta":{"_et_pb_use_builder":"on","_et_pb_old_content":"","_et_gb_content_width":"","footnotes":""},"class_list":["post-4013","page","type-page","status-publish","hentry"],"_links":{"self":[{"href":"https:\/\/digitalgovernance.unipv.it\/edizione-2\/wp-json\/wp\/v2\/pages\/4013"}],"collection":[{"href":"https:\/\/digitalgovernance.unipv.it\/edizione-2\/wp-json\/wp\/v2\/pages"}],"about":[{"href":"https:\/\/digitalgovernance.unipv.it\/edizione-2\/wp-json\/wp\/v2\/types\/page"}],"author":[{"embeddable":true,"href":"https:\/\/digitalgovernance.unipv.it\/edizione-2\/wp-json\/wp\/v2\/users\/1"}],"replies":[{"embeddable":true,"href":"https:\/\/digitalgovernance.unipv.it\/edizione-2\/wp-json\/wp\/v2\/comments?post=4013"}],"version-history":[{"count":8,"href":"https:\/\/digitalgovernance.unipv.it\/edizione-2\/wp-json\/wp\/v2\/pages\/4013\/revisions"}],"predecessor-version":[{"id":4327,"href":"https:\/\/digitalgovernance.unipv.it\/edizione-2\/wp-json\/wp\/v2\/pages\/4013\/revisions\/4327"}],"wp:attachment":[{"href":"https:\/\/digitalgovernance.unipv.it\/edizione-2\/wp-json\/wp\/v2\/media?parent=4013"}],"curies":[{"name":"wp","href":"https:\/\/api.w.org\/{rel}","templated":true}]}}